{"id":5365,"date":"2019-06-11T14:11:01","date_gmt":"2019-06-11T14:11:01","guid":{"rendered":"https:\/\/rcrcconference.org\/about-4\/33rd-international-conference\/election-of-the-standing-commission-2019\/"},"modified":"2024-08-27T10:56:30","modified_gmt":"2024-08-27T10:56:30","slug":"election-of-the-standing-commission-2019","status":"publish","type":"page","link":"https:\/\/rcrcconference.org\/fr\/about-4\/33rd-international-conference\/election-of-the-standing-commission-2019\/","title":{"rendered":"\u00c9lection de la Commission permanente 2019"},"content":{"rendered":"\n<section class=\"wp-block-red-cross-block-red-cross-text-block about\"><div class=\"container\"><div class=\"about__inner\"><div class=\"about__title\"><h3>\u00c9lection des membres de la Commission permanente <\/h3><\/div><div class=\"about__content\">L\u2019\u00e9lection \u00e0 la Commission permanente a eu lieu le 11 d\u00e9cembre 2019, dans le cadre d\u2019une s\u00e9ance pl\u00e9ni\u00e8re de la Conf\u00e9rence internationale. Quatre membres ont \u00e9t\u00e9 \u00e9lus au premier tour de scrutin, et un second tour a \u00e9t\u00e9 organis\u00e9 pour \u00e9lire le cinqui\u00e8me membre. Les cinq membres \u00e9lus pour un mandat de quatre ans jusqu\u2019\u00e0 la Conf\u00e9rence internationale de 2023 sont\u00a0:<br\/><br\/>&#8211; Mme Mercedes Bab\u00e9, Croix-Rouge espagnole <br\/>&#8211; M. George Weber, Soci\u00e9t\u00e9 canadienne de la Croix-Rouge <br\/>&#8211; M. Abbas Gullet, Croix-Rouge du Kenya <br\/>&#8211; M. Hilal Al-Sayer, Croissant-Rouge du Kowe\u00eft <br\/> &#8211; Mme Fine Tu\u2019itupou Arnold, Soci\u00e9t\u00e9 de la Croix-Rouge des \u00celes Cook <br\/><br\/>La premi\u00e8re r\u00e9union de la Commission permanente, qui a \u00e9t\u00e9 pr\u00e9sid\u00e9e par Mme Natia Loladze, pr\u00e9sidente de la XXXIII<sup>e <\/sup>Conf\u00e9rence internationale, s\u2019est tenue imm\u00e9diatement apr\u00e8s l\u2019\u00e9lection. Les neuf membres de la Commission permanente \u2013 cinq membres \u00e9lus, deux repr\u00e9sentants du CICR et deux repr\u00e9sentants de la F\u00e9d\u00e9ration internationale \u2013 ont d\u00e9cid\u00e9 ensemble que Mercedes Bab\u00e9 en assumerait la pr\u00e9sidence et George Weber, la vice-pr\u00e9sidence.  <\/div><\/div><\/div><\/section>\n","protected":false},"excerpt":{"rendered":"","protected":false},"author":1,"featured_media":4017,"parent":504,"menu_order":0,"comment_status":"closed","ping_status":"closed","template":"","meta":{"_acf_changed":false,"footnotes":""},"class_list":["post-5365","page","type-page","status-publish","has-post-thumbnail","hentry"],"acf":[],"_links":{"self":[{"href":"https:\/\/rcrcconference.org\/fr\/wp-json\/wp\/v2\/pages\/5365"}],"collection":[{"href":"https:\/\/rcrcconference.org\/fr\/wp-json\/wp\/v2\/pages"}],"about":[{"href":"https:\/\/rcrcconference.org\/fr\/wp-json\/wp\/v2\/types\/page"}],"author":[{"embeddable":true,"href":"https:\/\/rcrcconference.org\/fr\/wp-json\/wp\/v2\/users\/1"}],"replies":[{"embeddable":true,"href":"https:\/\/rcrcconference.org\/fr\/wp-json\/wp\/v2\/comments?post=5365"}],"version-history":[{"count":34,"href":"https:\/\/rcrcconference.org\/fr\/wp-json\/wp\/v2\/pages\/5365\/revisions"}],"predecessor-version":[{"id":28543,"href":"https:\/\/rcrcconference.org\/fr\/wp-json\/wp\/v2\/pages\/5365\/revisions\/28543"}],"up":[{"embeddable":true,"href":"https:\/\/rcrcconference.org\/fr\/wp-json\/wp\/v2\/pages\/504"}],"wp:featuredmedia":[{"embeddable":true,"href":"https:\/\/rcrcconference.org\/fr\/wp-json\/wp\/v2\/media\/4017"}],"wp:attachment":[{"href":"https:\/\/rcrcconference.org\/fr\/wp-json\/wp\/v2\/media?parent=5365"}],"curies":[{"name":"wp","href":"https:\/\/api.w.org\/{rel}","templated":true}]}}