{"id":4551,"date":"2019-05-29T09:15:14","date_gmt":"2019-05-29T09:15:14","guid":{"rendered":"https:\/\/rcrcconference.org\/home-page\/about-2\/2019-council-of-delegates\/themes-of-council-of-delegates-2019\/"},"modified":"2020-02-25T10:18:10","modified_gmt":"2020-02-25T10:18:10","slug":"themes-of-council-of-delegates-2019","status":"publish","type":"page","link":"https:\/\/rcrcconference.org\/fr\/about-2\/2019-council-of-delegates\/themes-of-council-of-delegates-2019\/","title":{"rendered":"Th\u00e8mes du Conseil des D\u00e9l\u00e9gu\u00e9s de 2019"},"content":{"rendered":"<section class=\"accordion-block\" style=\"background-color: #8C8C8C; color: #ffffff\" role=\"region\" aria-label=\"Pedges accordion block\">\n\t\t\t\t<ul class=\"accordion\">\n\t\t\t\t\t\t\t<li class=\"accordion__item\">\n\t\t\t\t\t<div class=\"accordion__title\" role=\"button\" aria-expanded=\"false\" aria-label=\"Redevabilit\u00e9 et int\u00e9grit\u00e9 \">\n\t\t\t\t\t\t<h3 class=\"accordion__title-h4\">Redevabilit\u00e9 et int\u00e9grit\u00e9 <\/h3>\n\t\t\t\t\t<\/div>\n\t\t\t\t\t<div class=\"accordion__content\" role=\"region\" hidden>\n\t\t\t\t\t\tLa redevabilit\u00e9 et l\u2019int\u00e9grit\u00e9 sont indissociables d\u2019une action humanitaire efficace et fond\u00e9e sur des principes. Le Mouvement s\u2019est donc employ\u00e9 \u00e0 renforcer sa position sur le plan de la redevabilit\u00e9 et de l\u2019int\u00e9grit\u00e9 dans plusieurs domaines cl\u00e9s de ses politiques et programmes. <br><br>Ces efforts se refl\u00e8tent dans plusieurs des r\u00e9solutions adopt\u00e9es par le Conseil des D\u00e9l\u00e9gu\u00e9s de 2019, ainsi que dans les sujets d\u00e9battus.<br><br>&#8211; R\u00e9solution 1, \u00ab\u00a0Engagements du Mouvement en mati\u00e8re d\u2019interaction avec les communaut\u00e9s et de redevabilit\u00e9\u00a0\u00bb<br>&#8211; R\u00e9solution 2, \u00ab\u00a0D\u00e9claration du Mouvement international de la Croix-Rouge et du Croissant-Rouge sur l\u2019int\u00e9grit\u00e9\u00a0\u00bb<br>&#8211; R\u00e9solution 3, \u00ab\u00a0Approche du Mouvement visant \u00e0 renforcer les bases statutaires et constitutives des Soci\u00e9t\u00e9s nationales et les cadres compl\u00e9mentaires tels que la Charte des volontaires\u00a0\u00bb<br>&#8211; Renforcer, au sein du Mouvement, les relations entre acteurs civils et militaires charg\u00e9s de la gestion des catastrophes \t\t\t\t\t<\/div>\n\t\t\t\t<\/li>\n\t\t\t\t\t\t\t<li class=\"accordion__item\">\n\t\t\t\t\t<div class=\"accordion__title\" role=\"button\" aria-expanded=\"false\" aria-label=\"R\u00e9pondre aux besoins et aux vuln\u00e9rabilit\u00e9s \">\n\t\t\t\t\t\t<h3 class=\"accordion__title-h4\">R\u00e9pondre aux besoins et aux vuln\u00e9rabilit\u00e9s <\/h3>\n\t\t\t\t\t<\/div>\n\t\t\t\t\t<div class=\"accordion__content\" role=\"region\" hidden>\n\t\t\t\t\t\tL\u2019une des principales missions du Mouvement consiste \u00e0 r\u00e9pondre aux besoins des personnes et des communaut\u00e9s touch\u00e9es par les conflits, les catastrophes et autres situations d\u2019urgence, ainsi qu\u2019aux diff\u00e9rents facteurs qui les rendent vuln\u00e9rables. Comme ces besoins et facteurs de risque \u00e9voluent constamment, nous devons adopter au sein du Mouvement les politiques et strat\u00e9gies n\u00e9cessaires pour nous assurer que notre action soit efficace et adapt\u00e9e aux r\u00e9alit\u00e9s du terrain.<br><br>Dans le cadre de la pr\u00e9paration du Conseil des D\u00e9l\u00e9gu\u00e9s de 2019, une dynamique s\u2019est cr\u00e9\u00e9e autour de quatre domaines cl\u00e9s, donnant lieu \u00e0 l\u2019adoption des r\u00e9solutions suivantes :<br>&#8211; R\u00e9solution\u00a05, \u00ab\u00a0Politique du Mouvement international de la Croix-Rouge et du Croissant-Rouge relative aux r\u00e9ponses \u00e0 apporter aux besoins en mati\u00e8re de sant\u00e9 mentale et de soutien psychosocial\u00a0\u00bb<br>&#8211; R\u00e9solution 6, \u00ab\u00a0R\u00e9tablissement des liens familiaux : Strat\u00e9gie 2020-2025 pour le Mouvement international de la Croix-Rouge et du Croissant-Rouge\u00a0\u00bb<br>&#8211; R\u00e9solution\u00a07, \u00ab\u00a0Renforcement de la mise en \u0153uvre de la Politique du Mouvement relative au d\u00e9placement interne\u00a0: dix ans apr\u00e8s\u00a0\u00bb<br>&#8211; R\u00e9solution\u00a09, \u00ab\u00a0Renforcement de la coordination et de la coop\u00e9ration au sein du Mouvement (RCCM 2.0)\u00a0\u00bb \t\t\t\t\t<\/div>\n\t\t\t\t<\/li>\n\t\t\t\t\t<\/ul>\n\t<\/section>\n","protected":false},"excerpt":{"rendered":"","protected":false},"author":1,"featured_media":4025,"parent":3949,"menu_order":0,"comment_status":"closed","ping_status":"closed","template":"","meta":{"_acf_changed":false,"footnotes":""},"class_list":["post-4551","page","type-page","status-publish","has-post-thumbnail","hentry"],"acf":[],"_links":{"self":[{"href":"https:\/\/rcrcconference.org\/fr\/wp-json\/wp\/v2\/pages\/4551"}],"collection":[{"href":"https:\/\/rcrcconference.org\/fr\/wp-json\/wp\/v2\/pages"}],"about":[{"href":"https:\/\/rcrcconference.org\/fr\/wp-json\/wp\/v2\/types\/page"}],"author":[{"embeddable":true,"href":"https:\/\/rcrcconference.org\/fr\/wp-json\/wp\/v2\/users\/1"}],"replies":[{"embeddable":true,"href":"https:\/\/rcrcconference.org\/fr\/wp-json\/wp\/v2\/comments?post=4551"}],"version-history":[{"count":7,"href":"https:\/\/rcrcconference.org\/fr\/wp-json\/wp\/v2\/pages\/4551\/revisions"}],"predecessor-version":[{"id":15537,"href":"https:\/\/rcrcconference.org\/fr\/wp-json\/wp\/v2\/pages\/4551\/revisions\/15537"}],"up":[{"embeddable":true,"href":"https:\/\/rcrcconference.org\/fr\/wp-json\/wp\/v2\/pages\/3949"}],"wp:featuredmedia":[{"embeddable":true,"href":"https:\/\/rcrcconference.org\/fr\/wp-json\/wp\/v2\/media\/4025"}],"wp:attachment":[{"href":"https:\/\/rcrcconference.org\/fr\/wp-json\/wp\/v2\/media?parent=4551"}],"curies":[{"name":"wp","href":"https:\/\/api.w.org\/{rel}","templated":true}]}}