{"id":4351,"date":"2019-05-07T12:26:38","date_gmt":"2019-05-07T12:26:38","guid":{"rendered":"https:\/\/rcrcconference.org\/22nd-ifrc-general-assembly\/"},"modified":"2019-12-23T15:32:43","modified_gmt":"2019-12-23T15:32:43","slug":"22nd-ifrc-general-assembly","status":"publish","type":"page","link":"https:\/\/rcrcconference.org\/fr\/22nd-ifrc-general-assembly\/","title":{"rendered":"Assembl\u00e9e g\u00e9n\u00e9rale de la F\u00e9d\u00e9ration internationale"},"content":{"rendered":"<section class=\"banner\" style=\"background-image: url('https:\/\/rcrcconference.org\/app\/uploads\/2019\/07\/Solferino19-002-e1562080250541.jpg');\">\n\t<div class=\"container\">\n\t\t<div class=\"banner__inner\">\n\t\t\t<span class=\"banner__subtitle\">5-7 d\u00e9cembre 2019 \u00e0 Gen\u00e8ve<\/span>\n\t\t\t<div class=\"banner__title\">\n\t\t\t\t<h1>Assembl\u00e9e g\u00e9n\u00e9rale de la F\u00e9d\u00e9ration internationale<\/h1>\n\t\t\t<\/div>\n\t\t\t\t\t<\/div>\n\t<\/div>\n<\/section>\n\n\n\n<div style=\"height:100px\" aria-hidden=\"true\" class=\"wp-block-spacer\"><\/div>\n\n\n<section class=\"accordion-block\" style=\"background-color: #8C8C8C; color: #ffffff\" role=\"region\" aria-label=\"Pedges accordion block\">\n\t\t\t<div class=\"accordion-block__title\" role=\"heading\" aria-level=\"3\">\n\t\t\t<h3>Assembl\u00e9e g\u00e9n\u00e9rale de la F\u00e9d\u00e9ration internationale<\/h3>\n\t\t<\/div>\n\t\t\t\t<ul class=\"accordion\">\n\t\t\t\t\t\t\t<li class=\"accordion__item\">\n\t\t\t\t\t<div class=\"accordion__title\" role=\"button\" aria-expanded=\"false\" aria-label=\"Bulletin quotidien \">\n\t\t\t\t\t\t<h3 class=\"accordion__title-h4\">Bulletin quotidien <\/h3>\n\t\t\t\t\t<\/div>\n\t\t\t\t\t<div class=\"accordion__content\" role=\"region\" hidden>\n\t\t\t\t\t\t\u2013 <strong><a rel=\"noreferrer noopener\" aria-label=\"D\u00e9cembre 5 (opens in a new tab)\" href=\"https:\/\/mailchi.mp\/a471e2a5f403\/daily-bulletin-5-december#French\" target=\"_blank\">5 d\u00e9cembre<\/a><\/strong><br>\u2013\u00a0 <strong><a rel=\"noreferrer noopener\" aria-label=\"D\u00e9cembre 6 (opens in a new tab)\" href=\"https:\/\/mailchi.mp\/dfac12de66e5\/daily-bulletin-6-december-1259445#French\" target=\"_blank\">6 d\u00e9cembre<\/a><\/strong><br>\u2013\u00a0 <strong><a rel=\"noreferrer noopener\" aria-label=\"D\u00e9cembre 7 (opens in a new tab)\" href=\"https:\/\/mailchi.mp\/5c86a42cda35\/daily-bulletin-6-december-1259449?e=9c04224b4d#French\" target=\"_blank\">7 d\u00e9cembre<\/a><\/strong><br>\u2013\u00a0 <a rel=\"noreferrer noopener\" aria-label=\"D\u00e9cembre 8  (opens in a new tab)\" href=\"https:\/\/mailchi.mp\/839ad82eee30\/daily-bulletin-8-december#French\" target=\"_blank\"><strong>8 d\u00e9cembre<\/strong><\/a><br>\u2013\u00a0 <a rel=\"noreferrer noopener\" aria-label=\"D\u00e9cembre 9   (opens in a new tab)\" href=\"https:\/\/mailchi.mp\/7206eec6e72d\/daily-bulletin-9-december-1259457?e=9c04224b4d#French\" target=\"_blank\"><strong>9 d\u00e9cembre<\/strong><\/a>\t\t\t\t\t<\/div>\n\t\t\t\t<\/li>\n\t\t\t\t\t<\/ul>\n\t<\/section>\n\n\n\n<div style=\"height:100px\" aria-hidden=\"true\" class=\"wp-block-spacer\"><\/div>\n\n\n\n<figure class=\"wp-block-embed-youtube aligncenter wp-block-embed is-type-video is-provider-youtube wp-embed-aspect-16-9 wp-has-aspect-ratio\"><div class=\"wp-block-embed__wrapper\">\n<iframe loading=\"lazy\" title=\"Joint Opening of the IFRC General Assembly and Red Cross Red Crescent Council of Delegates.\" width=\"500\" height=\"281\" src=\"https:\/\/www.youtube.com\/embed\/Vt_HzlDpLcw?feature=oembed\" frameborder=\"0\" allow=\"accelerometer; autoplay; clipboard-write; encrypted-media; gyroscope; picture-in-picture; web-share\" referrerpolicy=\"strict-origin-when-cross-origin\" allowfullscreen><\/iframe>\n<\/div><\/figure>\n\n\n\n<div class=\"wp-block-image\"><figure class=\"aligncenter\"><img loading=\"lazy\" decoding=\"async\" width=\"1024\" height=\"682\" src=\"https:\/\/rcrcconference.org\/app\/uploads\/2019\/06\/FR-International-conference-cover-002-1024x682.jpg\" alt=\"\" class=\"wp-image-4874\" srcset=\"https:\/\/rcrcconference.org\/app\/uploads\/2019\/06\/FR-International-conference-cover-002.jpg 1024w, https:\/\/rcrcconference.org\/app\/uploads\/2019\/06\/FR-International-conference-cover-002-300x200.jpg 300w, https:\/\/rcrcconference.org\/app\/uploads\/2019\/06\/FR-International-conference-cover-002-768x512.jpg 768w\" sizes=\"(max-width: 1024px) 100vw, 1024px\" \/><figcaption><strong> Des informations compl\u00e9mentaires sont disponibles <a href=\"https:\/\/future-rcrc.com\/fr\/\"><\/a><a href=\"https:\/\/future-rcrc.com\/\"><\/a>ici<\/strong><\/figcaption><\/figure><\/div>\n\n\n\n<div class=\"wp-block-image\"><figure class=\"aligncenter size-full is-resized\"><a href=\"https:\/\/rcrcconference.org\/app\/uploads\/2019\/12\/ConferenceGuide_27-Nov-CLEAN-FR.pdf\" target=\"_blank\" rel=\"noreferrer noopener\"><img loading=\"lazy\" decoding=\"async\" src=\"https:\/\/rcrcconference.org\/app\/uploads\/2019\/12\/conference-guide-FR.jpg\" alt=\"\" class=\"wp-image-13347\" width=\"577\" height=\"96\" srcset=\"https:\/\/rcrcconference.org\/app\/uploads\/2019\/12\/conference-guide-FR.jpg 1200w, https:\/\/rcrcconference.org\/app\/uploads\/2019\/12\/conference-guide-FR-300x50.jpg 300w, https:\/\/rcrcconference.org\/app\/uploads\/2019\/12\/conference-guide-FR-1024x171.jpg 1024w, https:\/\/rcrcconference.org\/app\/uploads\/2019\/12\/conference-guide-FR-768x128.jpg 768w\" sizes=\"(max-width: 577px) 100vw, 577px\" \/><\/a><\/figure><\/div>\n\n\n\n<p><\/p>\n\n\n\n<div style=\"height:100px\" aria-hidden=\"true\" class=\"wp-block-spacer\"><\/div>\n\n\n<section class=\"accordion-block\" style=\"background-color: #8C8C8C; color: #ffffff\" role=\"region\" aria-label=\"Pedges accordion block\">\n\t\t\t\t<ul class=\"accordion\">\n\t\t\t\t\t\t\t<li class=\"accordion__item\">\n\t\t\t\t\t<div class=\"accordion__title\" role=\"button\" aria-expanded=\"false\" aria-label=\"Qu\u2019est-ce que l\u2019Assembl\u00e9e g\u00e9n\u00e9rale de la F\u00e9d\u00e9ration internationale ?\">\n\t\t\t\t\t\t<h3 class=\"accordion__title-h4\">Qu\u2019est-ce que l\u2019Assembl\u00e9e g\u00e9n\u00e9rale de la F\u00e9d\u00e9ration internationale ?<\/h3>\n\t\t\t\t\t<\/div>\n\t\t\t\t\t<div class=\"accordion__content\" role=\"region\" hidden>\n\t\t\t\t\t\tLes Statuts de la F\u00e9d\u00e9ration internationale des Soci\u00e9t\u00e9s de la Croix-Rouge et du Croissant-Rouge (F\u00e9d\u00e9ration internationale) \u00e9tablissent l\u2019Assembl\u00e9e g\u00e9n\u00e9rale en tant qu\u2019organe supr\u00eame de gouvernance de l\u2019organisation, qui en arr\u00eate la vision et la strat\u00e9gie, et d\u00e9finit les politiques g\u00e9n\u00e9rales qui r\u00e9gissent la F\u00e9d\u00e9ration internationale et les Soci\u00e9t\u00e9s nationales de la Croix-Rouge et du Croissant-Rouge (Soci\u00e9t\u00e9s nationales). L\u2019Assembl\u00e9e g\u00e9n\u00e9rale, \u00e0 laquelle participent des d\u00e9l\u00e9gu\u00e9s issus des 191 Soci\u00e9t\u00e9s nationales, se r\u00e9unit tous les deux ans pour approuver les \u00e9l\u00e9ments de politique g\u00e9n\u00e9rale de la F\u00e9d\u00e9ration internationale. \t\t\t\t\t<\/div>\n\t\t\t\t<\/li>\n\t\t\t\t\t\t\t<li class=\"accordion__item\">\n\t\t\t\t\t<div class=\"accordion__title\" role=\"button\" aria-expanded=\"false\" aria-label=\"Quel est l\u2019objet de l\u2019Assembl\u00e9e g\u00e9n\u00e9rale de 2019 ?\">\n\t\t\t\t\t\t<h3 class=\"accordion__title-h4\">Quel est l\u2019objet de l\u2019Assembl\u00e9e g\u00e9n\u00e9rale de 2019 ?<\/h3>\n\t\t\t\t\t<\/div>\n\t\t\t\t\t<div class=\"accordion__content\" role=\"region\" hidden>\n\t\t\t\t\t\tL\u2019Assembl\u00e9e g\u00e9n\u00e9rale de 2019 offrira aux Soci\u00e9t\u00e9s nationales une tribune pour affirmer leur ambition collective pour la prochaine d\u00e9cennie. Il s\u2019agira :<br> \u2022  d\u2019approuver et d\u2019adopter la Strat\u00e9gie 2030 ; et<br> \u2022  de donner aux Soci\u00e9t\u00e9s nationales des id\u00e9es sur les moyens de mettre en \u0153uvre la Strat\u00e9gie 2030.<br> \u2022  Pour la premi\u00e8re fois dans l\u2019histoire de la F\u00e9d\u00e9ration internationale, les jeunes volontaires \u00e9liront directement les membres de la Commission de la jeunesse, ainsi que son pr\u00e9sident, lequel est membre du Conseil de direction.\t\t\t\t\t<\/div>\n\t\t\t\t<\/li>\n\t\t\t\t\t\t\t<li class=\"accordion__item\">\n\t\t\t\t\t<div class=\"accordion__title\" role=\"button\" aria-expanded=\"false\" aria-label=\"Qu\u2019en attendre et comment contribuer ?\">\n\t\t\t\t\t\t<h3 class=\"accordion__title-h4\">Qu\u2019en attendre et comment contribuer ?<\/h3>\n\t\t\t\t\t<\/div>\n\t\t\t\t\t<div class=\"accordion__content\" role=\"region\" hidden>\n\t\t\t\t\t\t \u2022 <strong>D\u00e9lais statutaires<\/strong><br>           4 juillet 2019 : envoi de la convocation et de l&rsquo;ordre du jour provisoire<br>           26 octobre 2019 : envoi des documents officiels<br> \u2022 <strong>Consultation sur le contenu<\/strong> <strong>et calendrier<\/strong><br>           Janvier 2019 &#8211; 11 avril 2019 : consultation sur le projet d\u2019ordre du jour provisoire<br>           Le secr\u00e9taire g\u00e9n\u00e9ral incorporera les contributions des Soci\u00e9t\u00e9s nationales dans l\u2019ordre du jour qu\u2019il soumettra pour approbation \u00e0 la 39<sup>e<\/sup> session du Conseil de direction (1-3 mai 2019)  \t\t\t\t\t<\/div>\n\t\t\t\t<\/li>\n\t\t\t\t\t\t\t<li class=\"accordion__item\">\n\t\t\t\t\t<div class=\"accordion__title\" role=\"button\" aria-expanded=\"false\" aria-label=\"Qui participe \u00e0 l\u2019Assembl\u00e9e g\u00e9n\u00e9rale ?\">\n\t\t\t\t\t\t<h3 class=\"accordion__title-h4\">Qui participe \u00e0 l\u2019Assembl\u00e9e g\u00e9n\u00e9rale ?<\/h3>\n\t\t\t\t\t<\/div>\n\t\t\t\t\t<div class=\"accordion__content\" role=\"region\" hidden>\n\t\t\t\t\t\tSeuls les membres de la F\u00e9d\u00e9ration internationale, \u00e0 savoir toutes les Soci\u00e9t\u00e9s nationales de la Croix-Rouge et du Croissant-Rouge, participent \u00e0 l\u2019Assembl\u00e9e g\u00e9n\u00e9rale. Chacune des d\u00e9l\u00e9gations dispose des m\u00eames droits sous la forme d\u2019une voix unique.\t\t\t\t\t<\/div>\n\t\t\t\t<\/li>\n\t\t\t\t\t\t\t<li class=\"accordion__item\">\n\t\t\t\t\t<div class=\"accordion__title\" role=\"button\" aria-expanded=\"false\" aria-label=\"Quand et o\u00f9 l\u2019Assembl\u00e9e g\u00e9n\u00e9rale aura-t-elle lieu ?\">\n\t\t\t\t\t\t<h3 class=\"accordion__title-h4\">Quand et o\u00f9 l\u2019Assembl\u00e9e g\u00e9n\u00e9rale aura-t-elle lieu ?<\/h3>\n\t\t\t\t\t<\/div>\n\t\t\t\t\t<div class=\"accordion__content\" role=\"region\" hidden>\n\t\t\t\t\t\tL\u2019Assembl\u00e9e g\u00e9n\u00e9rale se r\u00e9unit tous les deux ans. Les ann\u00e9es de Conf\u00e9rence internationale, elle se tient au m\u00eame lieu que celle-ci, \u00e0 Gen\u00e8ve. Les autres ann\u00e9es, elle se tient \u00e0 des endroits diff\u00e9rents, g\u00e9n\u00e9ralement dans le pays de la Soci\u00e9t\u00e9 nationale qui en est l\u2019h\u00f4te. \t\t\t\t\t<\/div>\n\t\t\t\t<\/li>\n\t\t\t\t\t<\/ul>\n\t<\/section>\n\n\n\n<div style=\"height:100px\" aria-hidden=\"true\" class=\"wp-block-spacer\"><\/div>\n","protected":false},"excerpt":{"rendered":"","protected":false},"author":1,"featured_media":379,"parent":0,"menu_order":0,"comment_status":"closed","ping_status":"closed","template":"front-page.php","meta":{"_acf_changed":false,"footnotes":""},"class_list":["post-4351","page","type-page","status-publish","has-post-thumbnail","hentry"],"acf":[],"_links":{"self":[{"href":"https:\/\/rcrcconference.org\/fr\/wp-json\/wp\/v2\/pages\/4351"}],"collection":[{"href":"https:\/\/rcrcconference.org\/fr\/wp-json\/wp\/v2\/pages"}],"about":[{"href":"https:\/\/rcrcconference.org\/fr\/wp-json\/wp\/v2\/types\/page"}],"author":[{"embeddable":true,"href":"https:\/\/rcrcconference.org\/fr\/wp-json\/wp\/v2\/users\/1"}],"replies":[{"embeddable":true,"href":"https:\/\/rcrcconference.org\/fr\/wp-json\/wp\/v2\/comments?post=4351"}],"version-history":[{"count":25,"href":"https:\/\/rcrcconference.org\/fr\/wp-json\/wp\/v2\/pages\/4351\/revisions"}],"predecessor-version":[{"id":15211,"href":"https:\/\/rcrcconference.org\/fr\/wp-json\/wp\/v2\/pages\/4351\/revisions\/15211"}],"wp:featuredmedia":[{"embeddable":true,"href":"https:\/\/rcrcconference.org\/fr\/wp-json\/wp\/v2\/media\/379"}],"wp:attachment":[{"href":"https:\/\/rcrcconference.org\/fr\/wp-json\/wp\/v2\/media?parent=4351"}],"curies":[{"name":"wp","href":"https:\/\/api.w.org\/{rel}","templated":true}]}}