{"id":29720,"date":"2024-09-17T15:39:33","date_gmt":"2024-09-17T15:39:33","guid":{"rendered":"https:\/\/rcrcconference.org\/?page_id=29720"},"modified":"2024-10-25T13:25:43","modified_gmt":"2024-10-25T13:25:43","slug":"manifestations-paralleles","status":"publish","type":"page","link":"https:\/\/rcrcconference.org\/fr\/manifestations-paralleles\/","title":{"rendered":"Manifestations parall\u00e8les"},"content":{"rendered":"\n<p>\u00c9v\u00e9nements \u00e0 petite \u00e9chelle qui ne font pas partie de l\u2019ordre du jour formel de la Conf\u00e9rence, les manifestations parall\u00e8les peuvent notamment prendre la forme d\u2019ateliers, de d\u00e9bats ou de tables rondes. Elles compl\u00e8tent les travaux officiels en offrant aux participants un cadre pour avoir des \u00e9changes informels, d\u00e9velopper leur r\u00e9seau, pr\u00e9senter des exemples de r\u00e9ussites dans le domaine humanitaire, tester des id\u00e9es, trouver de nouveaux partenaires et apprendre et s\u2019inspirer les uns des autres.<\/p>\n\n\n\n<div style=\"height:38px\" aria-hidden=\"true\" class=\"wp-block-spacer\"><\/div>\n\n\n<section class=\"accordion-block\" style=\"; \" role=\"region\" aria-label=\"Pedges accordion block\">\n\t\t\t\t<ul class=\"accordion\">\n\t\t\t\t\t\t\t<li class=\"accordion__item\">\n\t\t\t\t\t<div class=\"accordion__title\" role=\"button\" aria-expanded=\"false\" aria-label=\"S\u2019aider des donn\u00e9es probantes pour g\u00e9rer l\u2019incertitude : renforcer l\u2019impact humanitaire par le biais de la recherche\">\n\t\t\t\t\t\t<h3 class=\"accordion__title-h4\">S\u2019aider des donn\u00e9es probantes pour g\u00e9rer l\u2019incertitude : renforcer l\u2019impact humanitaire par le biais de la recherche<\/h3>\n\t\t\t\t\t<\/div>\n\t\t\t\t\t<div class=\"accordion__content\" role=\"region\" hidden>\n\t\t\t\t\t\t<strong>Date:<\/strong> Lundi 28 octobre<br><strong>Heure:<\/strong> 14h00 &#8211; 15h00<br><strong>Lieu:<\/strong> Salle E-F (CICG)<br><strong>Langue:<\/strong> Anglais, Fran\u00e7ais, Espagnol, Arabe<br><br>H\u00f4tes<br><br>Description\t\t\t\t\t<\/div>\n\t\t\t\t<\/li>\n\t\t\t\t\t\t\t<li class=\"accordion__item\">\n\t\t\t\t\t<div class=\"accordion__title\" role=\"button\" aria-expanded=\"false\" aria-label=\"Le respect du DIH et du DIDH comme outil visant \u00e0 pr\u00e9venir et combattre la violence sexuelle et sexiste dans le cadre des conflits arm\u00e9s et d\u2019autres situations de violence\">\n\t\t\t\t\t\t<h3 class=\"accordion__title-h4\">Le respect du DIH et du DIDH comme outil visant \u00e0 pr\u00e9venir et combattre la violence sexuelle et sexiste dans le cadre des conflits arm\u00e9s et d\u2019autres situations de violence<\/h3>\n\t\t\t\t\t<\/div>\n\t\t\t\t\t<div class=\"accordion__content\" role=\"region\" hidden>\n\t\t\t\t\t\t<strong>Date: <\/strong>Lundi 28 octobre<br><strong>Heure:<\/strong> 14h00 &#8211; 15h00<br><strong>Lieu:<\/strong> Salle 3 (CICG)<br><strong>Langue:<\/strong> Anglais, Fran\u00e7ais<br><br><strong>H\u00f4tes<\/strong><br>Commission europ\u00e9enne (direction g\u00e9n\u00e9rale ECHO)<br>CEDEAO <br><br><strong>Description<\/strong><br>La violence sexuelle li\u00e9e aux conflits d\u00e9signe tout acte de nature sexuelle commis contre toute personne en recourant ou en mena\u00e7ant de recourir \u00e0 la force et\/ou \u00e0 la contrainte, dans le cadre d\u2019un conflit ou d\u2019une autre situation de violence. Bien que la violence sexuelle li\u00e9e aux conflits soit interdite en vertu du droit international humanitaire (DIH), du droit international des droits de l\u2019homme (DIDH) et du droit p\u00e9nal international, elle continue de se produire \u2013 avec des cons\u00e9quences d\u00e9sastreuses pour les victimes \u2013 et reste souvent impunie.<br>\u00a0<br>Cette manifestation parall\u00e8le permettra d\u2019examiner les mesures prises pour lutter contre la violence sexuelle li\u00e9e aux conflits en Afrique de l\u2019Ouest et les difficult\u00e9s rencontr\u00e9es en la mati\u00e8re. Les discussions porteront \u00e9galement sur la fa\u00e7on de mieux prot\u00e9ger les populations touch\u00e9es, de renforcer les m\u00e9canismes de responsabilit\u00e9 et de signalement, d\u2019encourager la collaboration dans la gestion des incidents et de s\u2019assurer que les survivants re\u00e7oivent une aide sans discrimination.<br>\u00a0<br>La Commission europ\u00e9enne et la CEDEAO organisent conjointement cet \u00e9v\u00e9nement, qui mettra en \u00e9vidence le dialogue humanitaire actuel entre les deux organisations et rassemblera des partenaires sp\u00e9cialis\u00e9s dans la lutte contre la violence sexuelle et sexiste.\t\t\t\t\t<\/div>\n\t\t\t\t<\/li>\n\t\t\t\t\t\t\t<li class=\"accordion__item\">\n\t\t\t\t\t<div class=\"accordion__title\" role=\"button\" aria-expanded=\"false\" aria-label=\"Renforcer le respect des embl\u00e8mes dans les conflits arm\u00e9s\">\n\t\t\t\t\t\t<h3 class=\"accordion__title-h4\">Renforcer le respect des embl\u00e8mes dans les conflits arm\u00e9s<\/h3>\n\t\t\t\t\t<\/div>\n\t\t\t\t\t<div class=\"accordion__content\" role=\"region\" hidden>\n\t\t\t\t\t\t<strong>Date:<\/strong> Lundi 28 octobre<br><strong>Heure: <\/strong>14h00 &#8211; 15h00<br><strong>Lieu:<\/strong> Salle 4 (CICG)<br><strong>Langue:<\/strong> Anglais, Espagnol, Arabe<br><br><strong>H\u00f4tes<\/strong><br>Comit\u00e9 international de la Croix-Rouge (CICR)<br>Croix-Rouge britannique<br>Croix-Rouge de Norv\u00e8ge<br>Soci\u00e9t\u00e9 de la Croix-Rouge d&rsquo;Ukraine<br>Soci\u00e9t\u00e9 du Croissant-Rouge de Bahre\u00efn<br>Croissant-Rouge de l&rsquo;Irak<br>Minist\u00e8re espagnol des Affaires \u00e9trang\u00e8res <br>D\u00e9partement f\u00e9d\u00e9ral suisse des affaires \u00e9trang\u00e8res<br><br><strong>Description<\/strong><br>Le CICR, avec le soutien du D\u00e9partement f\u00e9d\u00e9ral suisse des affaires \u00e9trang\u00e8res et de la Croix-Rouge de Norv\u00e8ge, a r\u00e9cemment command\u00e9 deux \u00e9tudes sur les r\u00e8gles et les pratiques relatives \u00e0 l&rsquo;usage des embl\u00e8mes et d&rsquo;autres signes et symboles indiquant des soins de sant\u00e9. Une r\u00e9union avec des experts a eu lieu en juin 2024 pour d\u00e9battre de leurs conclusions et sugg\u00e9rer des recommandations concernant les politiques. Cette manifestation parall\u00e8le pr\u00e9sentera une vue d&rsquo;ensemble des recherches compl\u00e8tes men\u00e9es sur ce sujet, ainsi que des recommandations des experts en mati\u00e8re de politique. Des exemples concrets seront pr\u00e9sent\u00e9s par des Soci\u00e9t\u00e9s nationales de la Croix-Rouge et du Croissant-Rouge au sujet de bonnes pratiques aux niveaux national et transfrontalier pour promouvoir la bonne utilisation et faire face aux usages abusifs des embl\u00e8mes distinctifs et autres signes r\u00e9glement\u00e9s indiquant des soins de sant\u00e9. La manifestation a pour but d\u2019informer les \u00c9tats et de les encourager \u00e0 revoir et am\u00e9liorer leur l\u00e9gislation, leurs politiques et leurs pratiques, pour garantir la r\u00e9glementation de l&rsquo;usage des embl\u00e8mes distinctifs et s\u2019assurer que les proc\u00e9dures de demande d&rsquo;autorisation d\u2019utilisation de ces embl\u00e8mes, signes et signaux sont connues et accessibles. Il s\u2019agira d\u2019encourager les Soci\u00e9t\u00e9s nationales \u00e0 coop\u00e9rer avec leurs autorit\u00e9s respectives sur ces questions, ainsi qu\u2019au sein du Mouvement international de la Croix-Rouge et du Croissant-Rouge afin d&rsquo;\u00e9changer autour de bonnes pratiques et de les renforcer. Enfin, la manifestation sera l&rsquo;occasion de demander aux \u00c9tats et \u00e0 d&rsquo;autres acteurs de r\u00e9affirmer leurs engagements juridiques \u00e0 l&rsquo;\u00e9gard des embl\u00e8mes, qui constituent un moyen essentiel de prot\u00e9ger les soins de sant\u00e9.\t\t\t\t\t<\/div>\n\t\t\t\t<\/li>\n\t\t\t\t\t\t\t<li class=\"accordion__item\">\n\t\t\t\t\t<div class=\"accordion__title\" role=\"button\" aria-expanded=\"false\" aria-label=\"Assurer la bonne prise en charge des personnes d\u00e9c\u00e9d\u00e9es dans les situations d\u2019urgence\">\n\t\t\t\t\t\t<h3 class=\"accordion__title-h4\">Assurer la bonne prise en charge des personnes d\u00e9c\u00e9d\u00e9es dans les situations d\u2019urgence<\/h3>\n\t\t\t\t\t<\/div>\n\t\t\t\t\t<div class=\"accordion__content\" role=\"region\" hidden>\n\t\t\t\t\t\t<strong>Date: <\/strong>Lundi 28 octobre<br><strong>Heure:<\/strong> 14h00 -15h00<br><strong>Lieu: <\/strong>Salle Gen\u00e8ve (CCV) <br><strong>Langue:<\/strong> Anglais, Fran\u00e7ais, Espagnol, Arabe<br><br><strong>H\u00f4tes<\/strong><br>CICR<br>F\u00e9d\u00e9ration internationale<br><br><strong>Description<\/strong><br>La prise en charge des personnes d\u00e9funtes est une partie essentielle et complexe de toute intervention humanitaire, qu\u2019elle fasse suite \u00e0 un conflit, \u00e0 une catastrophe naturelle, \u00e0 une \u00e9pid\u00e9mie ou \u00e0 d\u2019autres circonstances ayant entra\u00een\u00e9 la mort de nombreuses personnes. Cette prise en charge implique de rechercher, de r\u00e9cup\u00e9rer, de transporter, de stocker, d\u2019analyser, d\u2019identifier et d\u2019\u00e9liminer les d\u00e9pouilles (en l\u2019occurrence par le biais d\u2019inhumations en toute s\u00e9curit\u00e9 et dans la dignit\u00e9). Les membres du Mouvement international de la Croix-Rouge et du Croissant-Rouge (Mouvement) peuvent \u00eatre mandat\u00e9s pour soutenir les \u00c9tats dans ces processus. Cependant, la mauvaise gestion de ces d\u00e9pouilles par les volontaires, du fait d\u2019un manque d\u2019\u00e9quipements adapt\u00e9s, de formation ou d\u2019instructions claires, peut avoir de graves cons\u00e9quences juridiques et psychologiques pour eux-m\u00eames, ainsi que pour les familles et les communaut\u00e9s.<br>Cette manifestation, organis\u00e9e par le <a href=\"https:\/\/www.icrc.org\/en\/what-we-do\/humanitarian-forensics#:~:text=Humanitarian%20forensic%20action%20is%20the,science%20for%20exclusively%20humanitarian%20purposes.\">CICR<\/a> et par la <a href=\"https:\/\/www.ifrc.org\/our-work\/health-and-care\/emergency-health\">F\u00e9d\u00e9ration internationale<\/a>, avec le soutien de l\u2019<a href=\"https:\/\/missingpersons.icrc.org\/global-alliance\">Alliance mondiale pour les disparus<\/a>, sera l\u2019occasion d\u2019aborder les mandats du Mouvement en mati\u00e8re de prise en charge des personnes d\u00e9funtes dans les sc\u00e9narios d\u2019urgence et qui provoquent de nombreux d\u00e9c\u00e8s. Des intervenants du Comit\u00e9 international de la Croix-Rouge (CICR), de la F\u00e9d\u00e9ration internationale des Soci\u00e9t\u00e9s de la Croix-Rouge et du Croissant-Rouge (F\u00e9d\u00e9ration internationale), de l\u2019Alliance mondiale pour les disparus et de diff\u00e9rentes Soci\u00e9t\u00e9s nationales de la Croix-Rouge et du Croissant-Rouge partageront leur exp\u00e9rience et leurs bonnes pratiques, et mettront en lumi\u00e8re des moyens de prendre en charge les d\u00e9pouilles avec dignit\u00e9 et respect pour les communaut\u00e9s, ainsi que de limiter le nombre de dossiers de personnes disparues \u00e0 long terme et de pr\u00e9venir la morbidit\u00e9 et la mortalit\u00e9.\t\t\t\t\t<\/div>\n\t\t\t\t<\/li>\n\t\t\t\t\t\t\t<li class=\"accordion__item\">\n\t\t\t\t\t<div class=\"accordion__title\" role=\"button\" aria-expanded=\"false\" aria-label=\"La responsabilit\u00e9 des humanitaires \u00e0 l\u2019heure des technologies : appliquer les Principes fondamentaux aux nouvelles r\u00e9alit\u00e9s\">\n\t\t\t\t\t\t<h3 class=\"accordion__title-h4\">La responsabilit\u00e9 des humanitaires \u00e0 l\u2019heure des technologies : appliquer les Principes fondamentaux aux nouvelles r\u00e9alit\u00e9s<\/h3>\n\t\t\t\t\t<\/div>\n\t\t\t\t\t<div class=\"accordion__content\" role=\"region\" hidden>\n\t\t\t\t\t\t<strong>Date:<\/strong> Lundi 28 octobre<br><strong>Heure:<\/strong> 15h30-16h30<br><strong>Lieu: <\/strong>Salle E-F (CICG)<br><strong>Langue: <\/strong>Anglais, Fran\u00e7ais, Espagnol, Arabe<br><br>H\u00f4tes<br><br>Description\t\t\t\t\t<\/div>\n\t\t\t\t<\/li>\n\t\t\t\t\t\t\t<li class=\"accordion__item\">\n\t\t\t\t\t<div class=\"accordion__title\" role=\"button\" aria-expanded=\"false\" aria-label=\"Surmonter les difficult\u00e9s en renfor\u00e7ant l\u2019impact du lien entre action humanitaire, d\u00e9veloppement et paix \u00e0 travers les partenariats\">\n\t\t\t\t\t\t<h3 class=\"accordion__title-h4\">Surmonter les difficult\u00e9s en renfor\u00e7ant l\u2019impact du lien entre action humanitaire, d\u00e9veloppement et paix \u00e0 travers les partenariats<\/h3>\n\t\t\t\t\t<\/div>\n\t\t\t\t\t<div class=\"accordion__content\" role=\"region\" hidden>\n\t\t\t\t\t\t<strong>Date: <\/strong>Lundi 28 octobre<br><strong>Heure:<\/strong> 15h30-16h30<br><strong>Lieu: <\/strong>Salle 3 (CICG)<br><strong>Langue:<\/strong> Anglais, Fran\u00e7ais, Arabe<br><br><strong>H\u00f4tes<\/strong><br>Comit\u00e9 international de la Croix-Rouge (CICR) <br>Banque africaine de d\u00e9veloppement (BAfD)<br><br><strong>Description<\/strong><br>En Afrique, les crises se multiplient\u00a0: conflits prolong\u00e9s, probl\u00e8mes \u00e9conomiques, changement climatique et autres aggravent encore la situation humanitaire et les effets sur les plus vuln\u00e9rables, viennent menacer les progr\u00e8s enregistr\u00e9s en mati\u00e8re de d\u00e9veloppement et creusent l\u2019\u00e9cart entre ce que les populations peuvent obtenir et ce dont elles ont besoin ou ce qu\u2019elles veulent. La XXXIV<sup>e<\/sup>\u00a0conf\u00e9rence internationale intervient au moment crucial o\u00f9 le fait de renforcer les partenariats peut influencer l\u2019action humanitaire, favoriser l\u2019obtention de r\u00e9sultats durables et renforcer les moyens d\u2019action des acteurs locaux.\u00a0<br>\u00a0<br>Cette table ronde offre un cadre de discussion aux composantes du Mouvement international de la Croix-Rouge et du Croissant-Rouge, aux repr\u00e9sentants des gouvernements, aux partenaires et aux observateurs afin qu\u2019ils puissent \u00e9changer leurs vues, leur exp\u00e9rience et leurs recommandations visant \u00e0 redonner espoir et dignit\u00e9 aux personnes vivant dans des contextes fragiles et des zones touch\u00e9es par les conflits. Les discussions porteront sur les points suivants\u00a0:<br>\u00a0&#8211; rester mobilis\u00e9s dans des environnements instables en r\u00e9pondant aux besoins humanitaires, en renfor\u00e7ant la r\u00e9silience et en att\u00e9nuant les risques d\u2019importants de reculs de d\u00e9veloppement\u00a0;<br>&#8211; prolonger et renforcer les effets dans le cadre de strat\u00e9gies de sortie responsables\u00a0;<br>&#8211; promouvoir le respect du droit international humanitaire, qui constitue une premi\u00e8re \u00e9tape sur le chemin vers la paix.<br>\u00a0<br>Le Comit\u00e9 international de la Croix-Rouge et la Banque africaine de d\u00e9veloppement organisent conjointement cet \u00e9v\u00e9nement. Par ce partenariat, les deux institutions reconnaissent le lien existant entre les initiatives humanitaires et celles relatives \u00e0 la paix et au d\u00e9veloppement, et s\u2019engagent \u00e0 progresser dans des domaines comme la pr\u00e9vention des conflits, l\u2019adaptation climatique, la s\u00e9curit\u00e9 alimentaire et l\u2019acc\u00e8s \u00e0 l\u2019eau, la mobilisation du secteur priv\u00e9 et l\u2019int\u00e9gration sociale dans des contextes fragiles et touch\u00e9s par des conflits.\t\t\t\t\t<\/div>\n\t\t\t\t<\/li>\n\t\t\t\t\t\t\t<li class=\"accordion__item\">\n\t\t\t\t\t<div class=\"accordion__title\" role=\"button\" aria-expanded=\"false\" aria-label=\"Approches centr\u00e9es sur les communaut\u00e9s pour aider les personnes atteintes de maladies non transmissibles dans les situations humanitaires : lacunes, priorit\u00e9s et appel \u00e0 l\u2019action\">\n\t\t\t\t\t\t<h3 class=\"accordion__title-h4\">Approches centr\u00e9es sur les communaut\u00e9s pour aider les personnes atteintes de maladies non transmissibles dans les situations humanitaires : lacunes, priorit\u00e9s et appel \u00e0 l\u2019action<\/h3>\n\t\t\t\t\t<\/div>\n\t\t\t\t\t<div class=\"accordion__content\" role=\"region\" hidden>\n\t\t\t\t\t\t<strong>Date:<\/strong> Lundi 28 octobre<br><strong>Heure: <\/strong>15h30-16h30<br><strong>Lieu:<\/strong> Salle Gen\u00e8ve (CCV)<br><strong>Langue:<\/strong> Anglais, Fran\u00e7ais, Espagnol, Arabe<br><br>H\u00f4tes<br><br>Description\t\t\t\t\t<\/div>\n\t\t\t\t<\/li>\n\t\t\t\t\t\t\t<li class=\"accordion__item\">\n\t\t\t\t\t<div class=\"accordion__title\" role=\"button\" aria-expanded=\"false\" aria-label=\"Am\u00e9liorer la protection des personnes en cas de catastrophe : examen des perspectives, des pratiques et des cadres juridiques des diff\u00e9rentes parties prenantes\">\n\t\t\t\t\t\t<h3 class=\"accordion__title-h4\">Am\u00e9liorer la protection des personnes en cas de catastrophe : examen des perspectives, des pratiques et des cadres juridiques des diff\u00e9rentes parties prenantes<\/h3>\n\t\t\t\t\t<\/div>\n\t\t\t\t\t<div class=\"accordion__content\" role=\"region\" hidden>\n\t\t\t\t\t\t<strong>Date: <\/strong>Lundi 28 octobre<br><strong>Heure: <\/strong>15h30-16h30<br><strong>Lieu:<\/strong> Salle Lausanne (CCV)<br><strong>Langue:<\/strong> Anglais<br><br>H\u00f4tes<br><br>Description\t\t\t\t\t<\/div>\n\t\t\t\t<\/li>\n\t\t\t\t\t\t\t<li class=\"accordion__item\">\n\t\t\t\t\t<div class=\"accordion__title\" role=\"button\" aria-expanded=\"false\" aria-label=\"Le r\u00f4le r\u00e9gional de l\u2019\u00c9gypte dans le renforcement de l\u2019action humanitaire\">\n\t\t\t\t\t\t<h3 class=\"accordion__title-h4\">Le r\u00f4le r\u00e9gional de l\u2019\u00c9gypte dans le renforcement de l\u2019action humanitaire<\/h3>\n\t\t\t\t\t<\/div>\n\t\t\t\t\t<div class=\"accordion__content\" role=\"region\" hidden>\n\t\t\t\t\t\t<strong>Date:<\/strong> Lundi 28 octobre<br><strong>Heure:<\/strong> 15h30-16h30<br><strong>Lieu: <\/strong>Salle 4 (CICG)<br><strong>Langue: <\/strong>Anglais, Arabe<br><br>H\u00f4tes<br><br>Description\t\t\t\t\t<\/div>\n\t\t\t\t<\/li>\n\t\t\t\t\t\t\t<li class=\"accordion__item\">\n\t\t\t\t\t<div class=\"accordion__title\" role=\"button\" aria-expanded=\"false\" aria-label=\"Mise en \u0153uvre du droit international humanitaire au sein des forces arm\u00e9es\">\n\t\t\t\t\t\t<h3 class=\"accordion__title-h4\">Mise en \u0153uvre du droit international humanitaire au sein des forces arm\u00e9es<\/h3>\n\t\t\t\t\t<\/div>\n\t\t\t\t\t<div class=\"accordion__content\" role=\"region\" hidden>\n\t\t\t\t\t\t<strong>Date:<\/strong> Mardi 29 octobre<br><strong>Heure:<\/strong> 13h15-14h15<br><strong>Lieu: <\/strong>Salle 3 (CICG)<br><strong>Langue:<\/strong> Anglais, Fran\u00e7ais<br><br><strong>H\u00f4tes<\/strong><br>Danemark<br>\u00c9tats-Unis<br><br><strong>Description<\/strong><br>Le droit international humanitaire (DIH) ne peut \u00eatre appliqu\u00e9 sur le champ de bataille que si les forces arm\u00e9es prennent des mesures efficaces pour le mettre en \u0153uvre au cours de leurs op\u00e9rations, notamment en diffusant des informations et en organisant des formations sur le DIH, en s\u2019entourant de conseillers et en \u00e9tablissant des r\u00e8gles qui refl\u00e8tent les normes du DIH, en mettant en place des proc\u00e9dures de signalement et d\u2019enqu\u00eate, et en prenant des mesures correctives.<br>Dans le cadre de cet \u00e9v\u00e9nement, des experts militaires donneront un aper\u00e7u des mesures prises par les arm\u00e9es qu\u2019ils repr\u00e9sentent pour mettre en \u0153uvre le DIH dans le cadre de leurs op\u00e9rations, et souligneront les principaux d\u00e9fis \u00e0 relever et les bonnes pratiques en la mati\u00e8re. Les participants contribueront \u00e9galement \u00e0 mieux faire conna\u00eetre la fa\u00e7on dont les r\u00e8gles du DIH sont appliqu\u00e9es, des textes juridiques jusqu\u2019\u00e0 la conduite des forces arm\u00e9es pendant des op\u00e9rations militaires. Cet \u00e9v\u00e9nement sera aussi l\u2019occasion pour les experts militaires du DIH de tisser des relations et de continuer \u00e0 discuter des meilleures pratiques en mati\u00e8re de mise en \u0153uvre du DIH au-del\u00e0 de la XXXIV<sup>e<\/sup>\u00a0Conf\u00e9rence internationale.<br>Pour en savoir plus, veuillez consulter la page suivante (en anglais) : <a href=\"https:\/\/geneva.usmission.gov\/2024ihlevent\">https:\/\/geneva.usmission.gov\/2024ihlevent<\/a><br>L\u2019Argentine, l\u2019Australie, la France, les Pays-Bas, l&rsquo;Italie et Singapour parrainent notamment cet \u00e9v\u00e9nement.\t\t\t\t\t<\/div>\n\t\t\t\t<\/li>\n\t\t\t\t\t\t\t<li class=\"accordion__item\">\n\t\t\t\t\t<div class=\"accordion__title\" role=\"button\" aria-expanded=\"false\" aria-label=\"Action dirig\u00e9e au niveau local en faveur des personnes qui se d\u00e9placent dans le contexte d\u2019un climat changeant\">\n\t\t\t\t\t\t<h3 class=\"accordion__title-h4\">Action dirig\u00e9e au niveau local en faveur des personnes qui se d\u00e9placent dans le contexte d\u2019un climat changeant<\/h3>\n\t\t\t\t\t<\/div>\n\t\t\t\t\t<div class=\"accordion__content\" role=\"region\" hidden>\n\t\t\t\t\t\t<strong>Date:<\/strong> Mardi 29 octobre<br><strong>Heure:<\/strong> 13h15-14h15<br><strong>Lieu: <\/strong>Salle 4 (CICG)<br><strong>Langue:<\/strong> Anglais, Fran\u00e7ais, Espagnol, Arabe<br><br>H\u00f4tes<br><br>Description\t\t\t\t\t<\/div>\n\t\t\t\t<\/li>\n\t\t\t\t\t\t\t<li class=\"accordion__item\">\n\t\t\t\t\t<div class=\"accordion__title\" role=\"button\" aria-expanded=\"false\" aria-label=\"Le r\u00f4le d\u2019auxiliaire des Soci\u00e9t\u00e9s nationales au c\u0153ur des catastrophes\">\n\t\t\t\t\t\t<h3 class=\"accordion__title-h4\">Le r\u00f4le d\u2019auxiliaire des Soci\u00e9t\u00e9s nationales au c\u0153ur des catastrophes<\/h3>\n\t\t\t\t\t<\/div>\n\t\t\t\t\t<div class=\"accordion__content\" role=\"region\" hidden>\n\t\t\t\t\t\t<strong>Date: <\/strong>Mardi 29 octobre<br><strong>Heure: <\/strong>13h15-14h15<br><strong>Lieu: <\/strong>Salle Lausanne (CCV)<br><strong>Langue:<\/strong> Anglais<br><br>H\u00f4tes<br><br>Description\t\t\t\t\t<\/div>\n\t\t\t\t<\/li>\n\t\t\t\t\t\t\t<li class=\"accordion__item\">\n\t\t\t\t\t<div class=\"accordion__title\" role=\"button\" aria-expanded=\"false\" aria-label=\"Donn\u00e9es probantes, innovations et \u00e9ducation : bonnes pratiques pour construire une culture de respect du DIH \u00e0 travers les g\u00e9n\u00e9rations\">\n\t\t\t\t\t\t<h3 class=\"accordion__title-h4\">Donn\u00e9es probantes, innovations et \u00e9ducation : bonnes pratiques pour construire une culture de respect du DIH \u00e0 travers les g\u00e9n\u00e9rations<\/h3>\n\t\t\t\t\t<\/div>\n\t\t\t\t\t<div class=\"accordion__content\" role=\"region\" hidden>\n\t\t\t\t\t\t<strong>Date:<\/strong> Mardi 29 octobre<br><strong>Heure: <\/strong>13h15-14h15<br><strong>Lieu:<\/strong> Salle Nyon (CCV)<br><strong>Langue:<\/strong> Anglais<br><br><strong>H\u00f4tes<\/strong><br>Comit\u00e9 international de la Croix-Rouge (CICR)<br>F\u00e9d\u00e9ration internationale des Soci\u00e9t\u00e9s de la Croix-Rouge et du Croissant-Rouge (F\u00e9d\u00e9ration<br>internationale)<br>Croix-Rouge danoise<br>Soci\u00e9t\u00e9 canadienne de la Croix-Rouge<br>Croix-Rouge am\u00e9ricaine<br><br><strong>Parrain\u00a0: <\/strong>D\u00e9partement f\u00e9d\u00e9ral suisse des affaires \u00e9trang\u00e8res<br><br><strong>Description<\/strong><br>L\u2019opinion publique joue un r\u00f4le important dans la prise de d\u00e9cisions au cours d\u2019un conflit arm\u00e9. Il est donc essentiel d\u2019informer le grand public au sujet du droit international humanitaire (DIH), en particulier les jeunes, afin de contribuer \u00e0 garantir le respect du droit et de promouvoir la redevabilit\u00e9.<br>Pourtant, la polarisation actuelle concernant les conflits arm\u00e9s, la d\u00e9shumanisation des personnes touch\u00e9es par ces conflits et par d\u2019autres situations de violence et la d\u00e9sillusion au sujet du DIH appellent le Mouvement international de la Croix-Rouge et du Croissant-Rouge \u00e0 renouveler son engagement en faveur d\u2019une culture commune d\u2019humanit\u00e9 et de respect du DIH.<br>Cette manifestation parall\u00e8le part de l\u2019hypoth\u00e8se que l\u2019\u00e9ducation au sujet du droit international humanitaire et des principes et valeurs associ\u00e9s est essentielle pour r\u00e9aliser l\u2019objectif \u00e9nonc\u00e9 dans la r\u00e9solution \u00ab\u00a0Instaurer une culture universelle de respect du droit international humanitaire\u00a0\u00bb. Au moyen de t\u00e9moignages, de supports visuels et de d\u00e9bats, elle abordera les trois grands axes suivants\u00a0:<br><strong>DONN\u00c9ES PROBANTES\u00a0<\/strong>: Quelles sont les retomb\u00e9es de l\u2019\u00e9ducation au sujet du DIH, de ses principes et de ses valeurs\u00a0? Comment les mesurer\u00a0?<br><strong>INNOVATION\u00a0<\/strong>: Quels sont les produits et les processus de pointe pour l\u2019apprentissage en face \u00e0 face et virtuel\u00a0?<br><strong>BONNES PRATIQUES<\/strong>\u00a0: Comment encourager le partage de connaissances et les \u00e9changes, et comment encourager les publics cibles \u00e0 d\u00e9fendre le respect du DIH\u00a0?<br>La manifestation offrira l\u2019occasion de pr\u00e9senter des initiatives du monde entier\u00a0: le Concours Jean-Pictet, la campagne d\u2019action <em>IHL Youth Action Campaign<\/em>, les ressources interactives et p\u00e9dagogiques <em>If War Comes to You<\/em>, <em>Forced to Fight<\/em>, <em>Exploring Humanitarian Law<\/em> et <em>Project Humanity<\/em>, ou encore Les jeunes comme agents du changement de comportement, entre autres.\t\t\t\t\t<\/div>\n\t\t\t\t<\/li>\n\t\t\t\t\t\t\t<li class=\"accordion__item\">\n\t\t\t\t\t<div class=\"accordion__title\" role=\"button\" aria-expanded=\"false\" aria-label=\"De l\u2019engagement \u00e0 l\u2019impact : la sant\u00e9 mentale et le soutien psychosocial en action\">\n\t\t\t\t\t\t<h3 class=\"accordion__title-h4\">De l\u2019engagement \u00e0 l\u2019impact : la sant\u00e9 mentale et le soutien psychosocial en action<\/h3>\n\t\t\t\t\t<\/div>\n\t\t\t\t\t<div class=\"accordion__content\" role=\"region\" hidden>\n\t\t\t\t\t\t<strong>Date:<\/strong> Mardi 29 octobre<br><strong>Heure:<\/strong> 18h00-19h00<br><strong>Lieu: <\/strong>Salle Gen\u00e8ve (CCV)<br><strong>Langue: <\/strong>Anglais, Fran\u00e7ais, Espagnol, Arabe<br><br>Organisateur<br><br>Description\t\t\t\t\t<\/div>\n\t\t\t\t<\/li>\n\t\t\t\t\t\t\t<li class=\"accordion__item\">\n\t\t\t\t\t<div class=\"accordion__title\" role=\"button\" aria-expanded=\"false\" aria-label=\"Impact des conflits arm\u00e9s sur les enfants : pr\u00e9venir et g\u00e9rer les violations du DIH commises contre les enfants et r\u00e9pondre \u00e0 leurs besoins dans les situations de conflit\">\n\t\t\t\t\t\t<h3 class=\"accordion__title-h4\">Impact des conflits arm\u00e9s sur les enfants : pr\u00e9venir et g\u00e9rer les violations du DIH commises contre les enfants et r\u00e9pondre \u00e0 leurs besoins dans les situations de conflit<\/h3>\n\t\t\t\t\t<\/div>\n\t\t\t\t\t<div class=\"accordion__content\" role=\"region\" hidden>\n\t\t\t\t\t\t<strong>Date:<\/strong> Mardi 29 octobre<br><strong>Heure:<\/strong> 18h00-19h00<br><strong>Lieu:<\/strong> Salle 4 (CICG)<br><strong>Langue:<\/strong> Anglais, Fran\u00e7ais, Espagnol, Arabe<br><br><strong>H\u00f4tes<\/strong><br>Le Comit\u00e9 international de la Croix-Rouge<span lang=\"FR\"><\/span><br>La F\u00e9d\u00e9ration internationale des Soci\u00e9t\u00e9s de la Croix-Rouge et du Croissant-Rouge<span lang=\"FR\"><\/span><br>Le Minist\u00e8re des Affaires \u00e9trang\u00e8res et europ\u00e9ennes de la R\u00e9publique de Slov\u00e9nie<span lang=\"FR\"><\/span><br>La Mission permanente de la Belgique aupr\u00e8s de l\u2019Office des Nations Unies \u00e0 Gen\u00e8ve<span lang=\"FR\"><\/span><br>La Mission permanente de Malte aupr\u00e8s de l\u2019Office des Nations Unies \u00e0 Gen\u00e8ve<span lang=\"FR\"><\/span><br>La Mission permanente du Royaume du Maroc aupr\u00e8s de l\u2019Office des Nations Unies \u00e0 Gen\u00e8ve<span lang=\"FR\"><\/span><br>La Mission permanente de la Norv\u00e8ge aupr\u00e8s de l\u2019Office des Nations Unies \u00e0 Gen\u00e8ve<span lang=\"FR\"><\/span><br>Save the Children <br><br><strong>Description<\/strong><br>L\u2019\u00e9v\u00e9nement contribuera au th\u00e8me \u00ab\u00a0Promouvoir une culture de respect du droit international humanitaire (DIH) \u00e0 travers le monde\u00a0\u00bb.<br>\u00a0<br>Dans le monde, 468\u00a0millions d\u2019enfants vivent dans des zones de conflit arm\u00e9, soit environ 20% des 2,4\u00a0milliards d\u2019enfants que compte la plan\u00e8te, et ils sont souvent victimes de violations du DIH. Dans de nombreux conflits \u00e0 travers le monde, pr\u00e8s de la moiti\u00e9 des personnes touch\u00e9es sont des enfants.<br>\u00a0<br>L\u2019\u00e9v\u00e9nement soulignera l\u2019imp\u00e9ratif de prot\u00e9ger les civils, y\u00a0compris les enfants, dans les situations de conflit arm\u00e9, conform\u00e9ment au th\u00e8me g\u00e9n\u00e9ral de la Conf\u00e9rence. Il mettra l\u2019accent sur les enfants et sur la n\u00e9cessit\u00e9 urgente de pr\u00e9venir et d\u2019att\u00e9nuer les violations du DIH qui touchent les enfants dans les situations de conflit, notamment le recrutement et l\u2019utilisation d\u2019enfants soldats. L\u2019objectif est de sensibiliser le public aux cons\u00e9quences que les conflits arm\u00e9s ont sur les enfants, notamment dans les zones urbaines, et de promouvoir la mise en \u0153uvre de solutions concr\u00e8tes par les \u00c9tats et les acteurs humanitaires, y\u00a0compris le Mouvement international de la Croix-Rouge et du Croissant-Rouge. Alors que nous c\u00e9l\u00e9brons les 75\u00a0ans des Conventions de Gen\u00e8ve, cet \u00e9v\u00e9nement est l\u2019occasion d\u2019examiner comment le DIH prot\u00e8ge les enfants et de quelle mani\u00e8re les protections \u00e9tablies pour les enfants touch\u00e9s par les conflits arm\u00e9s sont compl\u00e9t\u00e9es par la Convention relative aux droits de l\u2019enfant (CDE) et ses protocoles facultatifs, ainsi que par des instruments politiques tels que la D\u00e9claration sur la s\u00e9curit\u00e9 dans les \u00e9coles, les Principes de Paris et les Principes de Vancouver.<br>\u00a0<br>L\u2019\u00e9v\u00e9nement portera \u00e9galement sur la r\u00e9adaptation et la r\u00e9insertion des enfants touch\u00e9s par les conflits arm\u00e9s, un processus long et complexe qui n\u00e9cessite une approche globale et un engagement \u00e0 long terme. Il soulignera le besoin urgent d\u2019une action collective de la part des \u00c9tats et de la communaut\u00e9 internationale pour privil\u00e9gier la r\u00e9adaptation des enfants touch\u00e9s, si possible dans leur propre environnement. Les buts vis\u00e9s sont les suivants\u00a0:<br>\u00a0&#8211; sensibiliser aux cons\u00e9quences des conflits arm\u00e9s sur les enfants, notamment le recrutement et l\u2019utilisation d\u2019enfants soldats\u00a0;<br>&#8211; \u00e9tudier les mesures de pr\u00e9vention et d\u2019intervention pour renforcer la protection des enfants dans les conflits arm\u00e9s\u00a0;<br>&#8211; exposer les dommages que la guerre cause sp\u00e9cifiquement aux enfants en milieu urbain\u00a0;<br>&#8211; pr\u00e9senter de nouvelles initiatives favorisant de mani\u00e8re holistique la r\u00e9adaptation et la r\u00e9insertion des enfants touch\u00e9s par les conflits arm\u00e9s\u00a0;<br>&#8211; formuler des recommandations en mati\u00e8re de politiques et de pratiques afin de mieux prot\u00e9ger les enfants dans les conflits arm\u00e9s et de promouvoir la r\u00e9adaptation et la r\u00e9insertion des enfants touch\u00e9s par les conflits arm\u00e9s.\t\t\t\t\t<\/div>\n\t\t\t\t<\/li>\n\t\t\t\t\t\t\t<li class=\"accordion__item\">\n\t\t\t\t\t<div class=\"accordion__title\" role=\"button\" aria-expanded=\"false\" aria-label=\"Protection des travailleurs humanitaires : point de vue local sur les d\u00e9fis li\u00e9s au devoir de protection et \u00e0 la gestion des incidents\">\n\t\t\t\t\t\t<h3 class=\"accordion__title-h4\">Protection des travailleurs humanitaires : point de vue local sur les d\u00e9fis li\u00e9s au devoir de protection et \u00e0 la gestion des incidents<\/h3>\n\t\t\t\t\t<\/div>\n\t\t\t\t\t<div class=\"accordion__content\" role=\"region\" hidden>\n\t\t\t\t\t\t<strong>Date: <\/strong>Mardi 29 octobre<br><strong>Heure:<\/strong> 18h00-19h00<br><strong>Lieu: <\/strong>Salle Lausanne (CCV)<br><strong>Langue:<\/strong> Anglais<br><br><strong>Organisateurs<\/strong><br>Union europ\u00e9enne<br>F\u00e9d\u00e9ration internationale<br>Protect Aid Workers<span style=\"font-size:11.5pt;\nfont-family:&quot;Segoe UI&quot;,sans-serif;color:#212121;mso-ansi-language:FR-CH\"><\/span><br><br><strong>Description<\/strong><br>Ces derni\u00e8res ann\u00e9es, il est devenu plus dangereux de fournir une aide humanitaire, avec des niveaux de violence alarmants qui viennent s\u2019ajouter aux probl\u00e8mes de s\u00e9curit\u00e9, de s\u00fbret\u00e9, de bien-\u00eatre et d\u2019acc\u00e8s d\u00e9j\u00e0 existants. Les travailleurs locaux et nationaux qui \u0153uvrent en premi\u00e8re ligne sont les plus expos\u00e9s \u00e0 ces risques\u00a0: ils repr\u00e9sentent 80 \u00e0 90% des personnes touch\u00e9es par des incidents graves.<br>\u00a0<br>Cette discussion mettra en lumi\u00e8re les exp\u00e9riences des travailleurs humanitaires afin de mieux comprendre leurs besoins, et s\u2019int\u00e9ressera aux d\u00e9fis en mati\u00e8re de protection auxquels est confront\u00e9 le personnel local en particulier. L\u2019accent sera mis sur le devoir de protection et la gestion des incidents.<br>\u00a0<br>L\u2019un des organisateurs de cette manifestation est <a href=\"file:\/\/\/P:\/RESTRICTED\/C3\/4.%20GEO%20&amp;%20COUNTRIES\/Regional%20programmes\/12.%20Thematic%20issues\/PAW\/1.%20One%20Pager_Protect%20Aid%20Workers.pdf\">Protect Aid Workers<\/a>, un nouveau m\u00e9canisme de r\u00e9ponse rapide pilot\u00e9 par un groupe d\u2019ONG et financ\u00e9 par l\u2019Union europ\u00e9enne. Il apporte un soutien aux humanitaires travaillant pour des ONG nationales ou internationales qui ont \u00e9t\u00e9 victimes d\u2019incidents graves ou qui sont menac\u00e9s en raison de leur engagement humanitaire.\t\t\t\t\t<\/div>\n\t\t\t\t<\/li>\n\t\t\t\t\t\t\t<li class=\"accordion__item\">\n\t\t\t\t\t<div class=\"accordion__title\" role=\"button\" aria-expanded=\"false\" aria-label=\"G\u00e9rer l\u2019incertitude : l\u2019importance de l\u2019\u00e9tablissement des faits en droit international humanitaire\">\n\t\t\t\t\t\t<h3 class=\"accordion__title-h4\">G\u00e9rer l\u2019incertitude : l\u2019importance de l\u2019\u00e9tablissement des faits en droit international humanitaire<\/h3>\n\t\t\t\t\t<\/div>\n\t\t\t\t\t<div class=\"accordion__content\" role=\"region\" hidden>\n\t\t\t\t\t\t<strong>Date:<\/strong> Mercredi 30 octobre<br><strong>Heure: <\/strong>12h15-13h15<br><strong>Lieu:<\/strong> Salle 3 (CICG)<br><strong>Langue:<\/strong> Anglais, Fran\u00e7ais<br><br><strong>Organisateurs<\/strong><br>Commission internationale humanitaire d\u2019\u00e9tablissement des faits<br>Chili<br>Allemagne<br>Pologne<br><br><strong>Description<\/strong><br>Dans les conflits arm\u00e9s, l\u2019utilisation de la d\u00e9sinformation, des techniques de guerre de l\u2019information et des deep fakes a eu pour effet d\u2019accro\u00eetre l\u2019incertitude entourant les faits et les violations du droit international humanitaire (DIH). Ce droit pr\u00e9voit certains m\u00e9canismes, bien que peu nombreux, pour \u00e9tablir les faits et renforcer le respect du DIH, comme la Commission internationale humanitaire d\u2019\u00e9tablissement des faits (CIHEF). Si ces m\u00e9canismes n\u2019ont pas \u00e9t\u00e9 pleinement efficaces dans la pratique, cela s\u2019explique en partie par un manque d\u2019ancrage institutionnel. Le fonctionnement de la CIHEF d\u00e9pend encore principalement des \u00c9tats qui ont reconnu sa comp\u00e9tence. Elle a ainsi non seulement contribu\u00e9 \u00e0 des \u00e9changes bilat\u00e9raux avec les gouvernements, mais aussi offert ses bons offices afin de promouvoir une attitude de respect du DIH. En 2017, la <a>CIHEF <\/a>a men\u00e9 sa premi\u00e8re mission \u00e0 la demande de l\u2019Organisation pour la s\u00e9curit\u00e9 et la coop\u00e9ration en Europe, et elle pr\u00eate actuellement ses bons offices \u00e0 la R\u00e9publique de Pologne concernant un incident survenu dans la bande de Gaza.<br>Cette manifestation parall\u00e8le s\u2019attachera \u00e0 r\u00e9duire le d\u00e9calage per\u00e7u entre le recours aux m\u00e9canismes institutionnels de protection des droits de l\u2019homme pour faire appliquer le DIH, notamment au Conseil des droits de l\u2019homme, et le mandat de la CIHEF en tant qu\u2019organisme sp\u00e9cialis\u00e9 pour le r\u00e8glement des diff\u00e9rends. Les discussions auront pour objet de d\u00e9terminer comment les capacit\u00e9s des nombreuses commissions et missions d\u2019\u00e9tablissement des faits, d\u2019une part, et l\u2019expertise de la CIHEF en mati\u00e8re de DIH, d\u2019autre part, pourraient \u00eatre mises mutuellement \u00e0 profit. Il s\u2019agira aussi d\u2019illustrer la compl\u00e9mentarit\u00e9 de la CIHEF avec d\u2019autres organes, tels que les commissions d\u2019enqu\u00eate des Nations Unies, en tenant compte de leurs comp\u00e9tences, leurs m\u00e9thodes de travail et leurs objectifs respectifs.\t\t\t\t\t<\/div>\n\t\t\t\t<\/li>\n\t\t\t\t\t\t\t<li class=\"accordion__item\">\n\t\t\t\t\t<div class=\"accordion__title\" role=\"button\" aria-expanded=\"false\" aria-label=\"Renforcer la protection des enfants dans et par l\u2019\u00e9ducation\">\n\t\t\t\t\t\t<h3 class=\"accordion__title-h4\">Renforcer la protection des enfants dans et par l\u2019\u00e9ducation<\/h3>\n\t\t\t\t\t<\/div>\n\t\t\t\t\t<div class=\"accordion__content\" role=\"region\" hidden>\n\t\t\t\t\t\t<strong>Date:<\/strong> Mercredi 30 octobre<br><strong>Heure: <\/strong>12h15-13h15<br><strong>Lieu:<\/strong> Salle 4 (CICG)<br><strong>Langue:<\/strong> Anglais, Fran\u00e7ais, Espagnol, Arabe<br><br>Organisateur<br><br>Description\t\t\t\t\t<\/div>\n\t\t\t\t<\/li>\n\t\t\t\t\t\t\t<li class=\"accordion__item\">\n\t\t\t\t\t<div class=\"accordion__title\" role=\"button\" aria-expanded=\"false\" aria-label=\"Le co\u00fbt humain de la perturbation des services par satellite\">\n\t\t\t\t\t\t<h3 class=\"accordion__title-h4\">Le co\u00fbt humain de la perturbation des services par satellite<\/h3>\n\t\t\t\t\t<\/div>\n\t\t\t\t\t<div class=\"accordion__content\" role=\"region\" hidden>\n\t\t\t\t\t\t<strong>Date:<\/strong> Mercredi 30 octobre<br><strong>Heure: <\/strong>12h15-13h15<br><strong>Lieu: <\/strong>Salle Lausanne (CCV)<br><strong>Langue:<\/strong> Anglais<br><br><strong>Organisateurs<\/strong><br>Comit\u00e9 international de la Croix-Rouge (CICR)<br>Croix-Rouge des Tonga<br>Croix-Rouge Fran\u00e7aise <span lang=\"FR\"><\/span><br><br><strong>Description<\/strong><br>Cette manifestation parall\u00e8le explorera les cons\u00e9quences que la perturbation des services par satellite peut avoir sur les civils et les op\u00e9rations humanitaires. Elle sera l&rsquo;occasion de d\u00e9montrer le r\u00f4le indispensable que les syst\u00e8mes spatiaux jouent aujourd&rsquo;hui, et de montrer comment les acteurs humanitaires tels que le Mouvement international de la Croix-Rouge et du Croissant-Rouge s&rsquo;appuient sur les services spatiaux \u2013 en particulier la navigation, les communications, l&rsquo;imagerie par satellite et les pr\u00e9visions m\u00e9t\u00e9orologiques \u2013 pour mener des op\u00e9rations de secours humanitaires.<br>Les syst\u00e8mes spatiaux continuent de gagner en importance dans les op\u00e9rations militaires \u2013 en d\u00e9pit du souhait et de l\u2019engagement \u00e0 long terme de la communaut\u00e9 internationale d&rsquo;explorer et d\u2019utiliser l&rsquo;espace \u00e0 des fins pacifiques \u2013 et la probabilit\u00e9 que ces syst\u00e8mes soient cibl\u00e9s dans le cadre de conflits arm\u00e9s augmente. La perturbation, l&rsquo;endommagement physique ou la destruction des syst\u00e8mes spatiaux qui soutiennent des services civils essentiels peuvent avoir de lourdes cons\u00e9quences pour les civils et les organisations humanitaires.<br>Cette manifestation parall\u00e8le aura pour but d&rsquo;aborder la fa\u00e7on dont l&rsquo;approche humanitaire du Mouvement pourrait contribuer \u00e0 prot\u00e9ger les services spatiaux essentiels utilis\u00e9s par les civils et les organisations humanitaires. Il s\u2019agira \u00e9galement de r\u00e9fl\u00e9chir aux moyens de limiter les risques de dommages pour les civils d\u00e9coulant de la perturbation des services spatiaux et de faire en sorte que les acteurs humanitaires et les premiers intervenants disposent d\u2019un acc\u00e8s continu \u00e0 ces services, aux niveaux national comme international.\t\t\t\t\t<\/div>\n\t\t\t\t<\/li>\n\t\t\t\t\t\t\t<li class=\"accordion__item\">\n\t\t\t\t\t<div class=\"accordion__title\" role=\"button\" aria-expanded=\"false\" aria-label=\"Renforcer la confiance dans les mod\u00e8les dirig\u00e9s au niveau local : changement transformateur pour les donateurs, les interm\u00e9diaires et les acteurs humanitaires locaux\">\n\t\t\t\t\t\t<h3 class=\"accordion__title-h4\">Renforcer la confiance dans les mod\u00e8les dirig\u00e9s au niveau local : changement transformateur pour les donateurs, les interm\u00e9diaires et les acteurs humanitaires locaux<\/h3>\n\t\t\t\t\t<\/div>\n\t\t\t\t\t<div class=\"accordion__content\" role=\"region\" hidden>\n\t\t\t\t\t\t<strong>Date: <\/strong>Mercredi 30 octobre<br><strong>Heure:<\/strong> 12h15-13h15<br><strong>Lieu:<\/strong> Salle Nyon (CCV)<br><strong>Langue:<\/strong> Anglais<br><br>Organisateur<br><br>Description\t\t\t\t\t<\/div>\n\t\t\t\t<\/li>\n\t\t\t\t\t\t\t<li class=\"accordion__item\">\n\t\t\t\t\t<div class=\"accordion__title\" role=\"button\" aria-expanded=\"false\" aria-label=\"Contributions apport\u00e9es par les Commissions nationales des \u00c9tats arabes \u00e0 l\u2019instauration d\u2019une culture universelle de promotion et de respect du droit international humanitaire\">\n\t\t\t\t\t\t<h3 class=\"accordion__title-h4\">Contributions apport\u00e9es par les Commissions nationales des \u00c9tats arabes \u00e0 l\u2019instauration d\u2019une culture universelle de promotion et de respect du droit international humanitaire<\/h3>\n\t\t\t\t\t<\/div>\n\t\t\t\t\t<div class=\"accordion__content\" role=\"region\" hidden>\n\t\t\t\t\t\t<strong>Date: <\/strong>Mercredi 30 octobre<br><strong>Heure: <\/strong>18h30-19h30<br><strong>Lieu: <\/strong>Salle 3 (CICG)<br><strong>Langue:<\/strong> Anglais, Arabe<br><br>Organisateur<br><br>Description\t\t\t\t\t<\/div>\n\t\t\t\t<\/li>\n\t\t\t\t\t\t\t<li class=\"accordion__item\">\n\t\t\t\t\t<div class=\"accordion__title\" role=\"button\" aria-expanded=\"false\" aria-label=\"Faire plus avec moins dans les contextes fragiles ou de crise prolong\u00e9e : investir dans le d\u00e9veloppement durable des Soci\u00e9t\u00e9s nationales pour renforcer l\u2019action humanitaire dirig\u00e9e au niveau local\">\n\t\t\t\t\t\t<h3 class=\"accordion__title-h4\">Faire plus avec moins dans les contextes fragiles ou de crise prolong\u00e9e : investir dans le d\u00e9veloppement durable des Soci\u00e9t\u00e9s nationales pour renforcer l\u2019action humanitaire dirig\u00e9e au niveau local<\/h3>\n\t\t\t\t\t<\/div>\n\t\t\t\t\t<div class=\"accordion__content\" role=\"region\" hidden>\n\t\t\t\t\t\t<strong>Date:<\/strong> Mercredi 30 octobre<br><strong>Heure: <\/strong>18h30-19h30<br><strong>Lieu:<\/strong> Salle 4 (CICG)<br><strong>Langue:<\/strong> Anglais, Fran\u00e7ais, Espagnol, Arabe<br><br>Organisateur<br><br>Description\t\t\t\t\t<\/div>\n\t\t\t\t<\/li>\n\t\t\t\t\t\t\t<li class=\"accordion__item\">\n\t\t\t\t\t<div class=\"accordion__title\" role=\"button\" aria-expanded=\"false\" aria-label=\"Rapports volontaires sur la mise en \u0153uvre nationale du DIH : bonnes pratiques, d\u00e9fis et opportunit\u00e9s\">\n\t\t\t\t\t\t<h3 class=\"accordion__title-h4\">Rapports volontaires sur la mise en \u0153uvre nationale du DIH : bonnes pratiques, d\u00e9fis et opportunit\u00e9s<\/h3>\n\t\t\t\t\t<\/div>\n\t\t\t\t\t<div class=\"accordion__content\" role=\"region\" hidden>\n\t\t\t\t\t\t<strong>Date: <\/strong>Mercredi 30 octobre<br><strong>Heure:<\/strong> 18h30-19h30<br><strong>Lieu:<\/strong> Salle Gen\u00e8ve (CCV)<br><strong>Langue: <\/strong>Anglais, Fran\u00e7ais, Espagnol, Arabe<br><br><strong>Organisateurs<\/strong><br>Croix-Rouge italienne<span lang=\"FR\"><\/span><br>Croix-Rouge britannique<br>Soci\u00e9t\u00e9 de la Croix-Rouge d\u2019Ukraine<br>Minist\u00e8re de la D\u00e9fense, Ukraine<br>Bureau des Affaires \u00e9trang\u00e8res, du Commonwealth et du d\u00e9veloppement (FCDO), Royaume-Uni<br>Minist\u00e8re des Affaires \u00e9trang\u00e8res et de la Coop\u00e9ration internationale, Italie<br>Comit\u00e9 international de la Croix-Rouge (CICR)<br>D\u00e9partement f\u00e9d\u00e9ral des affaires \u00e9trang\u00e8res, Suisse<span lang=\"FR\"><\/span><br><br><strong>Description<\/strong><br>Au cours des derni\u00e8res ann\u00e9es, plusieurs \u00c9tats ont publi\u00e9 des <a href=\"https:\/\/www.icrc.org\/fr\/article\/rapports-volontaires-sur-la-mise-en-oeuvre-nationale-du-droit-international-humanitaire-dih\" target=\"_blank\" rel=\"noreferrer noopener\">rapports volontaires sur la mise en \u0153uvre nationale du droit international humanitaire<\/a> (DIH), et beaucoup d\u2019autres sont en train de r\u00e9diger le leur. Ces rapports pr\u00e9sentent les actions men\u00e9es dans un pays donn\u00e9 pour incorporer les obligations d\u00e9coulant du droit international dans la l\u00e9gislation et les syst\u00e8mes nationaux. Ils d\u00e9crivent aussi des bonnes pratiques et aident \u00e0 identifier les domaines o\u00f9 des am\u00e9liorations sont encore n\u00e9cessaires.<br>Cette manifestation parall\u00e8le donnera aux repr\u00e9sentants des \u00c9tats et des Soci\u00e9t\u00e9s nationales l\u2019occasion d\u2019apprendre les uns des autres et d\u2019aborder des questions diverses, telles que les avantages apport\u00e9s par les rapports volontaires, les ressources requises pour mener des recherches, r\u00e9diger et publier un rapport volontaire, les atouts de l\u2019implication de diff\u00e9rentes entit\u00e9s dans son \u00e9laboration, et les publics cibles potentiels. L\u2019\u00e9v\u00e9nement sera ax\u00e9 sur la pratique\u00a0\u2013 il fournira des exemples concrets de rapports et traitera des difficult\u00e9s pratiques sp\u00e9cifiques, concernant notamment la fa\u00e7on de produire un rapport volontaire lorsque l\u2019on est impliqu\u00e9 dans un conflit arm\u00e9. Il fournira \u00e9galement des suggestions sur la fa\u00e7on dont ces rapports peuvent contribuer \u00e0 instaurer une culture mondiale de respect du DIH, par la promotion accrue des \u00e9changes r\u00e9gionaux, interr\u00e9gionaux et internationaux.\t\t\t\t\t<\/div>\n\t\t\t\t<\/li>\n\t\t\t\t\t\t\t<li class=\"accordion__item\">\n\t\t\t\t\t<div class=\"accordion__title\" role=\"button\" aria-expanded=\"false\" aria-label=\"Diplomatie humanitaire : questions cl\u00e9s, d\u00e9fis et possibilit\u00e9s pour am\u00e9liorer l\u2019efficacit\u00e9\">\n\t\t\t\t\t\t<h3 class=\"accordion__title-h4\">Diplomatie humanitaire : questions cl\u00e9s, d\u00e9fis et possibilit\u00e9s pour am\u00e9liorer l\u2019efficacit\u00e9<\/h3>\n\t\t\t\t\t<\/div>\n\t\t\t\t\t<div class=\"accordion__content\" role=\"region\" hidden>\n\t\t\t\t\t\t<strong>Date:<\/strong> Jeudi 31 octobre<br><strong>Heure:<\/strong> 12h15-13h15<br><strong>Lieu:<\/strong> Salle 3 (CICG)<br><strong>Langue:<\/strong> Anglais, Arabe<br><br><strong>Organisateur<\/strong><br>Croissant-Rouge du Qatar<span lang=\"FR\"><\/span><br><br><strong>Description<\/strong><br>La diplomatie humanitaire fait face \u00e0 des d\u00e9fis de taille dans la gestion des crises mondiales de plus en plus complexes et des besoins humanitaires croissants qui les accompagnent. De Gaza au Soudan en passant par l\u2019Ukraine, nous sommes t\u00e9moins de crises toujours plus complexes et d\u2019un non-respect persistant du droit international humanitaire et des principes humanitaires. Cette situation souligne la n\u00e9cessit\u00e9 d\u2019une diplomatie humanitaire plus efficace, notamment \u00e0 travers des interactions avec les gouvernements et les personnes d\u00e9cisionnaires, et en renfor\u00e7ant le soutien institutionnel pour surmonter ces difficult\u00e9s.<br>Les crises mondiales actuelles sont r\u00e9v\u00e9latrices des limites des approches existantes et de l\u2019incapacit\u00e9 \u00e0 faire des questions humanitaires une priorit\u00e9 des efforts diplomatiques. Il est donc essentiel de renforcer la diplomatie humanitaire en rationalisant les processus et en am\u00e9liorant la coordination entre les organisations internationales, les gouvernements et d\u2019autres parties prenantes, afin de placer les questions humanitaires au premier plan. Pour garantir le succ\u00e8s de ces d\u00e9marches, il est fondamental de mieux comprendre la diplomatie humanitaire, ses objectifs et ses outils. La diplomatie humanitaire joue un r\u00f4le crucial pour garantir que les questions humanitaires soient int\u00e9gr\u00e9es dans la prise de d\u00e9cisions diplomatique, car elle a pour objectif premier de donner la priorit\u00e9 \u00e0 ces questions pour favoriser des r\u00e9sultats humanitaires positifs. Le renforcement des n\u00e9gociations humanitaires et de l\u2019application des principes humanitaires sont des \u00e9tapes n\u00e9cessaires pour obtenir de meilleurs r\u00e9sultats. En promouvant la collaboration entre les parties au conflit et en soulignant l\u2019importance des questions humanitaires, la communaut\u00e9 internationale sera mieux \u00e0 m\u00eame de g\u00e9rer les besoins des populations touch\u00e9es.<br><br>Cette manifestation parall\u00e8le sera l\u2019occasion d\u2019examiner la fa\u00e7on dont les organisations humanitaires peuvent am\u00e9liorer leur collaboration avec les \u00c9tats et les acteurs internationaux pour prioriser les pr\u00e9occupations humanitaires. La discussion abordera \u00e9galement la mani\u00e8re dont les \u00c9tats per\u00e7oivent le r\u00f4le des organisations humanitaires dans les contextes diplomatiques, et elle s\u2019int\u00e9ressera \u00e0 la fa\u00e7on d\u2019am\u00e9liorer la coop\u00e9ration en mati\u00e8re de diplomatie humanitaire, en vue d\u2019obtenir de meilleurs r\u00e9sultats humanitaires.<br><br><strong><em>Questions transversales pour alimenter le d\u00e9bat<\/em><\/strong><br>&#8211; \u00c0 quels les d\u00e9fis majeurs la diplomatie humanitaire fait-elle face actuellement et comment les surmonter pour am\u00e9liorer son efficacit\u00e9\u00a0?<br>&#8211; Dans quelle mesure les efforts de diplomatie humanitaire garantissent-ils l\u2019inclusion en int\u00e9grant les voix des communaut\u00e9s touch\u00e9es aux processus de prise de d\u00e9cisions\u00a0?<br>&#8211; Comment les \u00c9tats peuvent-ils mieux int\u00e9grer les pr\u00e9occupations humanitaires dans les efforts de n\u00e9gociation, de m\u00e9diation et diplomatiques\u00a0?<br>&#8211; Quelles strat\u00e9gies les organisations humanitaires doivent-elles adopter pour assurer la priorisation des questions humanitaires lors des discussions diplomatiques\u00a0?<br>&#8211; Quelles le\u00e7ons peut-on tirer des d\u00e9clarations et engagements internationaux existants concernant la priorisation des pr\u00e9occupations humanitaires pour \u00e9clairer les efforts futurs\u00a0?<br>&#8211; Quelles initiatives proposer pour garantir une meilleure priorisation des questions humanitaires et une r\u00e9ponse plus efficace dans le cadre des efforts et des actions diplomatiques\u00a0?\t\t\t\t\t<\/div>\n\t\t\t\t<\/li>\n\t\t\t\t\t\t\t<li class=\"accordion__item\">\n\t\t\t\t\t<div class=\"accordion__title\" role=\"button\" aria-expanded=\"false\" aria-label=\"L\u2019eau en tant qu\u2019alli\u00e9e des communaut\u00e9s pacifiques, inclusives et r\u00e9silientes\">\n\t\t\t\t\t\t<h3 class=\"accordion__title-h4\">L\u2019eau en tant qu\u2019alli\u00e9e des communaut\u00e9s pacifiques, inclusives et r\u00e9silientes<\/h3>\n\t\t\t\t\t<\/div>\n\t\t\t\t\t<div class=\"accordion__content\" role=\"region\" hidden>\n\t\t\t\t\t\t<strong>Date:<\/strong> Jeudi 31 octobre<br><strong>Heure:<\/strong> 12h15-13h15<br><strong>Lieu:<\/strong> Salle Lausanne (CCV)<br><strong>Langue:<\/strong> Anglais<br><br>Organisateur<br><br>Description\t\t\t\t\t<\/div>\n\t\t\t\t<\/li>\n\t\t\t\t\t\t\t<li class=\"accordion__item\">\n\t\t\t\t\t<div class=\"accordion__title\" role=\"button\" aria-expanded=\"false\" aria-label=\"Protection du patrimoine culturel : recherches et bonnes pratiques en mati\u00e8re de restauration du patrimoine culturel dans les r\u00e9gions touch\u00e9es par des conflits et des catastrophes \u2013 \u00e0 l\u2019occasion du 70e anniversaire de la Convention pour la protection des biens culturels en cas de conflit arm\u00e9\">\n\t\t\t\t\t\t<h3 class=\"accordion__title-h4\">Protection du patrimoine culturel : recherches et bonnes pratiques en mati\u00e8re de restauration du patrimoine culturel dans les r\u00e9gions touch\u00e9es par des conflits et des catastrophes \u2013 \u00e0 l\u2019occasion du 70e anniversaire de la Convention pour la protection des biens culturels en cas de conflit arm\u00e9<\/h3>\n\t\t\t\t\t<\/div>\n\t\t\t\t\t<div class=\"accordion__content\" role=\"region\" hidden>\n\t\t\t\t\t\t<strong>Date:<\/strong> Jeudi 31 octobre<br><strong>Heure:<\/strong> 12h15-13h15<br><strong>Lieu:<\/strong> Salle Nyon (CCV)<br><strong>Langue: <\/strong>Anglais<br><br>Organisateur<br><br>Description\t\t\t\t\t<\/div>\n\t\t\t\t<\/li>\n\t\t\t\t\t\t\t<li class=\"accordion__item\">\n\t\t\t\t\t<div class=\"accordion__title\" role=\"button\" aria-expanded=\"false\" aria-label=\"Synergie mondiale en faveur de l\u2019action climatique et de l\u2019environnement : r\u00e9unir les signataires de la Charte sur le climat et l\u2019environnement et de la d\u00e9claration des donateurs sur le climat et l\u2019environnement\">\n\t\t\t\t\t\t<h3 class=\"accordion__title-h4\">Synergie mondiale en faveur de l\u2019action climatique et de l\u2019environnement : r\u00e9unir les signataires de la Charte sur le climat et l\u2019environnement et de la d\u00e9claration des donateurs sur le climat et l\u2019environnement<\/h3>\n\t\t\t\t\t<\/div>\n\t\t\t\t\t<div class=\"accordion__content\" role=\"region\" hidden>\n\t\t\t\t\t\t<strong>Date: <\/strong>Jeudi 31 octobre<br><strong>Heure: <\/strong>12h15-13h15<br><strong>Lieu: <\/strong>Salle Montreux (CCV)<br><strong>Langue:<\/strong> Anglais<br><br>Organisateur<br><br>Description\t\t\t\t\t<\/div>\n\t\t\t\t<\/li>\n\t\t\t\t\t<\/ul>\n\t<\/section>\n","protected":false},"excerpt":{"rendered":"<p>\u00c9v\u00e9nements \u00e0 petite \u00e9chelle qui ne font pas partie de l\u2019ordre du jour formel de la Conf\u00e9rence, les manifestations parall\u00e8les peuvent notamment prendre la forme d\u2019ateliers, de d\u00e9bats ou de tables rondes. Elles compl\u00e8tent les travaux officiels en offrant aux participants un cadre pour avoir des \u00e9changes informels, d\u00e9velopper leur r\u00e9seau, pr\u00e9senter des exemples de [&hellip;]<\/p>\n","protected":false},"author":444,"featured_media":29732,"parent":0,"menu_order":0,"comment_status":"closed","ping_status":"closed","template":"","meta":{"_acf_changed":false,"footnotes":""},"class_list":["post-29720","page","type-page","status-publish","has-post-thumbnail","hentry"],"acf":[],"_links":{"self":[{"href":"https:\/\/rcrcconference.org\/fr\/wp-json\/wp\/v2\/pages\/29720"}],"collection":[{"href":"https:\/\/rcrcconference.org\/fr\/wp-json\/wp\/v2\/pages"}],"about":[{"href":"https:\/\/rcrcconference.org\/fr\/wp-json\/wp\/v2\/types\/page"}],"author":[{"embeddable":true,"href":"https:\/\/rcrcconference.org\/fr\/wp-json\/wp\/v2\/users\/444"}],"replies":[{"embeddable":true,"href":"https:\/\/rcrcconference.org\/fr\/wp-json\/wp\/v2\/comments?post=29720"}],"version-history":[{"count":47,"href":"https:\/\/rcrcconference.org\/fr\/wp-json\/wp\/v2\/pages\/29720\/revisions"}],"predecessor-version":[{"id":31487,"href":"https:\/\/rcrcconference.org\/fr\/wp-json\/wp\/v2\/pages\/29720\/revisions\/31487"}],"wp:featuredmedia":[{"embeddable":true,"href":"https:\/\/rcrcconference.org\/fr\/wp-json\/wp\/v2\/media\/29732"}],"wp:attachment":[{"href":"https:\/\/rcrcconference.org\/fr\/wp-json\/wp\/v2\/media?parent=29720"}],"curies":[{"name":"wp","href":"https:\/\/api.w.org\/{rel}","templated":true}]}}