{"id":2451,"date":"2019-05-23T06:13:08","date_gmt":"2019-05-23T06:13:08","guid":{"rendered":"https:\/\/rcrcconference.org\/33rd-international-conference\/32nd-international-conference\/"},"modified":"2023-06-08T16:26:14","modified_gmt":"2023-06-08T16:26:14","slug":"32nd-international-conference","status":"publish","type":"page","link":"https:\/\/rcrcconference.org\/fr\/about-4\/previous-conferences\/32nd-international-conference\/","title":{"rendered":"XXXII<sup>e<\/sup> Conf\u00e9rence internationale"},"content":{"rendered":"<section class=\"banner\" style=\"background-image: url('https:\/\/rcrcconference.org\/app\/uploads\/2019\/05\/15795597040_a95d86bdb4_o.jpg');\">\n\t<div class=\"container\">\n\t\t<div class=\"banner__inner\">\n\t\t\t<span class=\"banner__subtitle\"><\/span>\n\t\t\t<div class=\"banner__title\">\n\t\t\t\t<h1>XXXII<sup>e<\/sup> Conf\u00e9rence internationale<\/h1>\n\t\t\t<\/div>\n\t\t\t\t\t<\/div>\n\t<\/div>\n<\/section>\n\n\n\n<div style=\"height:100px\" aria-hidden=\"true\" class=\"wp-block-spacer\"><\/div>\n\n\n\t<section class=\"pledges-banner-wrap\">\n\t<div class=\"container\">\n\t\t<div class=\"pledges-banner\">\n\t\t\t<div class=\"pledges-banner__pic\">\n\t\t\t\t<img decoding=\"async\" src=\"https:\/\/rcrcconference.org\/app\/uploads\/2019\/05\/28704055483_fb0ce28082_o.jpg\" alt=\"article-pic\">\n\t\t\t<\/div>\n\t\t\t<div class=\"pledges-banner__content\">\n\t\t\t\t<div class=\"pledges-banner__content-inner\">\n\t\t\t\t\tEn d\u00e9cembre 2015, les repr\u00e9sentants de presque tous les gouvernements des pays du monde, du Mouvement international de la Croix-Rouge et du Croissant-Rouge (Mouvement) et d\u2019autres organisations partenaires se sont retrouv\u00e9s \u00e0 Gen\u00e8ve pour la XXXII<sup>e<\/sup> Conf\u00e9rence internationale de la Croix-Rouge et du Croissant-Rouge.\t\t\t\t<\/div>\n\t\t\t<\/div>\n\t\t<\/div>\n\t<\/div>\n<\/section>\n\n\n\n<div style=\"height:100px\" aria-hidden=\"true\" class=\"wp-block-spacer\"><\/div>\n\n\n<section class=\"accordion-block\" style=\"background-color: #8C8C8C; color: #E5E5E5\" role=\"region\" aria-label=\"Pedges accordion block\">\n\t\t\t<div class=\"accordion-block__title\" role=\"heading\" aria-level=\"3\">\n\t\t\t<h3>R\u00e9solutions et rapports<\/h3>\n\t\t<\/div>\n\t\t\t\t<ul class=\"accordion\">\n\t\t\t\t\t\t\t<li class=\"accordion__item\">\n\t\t\t\t\t<div class=\"accordion__title\" role=\"button\" aria-expanded=\"false\" aria-label=\"Ordre du jour et programme\">\n\t\t\t\t\t\t<h3 class=\"accordion__title-h4\">Ordre du jour et programme<\/h3>\n\t\t\t\t\t<\/div>\n\t\t\t\t\t<div class=\"accordion__content\" role=\"region\" hidden>\n\t\t\t\t\t\t  <a rel=\"noreferrer noopener\" href=\"http:\/\/rcrcconference.org\/wp-content\/uploads\/2015\/04\/32IC-AR-agenda-and-programme_FR.pdf\" target=\"_blank\">Ordre du jour et programme<\/a> (CD\/15\/R8 et 32IC\/15\/6) \t\t\t\t\t<\/div>\n\t\t\t\t<\/li>\n\t\t\t\t\t\t\t<li class=\"accordion__item\">\n\t\t\t\t\t<div class=\"accordion__title\" role=\"button\" aria-expanded=\"false\" aria-label=\"R\u00e9solutions\">\n\t\t\t\t\t\t<h3 class=\"accordion__title-h4\">R\u00e9solutions<\/h3>\n\t\t\t\t\t<\/div>\n\t\t\t\t\t<div class=\"accordion__content\" role=\"region\" hidden>\n\t\t\t\t\t\t<a rel=\"noreferrer noopener\" href=\"http:\/\/rcrcconference.org\/wp-content\/uploads\/2015\/04\/32IC-AR-Persons-deprived-of-liberty_FR.pdf\" target=\"_blank\">R\u00e9solution 1 : Le renforcement du droit international humanitaire prot\u00e9geant les personnes priv\u00e9es de libert\u00e9<\/a>\u00a0(32IC\/15\/R1)<br><a rel=\"noreferrer noopener\" href=\"http:\/\/rcrcconference.org\/wp-content\/uploads\/2015\/04\/32IC-Concluding-report-on-persons-deprived-of-their-liberty_FR.pdf\" target=\"_blank\">Rapport final<\/a>\u00a0(2015, 32IC\/15\/19.1)<br><br><a rel=\"noreferrer noopener\" href=\"http:\/\/rcrcconference.org\/wp-content\/uploads\/2015\/04\/32IC-AR-Compliance_FR.pdf\" target=\"_blank\">R\u00e9solution 2 : Le renforcement du respect du droit international humanitaire<\/a>\u00a0(32IC\/15\/R2)<br><a rel=\"noreferrer noopener\" href=\"http:\/\/rcrcconference.org\/wp-content\/uploads\/2015\/04\/32IC-Concluding-Report-Strengthening-Compliance-with-IHL_FR.pdf\" target=\"_blank\">Rapport final<\/a>\u00a0(2015, 32IC\/15\/19.2)<br><br><a rel=\"noreferrer noopener\" href=\"http:\/\/rcrcconference.org\/wp-content\/uploads\/2015\/04\/32IC-AR-on-Sexual-and-gender-based-violence_FR.pdf\" target=\"_blank\">R\u00e9solution 3 : La violence sexuelle et sexiste : action commune en mati\u00e8re de pr\u00e9vention et d\u2019intervention<\/a>\u00a0(32IC\/15\/R3)<br><a rel=\"noreferrer noopener\" aria-label=\"Document de r\u00e9f\u00e9rence (opens in a new tab)\" href=\"https:\/\/rcrcconference.org\/app\/uploads\/2019\/09\/32IC-Background-report-on-Sexual-and-gender-based-violence_FR.pdf\" target=\"_blank\">Document de r\u00e9f\u00e9rence<\/a> (2015, 32IC\/15\/19.3)<br><br><a rel=\"noreferrer noopener\" href=\"http:\/\/rcrcconference.org\/wp-content\/uploads\/2015\/04\/32IC-AR-HCiD-_FR.pdf\" target=\"_blank\">R\u00e9solution 4 : Les soins de sant\u00e9 en danger \u2013 Continuer ensemble \u00e0 prot\u00e9ger la fourniture des soins de sant\u00e9<\/a>\u00a0(32IC\/15\/R4)<br><a rel=\"noreferrer noopener\" href=\"http:\/\/rcrcconference.org\/wp-content\/uploads\/2015\/04\/32IC-HCiD-Background-Report_FR.pdf\" target=\"_blank\">Document de r\u00e9f\u00e9rence<\/a>\u00a0(2015, 32IC\/15\/19.4)<br><br><a rel=\"noreferrer noopener\" href=\"http:\/\/rcrcconference.org\/wp-content\/uploads\/2015\/04\/IC32-AR5-Safety-security-volunteers_FR.pdf\" target=\"_blank\">R\u00e9solution 5 : La s\u00fbret\u00e9 et la s\u00e9curit\u00e9 des volontaires de l\u2019humanitaire<\/a>\u00a0(32IC\/15\/R5)<br><a rel=\"noreferrer noopener\" href=\"http:\/\/rcrcconference.org\/wp-content\/uploads\/2015\/04\/IC32-19_5-safety-security-volunteers-background-report-FINAL-FR.pdf\" target=\"_blank\">Document de r\u00e9f\u00e9rence<\/a>\u00a0(2015, 32IC\/15\/19.5)<br> <br><a rel=\"noreferrer noopener\" href=\"http:\/\/rcrcconference.org\/wp-content\/uploads\/2015\/04\/32IC-AR6-Legal-frameworks-for-disaster_FR.pdf\" target=\"_blank\">R\u00e9solution 6 : Renforcement des cadres juridiques applicables aux interventions en cas de catastrophe, \u00e0 la r\u00e9duction des risques et aux premiers secours<\/a>\u00a0(32IC\/15\/R6)<br><a rel=\"noreferrer noopener\" href=\"http:\/\/rcrcconference.org\/wp-content\/uploads\/2015\/04\/IC32_19_6_Disaster-Law-report-FINAL-FR.pdf\" target=\"_blank\">Document de r\u00e9f\u00e9rence<\/a>\u00a0(2015, 32IC\/15\/19.6)<br><br><a rel=\"noreferrer noopener\" href=\"http:\/\/rcrcconference.org\/wp-content\/uploads\/2015\/04\/32IC-AR-Movement-matters-_FR.pdf\" target=\"_blank\">R\u00e9solution 7 : Le renforcement de la r\u00e9ponse du Mouvement international de la Croix-Rouge et du Croissant-Rouge \u00e0 des besoins humanitaires croissants<\/a> (32IC\/15\/R7)<br><a rel=\"noreferrer noopener\" href=\"http:\/\/rcrcconference.org\/wp-content\/uploads\/2015\/04\/32IC-Report-Omnibus-RCRC-Mvt-response_FR.pdf\" target=\"_blank\">Document de r\u00e9f\u00e9rence<\/a>\u00a0(2015, 32IC\/15\/19.7)<br> <br><a rel=\"noreferrer noopener\" href=\"http:\/\/rcrcconference.org\/wp-content\/uploads\/2015\/04\/32IC-Res-8-MoU_FR.pdf\" target=\"_blank\">R\u00e9solution 8 : Mise en \u0153uvre du Protocole d\u2019accord et de l\u2019Accord sur des arrangements op\u00e9rationnels dat\u00e9s du 28 novembre 2005 entre le Croissant-Rouge palestinien et le Magen David Adom d\u2019Isra\u00ebl<\/a> (32IC\/15\/R8)<br><a rel=\"noreferrer noopener\" href=\"http:\/\/rcrcconference.org\/wp-content\/uploads\/2015\/04\/32IC-MoU-Report_FR.pdf\" target=\"_blank\">Rapport<\/a>\u00a0(2015, 32IC\/15\/17.2)<br><br><a rel=\"noreferrer noopener\" href=\"http:\/\/rcrcconference.org\/wp-content\/uploads\/2015\/04\/32IC-AR-Fonds-Augusta_FR.pdf\" target=\"_blank\">R\u00e9solution 9 : Dissolution du Fonds Augusta et attribution du capital au Fonds de la M\u00e9daille Florence Nightingale. R\u00e9vision du R\u00e8glement de la M\u00e9daille Florence Nightingale<\/a> (32IC\/15\/R9)<br><a rel=\"noreferrer noopener\" href=\"http:\/\/rcrcconference.org\/wp-content\/uploads\/2015\/04\/32IC-Rapport-Fonds-Augusta_FR.pdf\" target=\"_blank\">Rapport<\/a>\u00a0(2015, 32IC\/15\/19.9)<br><br><a rel=\"noreferrer noopener\" href=\"http:\/\/rcrcconference.org\/wp-content\/uploads\/2015\/04\/32IC-AR10-Power-of-Humanity_FR.pdf\" target=\"_blank\">R\u00e9solution 10 : Le pouvoir de l\u2019humanit\u00e9<\/a>\u00a0(32IC\/15\/R10) \t\t\t\t\t<\/div>\n\t\t\t\t<\/li>\n\t\t\t\t\t\t\t<li class=\"accordion__item\">\n\t\t\t\t\t<div class=\"accordion__title\" role=\"button\" aria-expanded=\"false\" aria-label=\"Rapports officiels de la Conf\u00e9rence\">\n\t\t\t\t\t\t<h3 class=\"accordion__title-h4\">Rapports officiels de la Conf\u00e9rence<\/h3>\n\t\t\t\t\t<\/div>\n\t\t\t\t\t<div class=\"accordion__content\" role=\"region\" hidden>\n\t\t\t\t\t\t <a rel=\"noreferrer noopener\" href=\"http:\/\/rcrcconference.org\/wp-content\/uploads\/2015\/04\/IFRC_IntlConfProceed_FR_20180301_LR.pdf\" target=\"_blank\">Rapport de la XXXII<\/a><sup><a rel=\"noreferrer noopener\" aria-label=\"e (opens in a new tab)\" href=\"http:\/\/rcrcconference.org\/wp-content\/uploads\/2015\/04\/IFRC_IntlConfProceed_FR_20180301_LR.pdf\" target=\"_blank\">e<\/a><\/sup><a rel=\"noreferrer noopener\" aria-label=\"e (opens in a new tab)\" href=\"http:\/\/rcrcconference.org\/wp-content\/uploads\/2015\/04\/IFRC_IntlConfProceed_FR_20180301_LR.pdf\" target=\"_blank\"> Conf\u00e9rence internationale<\/a><br><a rel=\"noreferrer noopener\" href=\"http:\/\/rcrcconference.org\/wp-content\/uploads\/2015\/04\/32IC-Conference-rapporteur-report_FR.pdf\" target=\"_blank\">Rapport sur les travaux de la Conf\u00e9rence<\/a><br><a rel=\"noreferrer noopener\" href=\"http:\/\/rcrcconference.org\/wp-content\/uploads\/2015\/04\/Closing-speech_humanitarian-dialogue_FR.pdf\" target=\"_blank\">\u00ab Dialogue humanitaire \u2013 Un laboratoire d\u2019id\u00e9es \u00bb \u2013 Rapport pr\u00e9sent\u00e9 lors de la s\u00e9ance de cl\u00f4ture de la XXXII<\/a><sup><a href=\"http:\/\/rcrcconference.org\/wp-content\/uploads\/2015\/04\/Closing-speech_humanitarian-dialogue_FR.pdf\" target=\"_blank\" rel=\"noreferrer noopener\" aria-label=\"e (opens in a new tab)\">e<\/a><\/sup><a rel=\"noreferrer noopener\" href=\"http:\/\/rcrcconference.org\/wp-content\/uploads\/2015\/04\/Closing-speech_humanitarian-dialogue_FR.pdf\" target=\"_blank\"> Conf\u00e9rence internationale<\/a> \t\t\t\t\t<\/div>\n\t\t\t\t<\/li>\n\t\t\t\t\t\t\t<li class=\"accordion__item\">\n\t\t\t\t\t<div class=\"accordion__title\" role=\"button\" aria-expanded=\"false\" aria-label=\"Commissions\">\n\t\t\t\t\t\t<h3 class=\"accordion__title-h4\">Commissions<\/h3>\n\t\t\t\t\t<\/div>\n\t\t\t\t\t<div class=\"accordion__content\" role=\"region\" hidden>\n\t\t\t\t\t\t<strong>Commission A\u00a0: Les Principes fondamentaux en action<\/strong><br><a rel=\"noreferrer noopener\" href=\"http:\/\/rcrcconference.org\/wp-content\/uploads\/2015\/10\/32IC-Report-on-the-Fundamental-Principles_FR.pdf\" target=\"_blank\">Document de r\u00e9f\u00e9rence sur les Principes fondamentaux en action : un cadre \u00e9thique, op\u00e9rationnel et institutionnel unique<\/a>\u00a0(32IC\/15\/10)<br><a href=\"http:\/\/rcrcconference.org\/wp-content\/uploads\/2015\/04\/32IC-Fundamental-Principles-commission-outline_FR.pdf\">Pr\u00e9sentation g\u00e9n\u00e9rale<\/a><br><a rel=\"noreferrer noopener\" href=\"http:\/\/rcrcconference.org\/wp-content\/uploads\/2015\/04\/32IC-Commission-A-report_FR.pdf\" target=\"_blank\">Rapport<\/a><br><br><strong>Commission B\u00a0: Les d\u00e9fis contemporains dans le droit international humanitaire<\/strong><br><a rel=\"noreferrer noopener\" href=\"http:\/\/rcrcconference.org\/wp-content\/uploads\/2015\/10\/32IC-Report-on-IHL-and-the-challenges-of-contemporary-armed-conflicts_FR.pdf\" target=\"_blank\">Document de r\u00e9f\u00e9rence sur le droit international humanitaire et les d\u00e9fis pos\u00e9s par les conflits arm\u00e9s contemporains<\/a>\u00a0(32IC\/15\/11)<br><a rel=\"noreferrer noopener\" href=\"http:\/\/rcrcconference.org\/wp-content\/uploads\/2015\/04\/32IC-IHL-Commission-B-outline_FR.pdf\" target=\"_blank\">Pr\u00e9sentation g\u00e9n\u00e9rale<\/a><br><a rel=\"noreferrer noopener\" href=\"http:\/\/rcrcconference.org\/wp-content\/uploads\/2015\/04\/32IC-IHL-Commission-B-report_FR.pdf\" target=\"_blank\">Rapport<\/a><br><br><strong>Commission C\u00a0: La violence sexuelle et sexiste \u2013 Action commune en mati\u00e8re de pr\u00e9vention et d\u2019intervention<\/strong><br><a rel=\"noreferrer noopener\" href=\"http:\/\/rcrcconference.org\/wp-content\/uploads\/2015\/04\/32IC-SGBV-Commission-C-outline_FR.pdf\" target=\"_blank\">Pr\u00e9sentation g\u00e9n\u00e9rale<\/a><br><a rel=\"noreferrer noopener\" href=\"http:\/\/rcrcconference.org\/wp-content\/uploads\/2015\/04\/32IC-SGBV-Commission-C-report_FR.pdf\" target=\"_blank\">Rapport<\/a><br><br><strong>Commission D\u00a0: Les soins de sant\u00e9 en danger \u2013 Continuer ensemble \u00e0 prot\u00e9ger la fourniture de soins de sant\u00e9<\/strong><br><a rel=\"noreferrer noopener\" href=\"http:\/\/rcrcconference.org\/wp-content\/uploads\/2015\/04\/32IC-HCiD-Commission-outline_FR.pdf\" target=\"_blank\">Pr\u00e9sentation g\u00e9n\u00e9rale<\/a><br><a rel=\"noreferrer noopener\" href=\"http:\/\/rcrcconference.org\/wp-content\/uploads\/2015\/04\/32IC-HCiD-Commission-D-report_FR.pdf\" target=\"_blank\">Rapport<\/a><br><br><strong>Commission E\u00a0: Accro\u00eetre la r\u00e9silience en encourageant l\u2019action sociale et en renfor\u00e7ant les cadres juridiques<\/strong><br><a rel=\"noreferrer noopener\" href=\"http:\/\/rcrcconference.org\/wp-content\/uploads\/2015\/04\/IC32-Commission-E-outline_FR.pdf\" target=\"_blank\">Pr\u00e9sentation g\u00e9n\u00e9rale<\/a><br><a rel=\"noreferrer noopener\" href=\"http:\/\/rcrcconference.org\/wp-content\/uploads\/2015\/04\/32IC-Commission-E-report-Resilience_FR.pdf\" target=\"_blank\">Rapport<\/a> \t\t\t\t\t<\/div>\n\t\t\t\t<\/li>\n\t\t\t\t\t\t\t<li class=\"accordion__item\">\n\t\t\t\t\t<div class=\"accordion__title\" role=\"button\" aria-expanded=\"false\" aria-label=\"Suivi de la XXXI<sup>e<\/sup> Conf\u00e9rence internationale de la Croix-Rouge et du Croissant-Rouge\u00a0\u00bb>\n\t\t\t\t\t\t<h3 class=\"accordion__title-h4\">Suivi de la XXXI<sup>e<\/sup> Conf\u00e9rence internationale de la Croix-Rouge et du Croissant-Rouge<\/h3>\n\t\t\t\t\t<\/div>\n\t\t\t\t\t<div class=\"accordion__content\" role=\"region\" hidden>\n\t\t\t\t\t\t<a rel=\"noreferrer noopener\" href=\"http:\/\/rcrcconference.org\/wp-content\/uploads\/2015\/10\/IC32_follow-up-report-31st-IC-FR.pdf\" target=\"_blank\">Rapport g\u00e9n\u00e9ral sur la mise en \u0153uvre des r\u00e9solutions et des engagements de la XXXI<sup>e<\/sup>\u00a0Conf\u00e9rence internationale<\/a>\u00a0(32IC\/15\/9)<br><a rel=\"noreferrer noopener\" href=\"http:\/\/rcrcconference.org\/wp-content\/uploads\/2015\/10\/32IC-Progress-report-4-year-action-plan-on-IHL_FR.pdf\" target=\"_blank\">Rapport int\u00e9rimaire sur la mise en \u0153uvre du Plan d\u2019action quadriennal pour la mise en \u0153uvre du droit international humanitaire<\/a>\u00a0(32IC\/15\/17.1)<br><a rel=\"noreferrer noopener\" href=\"http:\/\/rcrcconference.org\/wp-content\/uploads\/2015\/10\/IC32_Migration-report-FR.pdf\" target=\"_blank\">Rapport int\u00e9rimaire sur la mise en \u0153uvre de la r\u00e9solution 3 \u00ab Migration : garantir l\u2019acc\u00e8s, la dignit\u00e9, le respect de la diversit\u00e9 et l\u2019int\u00e9gration sociale \u00bb, 2011-2015<\/a>\u00a0(32IC\/15\/15)<br><a rel=\"noreferrer noopener\" href=\"http:\/\/rcrcconference.org\/wp-content\/uploads\/2015\/04\/32IC-MoU-Report_FR.pdf\" target=\"_blank\">Rapport sur la mise en \u0153uvre de la r\u00e9solution 8 \u00ab Suivi de la mise en \u0153uvre du Protocole d\u2019accord et de l\u2019Accord sur des arrangements op\u00e9rationnels entre le Croissant-Rouge palestinien et le Magen David Adom d\u2019Isra\u00ebl \u00bb<\/a>\u00a0(32IC\/15\/17.2) \t\t\t\t\t<\/div>\n\t\t\t\t<\/li>\n\t\t\t\t\t\t\t<li class=\"accordion__item\">\n\t\t\t\t\t<div class=\"accordion__title\" role=\"button\" aria-expanded=\"false\" aria-label=\"Mat\u00e9riel connexe\">\n\t\t\t\t\t\t<h3 class=\"accordion__title-h4\">Mat\u00e9riel connexe<\/h3>\n\t\t\t\t\t<\/div>\n\t\t\t\t\t<div class=\"accordion__content\" role=\"region\" hidden>\n\t\t\t\t\t\t <a rel=\"noreferrer noopener\" href=\"http:\/\/rcrcconference.org\/wp-content\/uploads\/2015\/04\/Voices-To-Action-Deliverable_FR.pdf\" target=\"_blank\">Rapport Des paroles aux actes<\/a> \t\t\t\t\t<\/div>\n\t\t\t\t<\/li>\n\t\t\t\t\t\t\t<li class=\"accordion__item\">\n\t\t\t\t\t<div class=\"accordion__title\" role=\"button\" aria-expanded=\"false\" aria-label=\"Lignes directrices relatives au suivi des r\u00e9sultats de la XXXII<sup>e<\/sup> Conf\u00e9rence internationale de la Croix-Rouge et du Croissant-Rouge\u00a0\u00bb>\n\t\t\t\t\t\t<h3 class=\"accordion__title-h4\">Lignes directrices relatives au suivi des r\u00e9sultats de la XXXII<sup>e<\/sup> Conf\u00e9rence internationale de la Croix-Rouge et du Croissant-Rouge<\/h3>\n\t\t\t\t\t<\/div>\n\t\t\t\t\t<div class=\"accordion__content\" role=\"region\" hidden>\n\t\t\t\t\t\t Cliquez <a rel=\"noreferrer noopener\" href=\"https:\/\/rcrcconference.org\/app\/uploads\/2019\/06\/191077_fr_A4_Guidelines-for-the-reporting-of-resolutions-and-pledges_edited_FINAL_fr.pdf\" target=\"_blank\">ici<\/a> \t\t\t\t\t<\/div>\n\t\t\t\t<\/li>\n\t\t\t\t\t<\/ul>\n\t<\/section>\n","protected":false},"excerpt":{"rendered":"","protected":false},"author":1,"featured_media":0,"parent":2477,"menu_order":0,"comment_status":"closed","ping_status":"closed","template":"front-page.php","meta":{"_acf_changed":false,"footnotes":""},"class_list":["post-2451","page","type-page","status-publish","hentry"],"acf":[],"_links":{"self":[{"href":"https:\/\/rcrcconference.org\/fr\/wp-json\/wp\/v2\/pages\/2451"}],"collection":[{"href":"https:\/\/rcrcconference.org\/fr\/wp-json\/wp\/v2\/pages"}],"about":[{"href":"https:\/\/rcrcconference.org\/fr\/wp-json\/wp\/v2\/types\/page"}],"author":[{"embeddable":true,"href":"https:\/\/rcrcconference.org\/fr\/wp-json\/wp\/v2\/users\/1"}],"replies":[{"embeddable":true,"href":"https:\/\/rcrcconference.org\/fr\/wp-json\/wp\/v2\/comments?post=2451"}],"version-history":[{"count":28,"href":"https:\/\/rcrcconference.org\/fr\/wp-json\/wp\/v2\/pages\/2451\/revisions"}],"predecessor-version":[{"id":24721,"href":"https:\/\/rcrcconference.org\/fr\/wp-json\/wp\/v2\/pages\/2451\/revisions\/24721"}],"up":[{"embeddable":true,"href":"https:\/\/rcrcconference.org\/fr\/wp-json\/wp\/v2\/pages\/2477"}],"wp:attachment":[{"href":"https:\/\/rcrcconference.org\/fr\/wp-json\/wp\/v2\/media?parent=2451"}],"curies":[{"name":"wp","href":"https:\/\/api.w.org\/{rel}","templated":true}]}}