{"id":2391,"date":"2019-05-23T05:39:06","date_gmt":"2019-05-23T05:39:06","guid":{"rendered":"https:\/\/rcrcconference.org\/council-of-delegates\/council-of-delegates-2017\/"},"modified":"2024-08-25T14:44:25","modified_gmt":"2024-08-25T14:44:25","slug":"2017-council-of-delegates","status":"publish","type":"page","link":"https:\/\/rcrcconference.org\/fr\/about-2\/previous-council-of-delegates\/2017-council-of-delegates\/","title":{"rendered":"Conseil des D\u00e9l\u00e9gu\u00e9s de 2017"},"content":{"rendered":"\n<div style=\"height:100px\" aria-hidden=\"true\" class=\"wp-block-spacer\"><\/div>\n\n\n<div class=\"anchor__menu-title\" role=\"presentation\">\n\t<div class=\"container\">\t\t\t<h2 class=\"anchor__menu-h2\">R\u00e9solutions et rapports<\/h2>\n\t\t<\/div><\/div>\n\n\n<section class=\"accordion-block\" style=\"background-color: #ffffff; color: #8C8C8C\" role=\"region\" aria-label=\"Pedges accordion block\">\n\t\t\t\t<ul class=\"accordion\">\n\t\t\t\t\t\t\t<li class=\"accordion__item\">\n\t\t\t\t\t<div class=\"accordion__title\" role=\"button\" aria-expanded=\"false\" aria-label=\"R\u00e9solutions adopt\u00e9es et documents de r\u00e9f\u00e9rence\">\n\t\t\t\t\t\t<h3 class=\"accordion__title-h4\">R\u00e9solutions adopt\u00e9es et documents de r\u00e9f\u00e9rence<\/h3>\n\t\t\t\t\t<\/div>\n\t\t\t\t\t<div class=\"accordion__content\" role=\"region\" hidden>\n\t\t\t\t\t\t<strong>Renforcement de la coordination et de la coop\u00e9ration au sein du Mouvement<\/strong><br><a rel=\"noreferrer noopener\" href=\"http:\/\/rcrcconference.org\/wp-content\/uploads\/2017\/08\/S_170922_006-COD17_R1-SMCC-official-resolution_ADOPTED_FR.pdf\" target=\"_blank\">R\u00e9solution adopt\u00e9e<\/a>\u00a0(CD\/17\/R1)<br><a rel=\"noreferrer noopener\" href=\"http:\/\/rcrcconference.org\/wp-content\/uploads\/2017\/08\/CoD17_5-SMCC-Progress-Report-final-clean-with-annexes-FR.pdf\" target=\"_blank\">Rapport int\u00e9rimaire<\/a>\u00a0 (CD\/17\/5)<br><br><strong>Principes relatifs \u00e0 la mobilisation de ressources pour l\u2019ensemble du Mouvement<\/strong><br><a rel=\"noreferrer noopener\" href=\"http:\/\/rcrcconference.org\/wp-content\/uploads\/2017\/08\/171540-CoD-2017-RM-Resolution-and-Annexes-ADOPTED_FR.pdf\" target=\"_blank\">R\u00e9solution adopt\u00e9e<\/a>\u00a0(CD\/17\/R2)<br><a rel=\"noreferrer noopener\" href=\"http:\/\/rcrcconference.org\/wp-content\/uploads\/2017\/09\/CD-17-6-Resource-Mobilization-Background-report_f.pdf\" target=\"_blank\">Document de r\u00e9f\u00e9rence<\/a>\u00a0(CD\/17\/6)<br><br><strong>Appel du Mouvement \u00e0 l\u2019action\u00a0: r\u00e9pondre aux besoins humanitaires des migrants vuln\u00e9rables<\/strong><br><a rel=\"noreferrer noopener\" href=\"http:\/\/rcrcconference.org\/wp-content\/uploads\/2017\/08\/S_170920_009-CoD17_R3-Migration-official-resolution_ADOPTED_FR.pdf\" target=\"_blank\">R\u00e9solution adopt\u00e9e<\/a>\u00a0(CD\/17\/R3)<br><a rel=\"noreferrer noopener\" href=\"http:\/\/rcrcconference.org\/wp-content\/uploads\/2017\/08\/CoD17_07-migration-background-report-final-clean-FR1.pdf\" target=\"_blank\">Rapport int\u00e9rimaire<\/a>\u00a0(CD\/17\/7)<br><br><strong>Vers l\u2019\u00e9limination des armes nucl\u00e9aires<\/strong><br><a rel=\"noreferrer noopener\" href=\"http:\/\/rcrcconference.org\/wp-content\/uploads\/2017\/08\/S_171108_017-CoD-R4_FR.pdf\" target=\"_blank\">R\u00e9solution adopt\u00e9e<\/a>\u00a0(CD\/17\/R4)<br><a rel=\"noreferrer noopener\" href=\"http:\/\/rcrcconference.org\/wp-content\/uploads\/2017\/09\/CD-17-8_-NW-Progress-report_finalized_FR.pdf\" target=\"_blank\">Document de r\u00e9f\u00e9rence<\/a>\u00a0(CD\/17\/8)<br><br><strong>Mise en \u0153uvre du Protocole d\u2019accord et de l\u2019Accord sur les arrangements op\u00e9rationnels dat\u00e9s du 28 novembre 2005 entre le Croissant-Rouge palestinien et le Magen David Adom d\u2019Isra\u00ebl<\/strong><br><a rel=\"noreferrer noopener\" href=\"http:\/\/rcrcconference.org\/wp-content\/uploads\/2017\/08\/CoD-17-R5_MoU_Adopted_FR.pdf\" target=\"_blank\">R\u00e9solution adopt\u00e9e<\/a>\u00a0(CD\/17\/R5)<br><br><strong>L\u2019\u00e9ducation et les besoins humanitaires dans ce domaine<\/strong><br><a rel=\"noreferrer noopener\" href=\"http:\/\/rcrcconference.org\/wp-content\/uploads\/2017\/08\/CD-17-R6_education_adopted_FR.pdf\" target=\"_blank\">R\u00e9solution adopt\u00e9e<\/a>\u00a0(CD\/17\/R6)<br><a rel=\"noreferrer noopener\" href=\"http:\/\/rcrcconference.org\/wp-content\/uploads\/2017\/09\/CD-17-9_Education-Background-report_finalized_FR.pdf\" target=\"_blank\">Document de r\u00e9f\u00e9rence<\/a>\u00a0(CD\/17\/9)<br><br><strong>R\u00e9pondre aux besoins en mati\u00e8re de sant\u00e9 mentale et de soutien psychosocial<\/strong><br><a rel=\"noreferrer noopener\" href=\"http:\/\/rcrcconference.org\/wp-content\/uploads\/2017\/08\/CoD17-10.1-MHPSS-adopted-R7_FR.pdf\" target=\"_blank\">R\u00e9solution adopt\u00e9e<\/a>\u00a0(CD\/17\/R7)<br><a rel=\"noreferrer noopener\" href=\"http:\/\/rcrcconference.org\/wp-content\/uploads\/2017\/08\/CoD17_10.1-MHPSS-background-paper-FINAL-clean-FR.pdf\" target=\"_blank\">Document de r\u00e9f\u00e9rence<\/a>\u00a0(CD\/17\/10.1)<br><br><strong>Vers une strat\u00e9gie du Mouvement international de la Croix-Rouge et du Croissant-Rouge face aux \u00e9pid\u00e9mies et aux pand\u00e9mies<\/strong><br><a rel=\"noreferrer noopener\" href=\"http:\/\/rcrcconference.org\/wp-content\/uploads\/2017\/11\/CoD17-R8-Pandemic-resolution_FR.pdf\" target=\"_blank\">R\u00e9solution adopt\u00e9e<\/a>\u00a0(CD\/17\/R8)<br><a rel=\"noreferrer noopener\" href=\"http:\/\/rcrcconference.org\/wp-content\/uploads\/2017\/08\/CoD17_10.2-pandemics-report-FINAL-clean-FR.pdf\" target=\"_blank\">Document de r\u00e9f\u00e9rence\u00a0<\/a>(CD\/17\/10.2)<br><br><strong>\u00c9laboration d\u2019une Strat\u00e9gie de r\u00e9tablissement des liens familiaux<\/strong><br><a rel=\"noreferrer noopener\" href=\"http:\/\/rcrcconference.org\/wp-content\/uploads\/2017\/11\/CoD-2017-RFL-Resolution-ADOPTED_fr.pdf\" target=\"_blank\">R\u00e9solution adopt\u00e9e<\/a>\u00a0(CD\/17\/R9)<br><a rel=\"noreferrer noopener\" href=\"http:\/\/rcrcconference.org\/wp-content\/uploads\/2017\/09\/CD-17-11_-RFL-Background-report_finalized_FR.pdf\" target=\"_blank\">Document de r\u00e9f\u00e9rence<\/a>\u00a0(CD\/17\/11)<br><br><strong>Droit international humanitaire<\/strong><br><a rel=\"noreferrer noopener\" href=\"http:\/\/rcrcconference.org\/wp-content\/uploads\/2017\/11\/CoD-2017-IHL-Resolution-ADOPTED_fr.pdf\" target=\"_blank\">R\u00e9solution adopt\u00e9e<\/a>\u00a0(CD\/17\/R10)<br><a rel=\"noreferrer noopener\" href=\"http:\/\/rcrcconference.org\/wp-content\/uploads\/2017\/09\/CD-17-12.1-IHL-Background-report-Part-1_fr.pdf\" target=\"_blank\">Rapport partie 1<\/a>(CD\/17\/12.1)<br><a rel=\"noreferrer noopener\" href=\"http:\/\/rcrcconference.org\/wp-content\/uploads\/2017\/09\/CD-17-12.2-IHL-Background-report-Part-2_fr.pdf\" target=\"_blank\">Rapport partie 2<\/a>\u00a0(CD\/17\/12.2)<br><br><strong>Le pouvoir de l\u2019humanit\u00e9<\/strong><br><a rel=\"noreferrer noopener\" href=\"http:\/\/rcrcconference.org\/wp-content\/uploads\/2017\/08\/CoD17_R11-Omnibus-2019-resolution_ADOPTED_FR.pdf\" target=\"_blank\">R\u00e9solution adopt\u00e9e<\/a>\u00a0(CD\/17\/R11)<br><br><strong>Renforcer l\u2019\u00e9galit\u00e9 de genre et l\u2019\u00e9galit\u00e9 des chances au sein des instances dirigeantes et dans l\u2019action du Mouvement international de la Croix-Rouge et du Croissant-Rouge<\/strong><br><a rel=\"noreferrer noopener\" href=\"http:\/\/rcrcconference.org\/wp-content\/uploads\/2017\/11\/S_171110_010-CoD-2017-R12-Gender-Resolution_ADOPTED_FR.pdf\" target=\"_blank\">R\u00e9solution adopt\u00e9e\u00a0<\/a>(CD\/17\/R12) \t\t\t\t\t<\/div>\n\t\t\t\t<\/li>\n\t\t\t\t\t\t\t<li class=\"accordion__item\">\n\t\t\t\t\t<div class=\"accordion__title\" role=\"button\" aria-expanded=\"false\" aria-label=\"Rapports de suivi et rapports int\u00e9rimaires\">\n\t\t\t\t\t\t<h3 class=\"accordion__title-h4\">Rapports de suivi et rapports int\u00e9rimaires<\/h3>\n\t\t\t\t\t<\/div>\n\t\t\t\t\t<div class=\"accordion__content\" role=\"region\" hidden>\n\t\t\t\t\t\t&#8211; <a aria-label=\"Rapport int\u00e9rimaire sur la r\u00e9solution 7 du Conseil des D\u00e9l\u00e9gu\u00e9s de 2013 sur \u00ab\u00a0Les armes et le droit international humanitaire\u00a0\u00bb, contenant des informations \u00e0 jour sur la mise en \u0153uvre de la Strat\u00e9gie du Mouvement concernant les mines terrestres \/ les restes explosifs de guerre. (opens in a new tab)\" rel=\"noreferrer noopener\" href=\"https:\/\/rcrcconference.org\/app\/uploads\/2019\/06\/CD-17-13_7-Weapons-and-IHL-finalized_FR.pdf\" target=\"_blank\">Rapport int\u00e9rimaire sur la r\u00e9solution 7 du Conseil des D\u00e9l\u00e9gu\u00e9s de 2013 sur \u00ab\u00a0Les armes et le droit international humanitaire\u00a0\u00bb, contenant des informations \u00e0 jour sur la mise en \u0153uvre de la Strat\u00e9gie du Mouvement concernant les mines terrestres\/restes explosifs de guerre<\/a>\u00a0(CD\/17\/13) <br><br>&#8211;  <a aria-label=\"Vision du Mouvement international de la Croix-Rouge et du Croissant-Rouge (opens in a new tab)\" rel=\"noreferrer noopener\" href=\"https:\/\/rcrcconference.org\/app\/uploads\/2019\/06\/CoD17_14-Movement-Vision-report-final-compile-FR.pdf\" target=\"_blank\">Vision du Mouvement international de la Croix-Rouge et du Croissant-Rouge<\/a>\u00a0(CD\/17\/14) <br><br>&#8211;  <a aria-label=\"Rapport int\u00e9rimaire sur \u00ab\u00a0L\u2019initiative du Mouvement international de la Croix-Rouge et du Croissant-Rouge relative \u00e0 la marque \u2013 Adoption du logo du Mouvement international de la Croix-Rouge et du Croissant-Rouge\u00a0\u00bb (opens in a new tab)\" rel=\"noreferrer noopener\" href=\"https:\/\/rcrcconference.org\/app\/uploads\/2019\/06\/CD-17-15_Branding-Progress-report_FR.pdf\" target=\"_blank\">Rapport int\u00e9rimaire sur l&rsquo;\u00ab\u00a0initiative du Mouvement international de la Croix-Rouge et du Croissant-Rouge relative \u00e0 la marque \u2013 Adoption du logo du Mouvement international de la Croix-Rouge et du Croissant-Rouge\u00a0\u00bb<\/a>\u00a0\u00a0(CD\/17\/15) <br><br>&#8211;  <a aria-label=\"Rapport int\u00e9rimaire sur le Cadre strat\u00e9gique pour l\u2019int\u00e9gration du handicap par le Mouvement international de la Croix-Rouge et du Croissant-Rouge (opens in a new tab)\" rel=\"noreferrer noopener\" href=\"https:\/\/rcrcconference.org\/app\/uploads\/2019\/06\/COD17-DisabilityInclusion_report-final-clean-FR.pdf\" target=\"_blank\">Rapport int\u00e9rimaire sur le Cadre strat\u00e9gique pour l\u2019int\u00e9gration du handicap par le Mouvement international de la Croix-Rouge et du Croissant-Rouge<\/a>\u00a0(CD\/17\/17) <br><br>&#8211;  <a aria-label=\"Rapport sur le Fonds de l\u2019Imp\u00e9ratrice Sh\u00f4ken (opens in a new tab)\" rel=\"noreferrer noopener\" href=\"https:\/\/rcrcconference.org\/app\/uploads\/2019\/06\/CoD17_18-Empress-Shoken-Fund-Report-final-20170915-clean-FR.pdf\" target=\"_blank\">Rapport sur le Fonds de l\u2019Imp\u00e9ratrice Sh\u00f4ken<\/a>\u00a0(CD\/17\/18) <br><br>&#8211; <a aria-label=\"Rapport int\u00e9rimaire sur la r\u00e9vision des statuts et de l\u2019assise juridique des Soci\u00e9t\u00e9s nationales et le processus d\u2019examen des lignes directrices en cours (opens in a new tab)\" rel=\"noreferrer noopener\" href=\"https:\/\/rcrcconference.org\/app\/uploads\/2019\/06\/CoD17_19-JointStatutesCommissin-Report-with-annex-final-clean-FR.pdf\" target=\"_blank\">Rapport int\u00e9rimaire sur la r\u00e9vision des statuts et de l\u2019assise juridique des Soci\u00e9t\u00e9s nationales et le processus d\u2019examen des lignes directrices en cours<\/a>\u00a0(CD\/17\/19) <br><br>&#8211;  <a aria-label=\" (opens in a new tab)\" rel=\"noreferrer noopener\" href=\"https:\/\/rcrcconference.org\/app\/uploads\/2019\/06\/CD-17-20_StandCom-report-finalized_fr.pdf\" target=\"_blank\">Rapport sur les travaux de la Commission permanente<\/a> (CD\/17\/20) <br><br>&#8211;  <a aria-label=\"Examen \u00e0 mi-parcours des r\u00e9sultats de la XXXIIe\u00a0Conf\u00e9rence internationale de la Croix-Rouge et du Croissant-Rouge (opens in a new tab)\" rel=\"noreferrer noopener\" href=\"https:\/\/rcrcconference.org\/app\/uploads\/2019\/06\/CoD17_21-32nd_IC-MTR_report_FR.pdf\" target=\"_blank\">Examen \u00e0 mi-parcours des r\u00e9sultats de la XXXII<\/a><sup><a aria-label=\"Examen \u00e0 mi-parcours des r\u00e9sultats de la XXXIIe\u00a0Conf\u00e9rence internationale de la Croix-Rouge et du Croissant-Rouge (opens in a new tab)\" rel=\"noreferrer noopener\" href=\"https:\/\/rcrcconference.org\/app\/uploads\/2019\/06\/CoD17_21-32nd_IC-MTR_report_FR.pdf\" target=\"_blank\">e<\/a><\/sup><a aria-label=\"Examen \u00e0 mi-parcours des r\u00e9sultats de la XXXIIe\u00a0Conf\u00e9rence internationale de la Croix-Rouge et du Croissant-Rouge (opens in a new tab)\" rel=\"noreferrer noopener\" href=\"https:\/\/rcrcconference.org\/app\/uploads\/2019\/06\/CoD17_21-32nd_IC-MTR_report_FR.pdf\" target=\"_blank\">\u00a0Conf\u00e9rence internationale de la Croix-Rouge et du Croissant-Rouge<\/a>\u00a0(CD\/17\/21) <br>\t\t\t\t\t<\/div>\n\t\t\t\t<\/li>\n\t\t\t\t\t\t\t<li class=\"accordion__item\">\n\t\t\t\t\t<div class=\"accordion__title\" role=\"button\" aria-expanded=\"false\" aria-label=\"Compte rendu analytique\">\n\t\t\t\t\t\t<h3 class=\"accordion__title-h4\">Compte rendu analytique<\/h3>\n\t\t\t\t\t<\/div>\n\t\t\t\t\t<div class=\"accordion__content\" role=\"region\" hidden>\n\t\t\t\t\t\t<a href=\"https:\/\/rcrcconference.org\/app\/uploads\/2021\/03\/Council-of-Delegates-2017-summary-record-FINAL-FR.pdf\" target=\"_blank\" rel=\"noreferrer noopener\" aria-label=\"Compte rendu analytique (opens in a new tab)\">Compte rendu analytique<\/a>\t\t\t\t\t<\/div>\n\t\t\t\t<\/li>\n\t\t\t\t\t<\/ul>\n\t<\/section>\n","protected":false},"excerpt":{"rendered":"","protected":false},"author":1,"featured_media":1866,"parent":2496,"menu_order":0,"comment_status":"closed","ping_status":"closed","template":"page-anchor-menu.php","meta":{"_acf_changed":false,"footnotes":""},"class_list":["post-2391","page","type-page","status-publish","has-post-thumbnail","hentry"],"acf":[],"_links":{"self":[{"href":"https:\/\/rcrcconference.org\/fr\/wp-json\/wp\/v2\/pages\/2391"}],"collection":[{"href":"https:\/\/rcrcconference.org\/fr\/wp-json\/wp\/v2\/pages"}],"about":[{"href":"https:\/\/rcrcconference.org\/fr\/wp-json\/wp\/v2\/types\/page"}],"author":[{"embeddable":true,"href":"https:\/\/rcrcconference.org\/fr\/wp-json\/wp\/v2\/users\/1"}],"replies":[{"embeddable":true,"href":"https:\/\/rcrcconference.org\/fr\/wp-json\/wp\/v2\/comments?post=2391"}],"version-history":[{"count":12,"href":"https:\/\/rcrcconference.org\/fr\/wp-json\/wp\/v2\/pages\/2391\/revisions"}],"predecessor-version":[{"id":28224,"href":"https:\/\/rcrcconference.org\/fr\/wp-json\/wp\/v2\/pages\/2391\/revisions\/28224"}],"up":[{"embeddable":true,"href":"https:\/\/rcrcconference.org\/fr\/wp-json\/wp\/v2\/pages\/2496"}],"wp:featuredmedia":[{"embeddable":true,"href":"https:\/\/rcrcconference.org\/fr\/wp-json\/wp\/v2\/media\/1866"}],"wp:attachment":[{"href":"https:\/\/rcrcconference.org\/fr\/wp-json\/wp\/v2\/media?parent=2391"}],"curies":[{"name":"wp","href":"https:\/\/api.w.org\/{rel}","templated":true}]}}