{"id":8647,"date":"2019-09-24T08:43:01","date_gmt":"2019-09-24T08:43:01","guid":{"rendered":"https:\/\/rcrcconference.org\/about\/33rd-international-conference\/at-a-glance\/"},"modified":"2019-11-26T13:46:19","modified_gmt":"2019-11-26T13:46:19","slug":"at-a-glance","status":"publish","type":"page","link":"https:\/\/rcrcconference.org\/es\/about\/33rd-international-conference\/at-a-glance\/","title":{"rendered":"La XXXIII Conferencia Internacional, de un vistazo"},"content":{"rendered":"<section class=\"banner small\" style=\"background-image: url('https:\/\/rcrcconference.org\/app\/uploads\/2019\/05\/26168569695_0cbfcb3739_o-e1569313053708.jpg');\">\n\t<div class=\"container\">\n\t\t<div class=\"banner__inner\">\n\t\t\t<div class=\"banner__title\">\n\t\t\t\t<h1>XXXIII Conferencia Internacional, de un vistazo<\/h1>\n\t\t\t<\/div>\n                        \t\t<\/div>\n\t<\/div>\n<\/section>\n\n\n\n<section class=\"wp-block-red-cross-block-red-cross-text-block about\"><div class=\"container\"><div class=\"about__inner\"><div class=\"about__title\"><h3>\u00bfC\u00f3mo ser\u00e1n los debates?<\/h3><\/div><div class=\"about__content\">Esta edici\u00f3n de la Conferencia Internacional ofrecer\u00e1 a los participantes la oportunidad de discutir sus temas principales a trav\u00e9s de sesiones formales: sesiones plenarias, comisiones y declaraciones oficiales (\u201c<a href=\"https:\/\/rcrcconference.org\/es\/about\/33rd-international-conference\/for-the-record-voices-from-the-conference\/\" target=\"_blank\" rel=\"noreferrer noopener\" aria-label=\"Para la memoria: voces de la Conferencia (opens in a new tab)\"><strong>Para la memoria: voces de la Conferencia<\/strong><\/a>\u201d); as\u00ed como sesiones informales que incluyen <a href=\"https:\/\/rcrcconference.org\/es\/about\/33rd-international-conference\/side-events-33rd-international-conference\/\" target=\"_blank\" rel=\"noreferrer noopener\" aria-label=\"eventos paralelos (opens in a new tab)\"><strong>eventos paralelos<\/strong><\/a>, la aldea humanitaria y oportunidades de intercambio. Los participantes tambi\u00e9n tendr\u00e1n la oportunidad de explorar la historia del Movimiento Internacional de la Cruz Roja y de la Media Luna Roja a trav\u00e9s de <a href=\"https:\/\/rcrcconference.org\/es\/trail\/\" target=\"_blank\" rel=\"noreferrer noopener\" aria-label=\"un sendero humanitario (opens in a new tab)\"><strong>un sendero humanitario<\/strong><\/a> en la ciudad de Ginebra.<\/div><\/div><\/div><\/section>\n\n\n\n<div class=\"wp-block-image\"><figure class=\"aligncenter\"><img loading=\"lazy\" decoding=\"async\" width=\"747\" height=\"1024\" src=\"https:\/\/rcrcconference.org\/app\/uploads\/2019\/09\/33IC_What-is-on-the-agenda_SPANISH-747x1024.jpg\" alt=\"\" class=\"wp-image-8734\" srcset=\"https:\/\/rcrcconference.org\/app\/uploads\/2019\/09\/33IC_What-is-on-the-agenda_SPANISH-747x1024.jpg 747w, https:\/\/rcrcconference.org\/app\/uploads\/2019\/09\/33IC_What-is-on-the-agenda_SPANISH-219x300.jpg 219w, https:\/\/rcrcconference.org\/app\/uploads\/2019\/09\/33IC_What-is-on-the-agenda_SPANISH-768x1053.jpg 768w\" sizes=\"(max-width: 747px) 100vw, 747px\" \/><figcaption>para descargar la infograf\u00eda haga <a aria-label=\"clic aqu\u00ed (opens in a new tab)\" rel=\"noreferrer noopener\" href=\"https:\/\/rcrcconference.org\/app\/uploads\/2019\/09\/33IC_What-is-on-the-agenda_SPANISH.pdf\" target=\"_blank\"><em>clic aqu\u00ed<\/em><\/a><br><br><a><br><\/a><\/figcaption><\/figure><\/div>\n\n\n\n<section class=\"wp-block-red-cross-block-red-cross-text-block about\"><div class=\"container\"><div class=\"about__inner\"><div class=\"about__title\"><h3>\u00bfCu\u00e1les son los temas principales?<\/h3><\/div><div class=\"about__content\">Los tres d\u00edas de la Conferencia Internacional se dedicar\u00e1n a un tema clave cada uno: \u00ab<a rel=\"noreferrer noopener\" aria-label=\"derecho internacional humanitario (opens in a new tab)\" href=\"https:\/\/rcrcconference.org\/es\/about\/33rd-international-conference\/derecho-internacional-humanitario-la-proteccion-de-las-personas-en-los-conflictos-armados\/\" target=\"_blank\"><strong>derecho internacional humanitario<\/strong><\/a>\u00ab, \u00ab<a href=\"https:\/\/rcrcconference.org\/es\/about\/33rd-international-conference\/evolucion-de-las-vulnerabilidades\/\"><strong>la <\/strong><\/a><strong><a href=\"https:\/\/rcrcconference.org\/es\/about\/33rd-international-conference\/evolucion-de-las-vulnerabilidades\/\" target=\"_blank\" rel=\"noreferrer noopener\" aria-label=\"evoluci\u00f3n de las vulnerabilidades (opens in a new tab)\">evoluci\u00f3n de las vulnerabilidades<\/a><\/strong>\u00bb (con subtemas importantes como salud y salud mental, cambio clim\u00e1tico, transformaci\u00f3n digital, migraci\u00f3n y desplazamiento y desaf\u00edos urbanos) y \u00abla <a rel=\"noreferrer noopener\" aria-label=\"confianza en la acci\u00f3n humanitaria (opens in a new tab)\" href=\"https:\/\/rcrcconference.org\/es\/about\/33rd-international-conference\/confianza-en-la-accion-humanitaria\/\" target=\"_blank\"><strong>confianza en la acci\u00f3n humanitaria<\/strong><\/a>\u00ab. <\/div><\/div><\/div><\/section>\n\n\n\n<div class=\"wp-block-image\"><figure class=\"aligncenter\"><img loading=\"lazy\" decoding=\"async\" width=\"1024\" height=\"724\" src=\"https:\/\/rcrcconference.org\/app\/uploads\/2019\/11\/RCC_01_whatscomingup_SPANISH-page-001-1024x724.jpg\" alt=\"\" class=\"wp-image-11311\" srcset=\"https:\/\/rcrcconference.org\/app\/uploads\/2019\/11\/RCC_01_whatscomingup_SPANISH-page-001-1024x724.jpg 1024w, https:\/\/rcrcconference.org\/app\/uploads\/2019\/11\/RCC_01_whatscomingup_SPANISH-page-001-300x212.jpg 300w, https:\/\/rcrcconference.org\/app\/uploads\/2019\/11\/RCC_01_whatscomingup_SPANISH-page-001-768x543.jpg 768w, https:\/\/rcrcconference.org\/app\/uploads\/2019\/11\/RCC_01_whatscomingup_SPANISH-page-001.jpg 1754w\" sizes=\"(max-width: 1024px) 100vw, 1024px\" \/><figcaption> para descargar la infograf\u00eda haga <a rel=\"noreferrer noopener\" aria-label=\"clic aqu\u00ed (opens in a new tab)\" href=\"https:\/\/rcrcconference.org\/app\/uploads\/2019\/11\/RCC_01_whatscomingup_SPANISH.pdf\" target=\"_blank\"><strong><em>clic aqu\u00ed<\/em><\/strong><\/a><br> <\/figcaption><\/figure><\/div>\n\n\n\n<section class=\"wp-block-red-cross-block-red-cross-text-block about\"><div class=\"container\"><div class=\"about__inner\"><div class=\"about__title\"><h3>\u00bfCu\u00e1les son los principales resultados?<\/h3><\/div><div class=\"about__content\"><a href=\"https:\/\/rcrcconference.org\/es\/about\/33rd-international-conference\/documents\/\" target=\"_blank\" rel=\"noreferrer noopener\" aria-label=\"Las resoluciones (opens in a new tab)\"><strong>Las resoluciones<\/strong><\/a> y <a href=\"https:\/\/rcrcconference.org\/es\/about\/pledges\/\" target=\"_blank\" rel=\"noreferrer noopener\" aria-label=\"promesas  (opens in a new tab)\"><strong>promesas <\/strong><\/a>son formas clave en que la Conferencia Internacional registra sus decisiones y llama a sus miembros a la acci\u00f3n. Otros resultados incluyen, asociaciones fortalecidas y nuevas, ampliaci\u00f3n del conocimiento y un mayor sentido de unidad. <\/div><\/div><\/div><\/section>\n\n\n\n<div class=\"wp-block-image\"><figure class=\"aligncenter\"><img loading=\"lazy\" decoding=\"async\" width=\"1024\" height=\"724\" src=\"https:\/\/rcrcconference.org\/app\/uploads\/2019\/11\/RCC_03_mainoutcomes_FINAL_SPANISH-page-001-1024x724.jpg\" alt=\"\" class=\"wp-image-11531\" srcset=\"https:\/\/rcrcconference.org\/app\/uploads\/2019\/11\/RCC_03_mainoutcomes_FINAL_SPANISH-page-001-1024x724.jpg 1024w, https:\/\/rcrcconference.org\/app\/uploads\/2019\/11\/RCC_03_mainoutcomes_FINAL_SPANISH-page-001-300x212.jpg 300w, https:\/\/rcrcconference.org\/app\/uploads\/2019\/11\/RCC_03_mainoutcomes_FINAL_SPANISH-page-001-768x543.jpg 768w, https:\/\/rcrcconference.org\/app\/uploads\/2019\/11\/RCC_03_mainoutcomes_FINAL_SPANISH-page-001.jpg 1754w\" sizes=\"(max-width: 1024px) 100vw, 1024px\" \/><figcaption>  para descargar la infograf\u00eda haga <strong><em><a href=\"https:\/\/rcrcconference.org\/app\/uploads\/2019\/11\/RCC_03_mainoutcomes_FINAL_SPANISH.pdf\" target=\"_blank\" rel=\"noreferrer noopener\" aria-label=\"clic aqu\u00ed (opens in a new tab)\">clic aqu\u00ed<\/a><\/em><\/strong> <\/figcaption><\/figure><\/div>\n","protected":false},"excerpt":{"rendered":"","protected":false},"author":1,"featured_media":0,"parent":507,"menu_order":0,"comment_status":"closed","ping_status":"closed","template":"front-page.php","meta":{"_acf_changed":false,"footnotes":""},"class_list":["post-8647","page","type-page","status-publish","hentry"],"acf":[],"_links":{"self":[{"href":"https:\/\/rcrcconference.org\/es\/wp-json\/wp\/v2\/pages\/8647"}],"collection":[{"href":"https:\/\/rcrcconference.org\/es\/wp-json\/wp\/v2\/pages"}],"about":[{"href":"https:\/\/rcrcconference.org\/es\/wp-json\/wp\/v2\/types\/page"}],"author":[{"embeddable":true,"href":"https:\/\/rcrcconference.org\/es\/wp-json\/wp\/v2\/users\/1"}],"replies":[{"embeddable":true,"href":"https:\/\/rcrcconference.org\/es\/wp-json\/wp\/v2\/comments?post=8647"}],"version-history":[{"count":15,"href":"https:\/\/rcrcconference.org\/es\/wp-json\/wp\/v2\/pages\/8647\/revisions"}],"predecessor-version":[{"id":12272,"href":"https:\/\/rcrcconference.org\/es\/wp-json\/wp\/v2\/pages\/8647\/revisions\/12272"}],"up":[{"embeddable":true,"href":"https:\/\/rcrcconference.org\/es\/wp-json\/wp\/v2\/pages\/507"}],"wp:attachment":[{"href":"https:\/\/rcrcconference.org\/es\/wp-json\/wp\/v2\/media?parent=8647"}],"curies":[{"name":"wp","href":"https:\/\/api.w.org\/{rel}","templated":true}]}}