{"id":4126,"date":"2019-05-15T16:03:49","date_gmt":"2019-05-15T16:03:49","guid":{"rendered":"https:\/\/rcrcconference.org\/about\/33rd-international-conference\/documents\/"},"modified":"2024-08-27T10:41:41","modified_gmt":"2024-08-27T10:41:41","slug":"documents","status":"publish","type":"page","link":"https:\/\/rcrcconference.org\/es\/about\/33rd-international-conference\/documents\/","title":{"rendered":"Documentos"},"content":{"rendered":"\n<div style=\"height:100px\" aria-hidden=\"true\" class=\"wp-block-spacer\"><\/div>\n\n\n<div class=\"anchor__menu-title\" role=\"presentation\">\n\t<div class=\"container\">\t\t\t<h2 class=\"anchor__menu-h2\">Resoluciones aprobadas<\/h2>\n\t\t<\/div><\/div>\n\n\n<section class=\"accordion-block\" style=\"background-color: #ffffff; color: #8C8C8C\" role=\"region\" aria-label=\"Pedges accordion block\">\n\t\t\t\t<ul class=\"accordion\">\n\t\t\t\t\t\t\t<li class=\"accordion__item\">\n\t\t\t\t\t<div class=\"accordion__title\" role=\"button\" aria-expanded=\"false\" aria-label=\"Resoluciones aprobadas\">\n\t\t\t\t\t\t<h3 class=\"accordion__title-h4\">Resoluciones aprobadas<\/h3>\n\t\t\t\t\t<\/div>\n\t\t\t\t\t<div class=\"accordion__content\" role=\"region\" hidden>\n\t\t\t\t\t\t&#8211; Resoluci\u00f3n 1: <a aria-label=\"Acercar el DIH: hoja de ruta para una mejor implementaci\u00f3n del derecho internacional humanitario a nivel nacional   (opens in a new tab)\" rel=\"noreferrer noopener\" href=\"https:\/\/rcrcconference.org\/app\/uploads\/2019\/12\/33IC-R1-Bringing-IHL-home_es.pdf\" target=\"_blank\">Acercar el DIH: hoja de ruta para una mejor implementaci\u00f3n del derecho internacional humanitario a nivel nacional <\/a>(33IC\/19\/R1)<br><br>&#8211;  Resoluci\u00f3n 2: <a aria-label=\"Atencio\u0301n a las necesidades psicosociales y de salud mental de las personas afectadas por conflictos armados, cata\u0301strofes naturales y otras emergencias (opens in a new tab)\" rel=\"noreferrer noopener\" href=\"https:\/\/rcrcconference.org\/app\/uploads\/2019\/12\/33IC-R2-MHPSS-_CLEAN_ADOPTED_ES.pdf\" target=\"_blank\">Atencio\u0301n a las necesidades psicosociales y de salud mental de las personas afectadas por conflictos armados, cata\u0301strofes naturales y otras emergencias<\/a> (33IC\/19\/R2)<br><br>&#8211;  Resoluci\u00f3n 3: <a aria-label=\"El momento de actuar:  juntos en la lucha ante epidemias y pandemias (opens in a new tab)\" rel=\"noreferrer noopener\" href=\"https:\/\/rcrcconference.org\/app\/uploads\/2019\/12\/33IC_R3-Epidemic_Pandemic-resolution-adopted-final-ES.pdf\" target=\"_blank\">El momento de actuar:  juntos en la lucha ante epidemias y pandemias<\/a> (33IC\/19\/R3)<br><br> &#8211;  Resoluci\u00f3n 4:<a aria-label=\" Restablecimiento del contacto entre familiares en un marco de respeto de la privacidad, incluso en materia de protecci\u00f3n de los datos personales  (opens in a new tab)\" rel=\"noreferrer noopener\" href=\"https:\/\/rcrcconference.org\/app\/uploads\/2019\/12\/33IC-R4-RFL_es.pdf\" target=\"_blank\"> Restablecimiento del contacto entre familiares en un marco de respeto de la privacidad, incluso en materia de protecci\u00f3n de los datos personales <\/a>(33IC\/19\/R4)<br><br> &#8211;  Resoluci\u00f3n 5: <a aria-label=\"Mujeres y liderazgo en la acci\u00f3n humanitaria del Movimiento Internacional de la Cruz Roja y de la Media Luna Roja (opens in a new tab)\" rel=\"noreferrer noopener\" href=\"https:\/\/rcrcconference.org\/app\/uploads\/2019\/12\/33IC-R5-Women-leadership-final_es.pdf\" target=\"_blank\">Mujeres y liderazgo en la acci\u00f3n humanitaria del Movimiento Internacional de la Cruz Roja y de la Media Luna Roja<\/a> (33IC\/19\/R5)<br><br> &#8211;  Resoluci\u00f3n 6: <a aria-label=\"Act\u00faa hoy, forja el ma\u00f1ana  (opens in a new tab)\" rel=\"noreferrer noopener\" href=\"https:\/\/rcrcconference.org\/app\/uploads\/2019\/12\/33IC-R6-Act-Today-Shape-Tomorrow_es.pdf\" target=\"_blank\">Act\u00faa hoy, forja el ma\u00f1ana <\/a>(33IC\/19\/R6)<br><br> &#8211;  Resoluci\u00f3n 7:<a aria-label=\" Normas jur\u00eddicas y pol\u00edticas aplicables en casos de desastre en las que no se deje a nadie rezagado (opens in a new tab)\" rel=\"noreferrer noopener\" href=\"https:\/\/rcrcconference.org\/app\/uploads\/2019\/12\/33IC_R7-Disaster-Law-resolution-adopted-final-ES.pdf\" target=\"_blank\"> Normas jur\u00eddicas y pol\u00edticas aplicables en casos de desastre en las que no se deje a nadie rezagado<\/a> (33IC\/19\/R7)<br><br>&#8211;  Resoluci\u00f3n 8: <a aria-label=\"Aplicaci\u00f3n del Memorando de entendimiento y del Acuerdo de disposiciones operativas suscritos el 28 de noviembre de 2005 entre el Magen David Adom de Israel y la Sociedad de la Media Luna Roja Palestina (opens in a new tab)\" rel=\"noreferrer noopener\" href=\"https:\/\/rcrcconference.org\/app\/uploads\/2019\/12\/IC33-R8-MoU_es_FINAL.pdf\" target=\"_blank\">Aplicaci\u00f3n del Memorando de entendimiento y del Acuerdo de disposiciones operativas suscritos el 28 de noviembre de 2005 entre el Magen David Adom de Israel y la Sociedad de la Media Luna Roja Palestina<\/a> (33IC\/19\/R8)\t\t\t\t\t<\/div>\n\t\t\t\t<\/li>\n\t\t\t\t\t<\/ul>\n\t<\/section>\n\n\n\n<div style=\"height:48px\" aria-hidden=\"true\" class=\"wp-block-spacer\"><\/div>\n\n\n<div class=\"anchor__menu-title\" role=\"presentation\">\n\t<div class=\"container\">\t\t\t<h2 class=\"anchor__menu-h2\">Informes oficiales de la Conferencia Internacional<\/h2>\n\t\t<\/div><\/div>\n\n\n<section class=\"accordion-block\" style=\"background-color: #ffffff; color: #8C8C8C\" role=\"region\" aria-label=\"Pedges accordion block\">\n\t\t\t\t<ul class=\"accordion\">\n\t\t\t\t\t\t\t<li class=\"accordion__item\">\n\t\t\t\t\t<div class=\"accordion__title\" role=\"button\" aria-expanded=\"false\" aria-label=\"Informes oficiales de la Conferencia Internacional\">\n\t\t\t\t\t\t<h3 class=\"accordion__title-h4\">Informes oficiales de la Conferencia Internacional<\/h3>\n\t\t\t\t\t<\/div>\n\t\t\t\t\t<div class=\"accordion__content\" role=\"region\" hidden>\n\t\t\t\t\t\t&#8211; <a href=\"https:\/\/rcrcconference.org\/app\/uploads\/2021\/05\/33IC-Conference-report-SP.pdf\" target=\"_blank\" rel=\"noreferrer noopener\" aria-label=\"Informe de la Conferencia Internacional (opens in a new tab)\">Informe de la Conferencia Internacional<\/a><br>&#8211; <a rel=\"noreferrer noopener\" aria-label=\"Documento de la presidenta de la Conferencia Internacional  (opens in a new tab)\" href=\"https:\/\/rcrcconference.org\/app\/uploads\/2020\/01\/IC-Chairs-paper_final-ES.pdf\" target=\"_blank\">Documento de la presidenta de la Conferencia Internacional<\/a><br><strong><a rel=\"noreferrer noopener\" aria-label=\"Documento de la presidenta de la Conferencia Internacional  (opens in a new tab)\" href=\"https:\/\/rcrcconference.org\/app\/uploads\/2020\/01\/IC-Chairs-paper_final-ES.pdf\" target=\"_blank\"> <\/a><\/strong>  <a rel=\"noreferrer noopener\" aria-label=\"Informe del relator (opens in a new tab)\" href=\"https:\/\/rcrcconference.org\/app\/uploads\/2020\/02\/33IC-Conference-rapporteur-report-FINAL-ES.pdf\" target=\"_blank\">Informe del re<\/a><a rel=\"noreferrer noopener\" aria-label=\"lator (opens in a new tab)\" href=\"https:\/\/rcrcconference.org\/app\/uploads\/2020\/03\/33IC-Conference-rapporteur-report-FINAL-ES.pdf\" target=\"_blank\">lator<\/a>\t\t\t\t\t<\/div>\n\t\t\t\t<\/li>\n\t\t\t\t\t\t\t<li class=\"accordion__item\">\n\t\t\t\t\t<div class=\"accordion__title\" role=\"button\" aria-expanded=\"false\" aria-label=\"Informes de Comisiones\">\n\t\t\t\t\t\t<h3 class=\"accordion__title-h4\">Informes de Comisiones<\/h3>\n\t\t\t\t\t<\/div>\n\t\t\t\t\t<div class=\"accordion__content\" role=\"region\" hidden>\n\t\t\t\t\t\t<a href=\"https:\/\/rcrcconference.org\/app\/uploads\/2020\/05\/33IC-Commission-I-IHL-report_FINAL-ES-2.pdf\" target=\"_blank\" rel=\"noreferrer noopener\" aria-label=\"Comisi\u00f3n I: Derecho internacional humanitario: la protecci\u00f3n de las personas en los conflictos armados (opens in a new tab)\">Comisi\u00f3n I: Derecho internacional humanitario: la protecci\u00f3n de las personas en los conflictos armados<\/a><br><a rel=\"noreferrer noopener\" aria-label=\"Comisi\u00f3n II:  Evoluci\u00f3n de las vulnerabilidades (opens in a new tab)\" href=\"https:\/\/rcrcconference.org\/app\/uploads\/2020\/05\/33IC-Commission-II-Shifting-Vulnerabilities-report_FINAL-ES.pdf\" target=\"_blank\">Comisi\u00f3n II:  Evoluci\u00f3n de las vulnerabilidades<\/a><br><a rel=\"noreferrer noopener\" aria-label=\"Comisi\u00f3n III : Confianza en la humanitaria acci\u00f3n (opens in a new tab)\" href=\"https:\/\/rcrcconference.org\/app\/uploads\/2020\/05\/33IC-Commission-III-Trust-in-humanitarian-action-report_FINAL-ES.pdf\" target=\"_blank\">Comisi\u00f3n III : Confianza en la humanitaria acci\u00f3n<\/a>\t\t\t\t\t<\/div>\n\t\t\t\t<\/li>\n\t\t\t\t\t<\/ul>\n\t<\/section>\n\n\n\n<div style=\"height:52px\" aria-hidden=\"true\" class=\"wp-block-spacer\"><\/div>\n\n\n<div class=\"anchor__menu-title\" role=\"presentation\">\n\t<div class=\"container\">\t\t\t<h2 class=\"anchor__menu-h2\">Orden del d\u00eda y programa <\/h2>\n\t\t<\/div><\/div>\n\n\n<section class=\"accordion-block\" style=\"background-color: #ffffff; color: #8C8C8C\" role=\"region\" aria-label=\"Pedges accordion block\">\n\t\t\t\t<ul class=\"accordion\">\n\t\t\t\t\t\t\t<li class=\"accordion__item\">\n\t\t\t\t\t<div class=\"accordion__title\" role=\"button\" aria-expanded=\"false\" aria-label=\"Orden del d\u00eda y programa \">\n\t\t\t\t\t\t<h3 class=\"accordion__title-h4\">Orden del d\u00eda y programa <\/h3>\n\t\t\t\t\t<\/div>\n\t\t\t\t\t<div class=\"accordion__content\" role=\"region\" hidden>\n\t\t\t\t\t\t<strong><a rel=\"noreferrer noopener\" aria-label=\" (opens in a new tab)\" href=\"https:\/\/rcrcconference.org\/app\/uploads\/2019\/10\/33IC-Provisional-agenda_ES.pdf\" target=\"_blank\">&#8211;  Orden del d\u00eda provisional y programa <\/a><\/strong><br><strong><a href=\"https:\/\/rcrcconference.org\/app\/uploads\/2019\/12\/6_Detailed-program_FINAL_SPANISH.pdf\" target=\"_blank\" rel=\"noreferrer noopener\" aria-label=\"- Programa de la XXXIII Conferencia Internacional  (opens in a new tab)\">&#8211; Programa de la XXXIII Conferencia Internacional <\/a><\/strong>\t\t\t\t\t<\/div>\n\t\t\t\t<\/li>\n\t\t\t\t\t<\/ul>\n\t<\/section>\n\n\n\n<div style=\"height:52px\" aria-hidden=\"true\" class=\"wp-block-spacer\"><\/div>\n\n\n<div class=\"anchor__menu-title\" role=\"presentation\">\n\t<div class=\"container\">\t\t\t<h2 class=\"anchor__menu-h2\">Presentaci\u00f3n de las comisiones<\/h2>\n\t\t<\/div><\/div>\n\n\n<section class=\"accordion-block\" style=\"background-color: #ffffff; color: #8C8C8C\" role=\"region\" aria-label=\"Pedges accordion block\">\n\t\t\t\t<ul class=\"accordion\">\n\t\t\t\t\t\t\t<li class=\"accordion__item\">\n\t\t\t\t\t<div class=\"accordion__title\" role=\"button\" aria-expanded=\"false\" aria-label=\"Presentaci\u00f3n de las comisiones\">\n\t\t\t\t\t\t<h3 class=\"accordion__title-h4\">Presentaci\u00f3n de las comisiones<\/h3>\n\t\t\t\t\t<\/div>\n\t\t\t\t\t<div class=\"accordion__content\" role=\"region\" hidden>\n\t\t\t\t\t\t<strong><a href=\"https:\/\/rcrcconference.org\/app\/uploads\/2019\/10\/1_Outline-on-IHL_SPANISH_FINAL.pdf\" target=\"_blank\" rel=\"noreferrer noopener\" aria-label=\" (opens in a new tab)\">Comisi\u00f3n I:  Derecho internacional humanitario: la protecci\u00f3n de las  personas en los conflictos armados <\/a><br><\/strong><a rel=\"noreferrer noopener\" aria-label=\"Comisi\u00f3n II:  Evoluci\u00f3n de las vulnerabilidades  (opens in a new tab)\" href=\"https:\/\/rcrcconference.org\/app\/uploads\/2019\/10\/2_Outline-on-Vulnerabilities_SPANISH_FINAL.pdf\" target=\"_blank\"><strong>Comisi\u00f3n II:  Evoluci\u00f3n de las vulnerabilidades <\/strong><\/a><strong><br><\/strong><a rel=\"noreferrer noopener\" aria-label=\"Comisi\u00f3n III:   Confianza en la humanitaria acci\u00f3n  (opens in a new tab)\" href=\"https:\/\/rcrcconference.org\/app\/uploads\/2019\/10\/3_Outline-on-trust_SPANISH_FINAL.pdf\" target=\"_blank\"><strong>Comisi\u00f3n III:   Confianza en la humanitaria acci\u00f3n <\/strong><\/a>\t\t\t\t\t<\/div>\n\t\t\t\t<\/li>\n\t\t\t\t\t<\/ul>\n\t<\/section>\n\n\n\n<div style=\"height:62px\" aria-hidden=\"true\" class=\"wp-block-spacer\"><\/div>\n\n\n<div class=\"anchor__menu-title\" role=\"presentation\">\n\t<div class=\"container\">\t\t\t<h2 class=\"anchor__menu-h2\">Proyectos de resoluciones (Rev 1)  e informes de antecedentes<\/h2>\n\t\t<\/div><\/div>\n\n\n<section class=\"accordion-block\" style=\"background-color: #ffffff; color: #8C8C8C\" role=\"region\" aria-label=\"Pedges accordion block\">\n\t\t\t\t<ul class=\"accordion\">\n\t\t\t\t\t\t\t<li class=\"accordion__item\">\n\t\t\t\t\t<div class=\"accordion__title\" role=\"button\" aria-expanded=\"false\" aria-label=\"Proyectos de resoluciones (Rev 1)  e informes de antecedentes\">\n\t\t\t\t\t\t<h3 class=\"accordion__title-h4\">Proyectos de resoluciones (Rev 1)  e informes de antecedentes<\/h3>\n\t\t\t\t\t<\/div>\n\t\t\t\t\t<div class=\"accordion__content\" role=\"region\" hidden>\n\t\t\t\t\t\t <strong>&#8211; <a rel=\"noreferrer noopener\" href=\"https:\/\/rcrcconference.org\/app\/uploads\/2019\/10\/33IC-DR12.1-Bringing-IHL-home_es.pdf\" target=\"_blank\">Acercar el DIH: hoja de ruta para una mejor implementaci\u00f3n del derecho internacional humanitario a nivel nacional  <\/a>(33IC\/19\/12.1DR) <br> o  <a rel=\"noreferrer noopener\" href=\"https:\/\/rcrcconference.org\/app\/uploads\/2019\/10\/33IC-Background-document-on-IHL_es.pdf\" target=\"_blank\">Documento de antecedente<\/a> (33IC\/19\/12.1) <br><br>&#8211; <a rel=\"noreferrer noopener\" aria-label=\"Restablecimiento del contacto entre familiares en un marco de respeto de la privacidad, incluso en materia de protecci\u00f3n de los datos personales (opens in a new tab)\" href=\"https:\/\/rcrcconference.org\/app\/uploads\/2019\/12\/RFL-Resolution_12-December-FINAL-at-1430_CLEAN_ES.pdf\" target=\"_blank\">Restablecimiento del contacto entre familiares en un marco de respeto de la privacidad, incluso en materia de protecci\u00f3n de los datos personales<\/a>  (<\/strong> <strong>33IC\/19\/12.4DR rev1) <br>o  <a rel=\"noreferrer noopener\" href=\"https:\/\/rcrcconference.org\/app\/uploads\/2019\/06\/33IC-RFL-background-document_es.pdf\" target=\"_blank\">Documento de antecedente <\/a>(33IC\/19\/12.4) <br><br>&#8211; <a rel=\"noreferrer noopener\" aria-label=\"Atenci\u00f3n a las necesidades psicosociales y de salud mental de las personas afectadas por conflictos armados, cat\u00e1strofes (opens in a new tab)\" href=\"https:\/\/rcrcconference.org\/app\/uploads\/2019\/12\/190063_es-33IC_12.2DR-MHPSS-Rev2_es_12_12_2019-CLEAN.pdf\" target=\"_blank\">Atenci\u00f3n a las necesidades psicosociales y de salud mental de las personas afectadas por conflictos armados, cat\u00e1strofes<\/a><a rel=\"noreferrer noopener\" href=\"https:\/\/rcrcconference.org\/app\/uploads\/2019\/10\/33IC_12.2DR-MHPSS-Draft-resolution-FINAL-ES.pdf\" target=\"_blank\"> naturales y otras emergencias<\/a>  (<\/strong> <strong>33IC\/19\/12.2DRrev1) <br>  o  <a rel=\"noreferrer noopener\" href=\"https:\/\/rcrcconference.org\/app\/uploads\/2019\/10\/33IC_12.2-MHPSS-background-doc-final-ES.pdf\" target=\"_blank\">Documento de antecedente  <\/a>(33IC\/19\/12.2) <br><br>&#8211; <a rel=\"noreferrer noopener\" href=\"https:\/\/rcrcconference.org\/app\/uploads\/2019\/10\/33IC_12.5DR-Disaster-Law-draft-resolution-FINAL-ES.pdf\" target=\"_blank\">Normas jur\u00eddicas y pol\u00edticas aplicables en casos de desastre que contemplan factores clim\u00e1ticos, sin dejar a nadie rezagado  <\/a>(33IC\/19\/12.5DR)   <br> o <a rel=\"noreferrer noopener\" href=\"https:\/\/rcrcconference.org\/app\/uploads\/2019\/10\/33IC_12.5-Disaster-Law-background-doc-final-ES.pdf\" target=\"_blank\">Documento de antecedente<\/a> (33IC\/19\/12.5)<br>o <a rel=\"noreferrer noopener\" href=\"https:\/\/rcrcconference.org\/app\/uploads\/2019\/10\/33IC_12.5-annex-Disaster-Law-annex-draft-check-list-FINAL-ES.pdf\" target=\"_blank\">Anexo: Lista de verificaci\u00f3n sobre derecho, preparaci\u00f3n para desastres e intervenci\u00f3n a ra\u00edz de estos<\/a> \u00a0  <br><br>&#8211; <a rel=\"noreferrer noopener\" aria-label=\"El momento de actuar: juntos en el empe\u00f1o de prevenci\u00f3n de epidemias y pandemias y de intervenci\u00f3n a ra\u00edz de estas (opens in a new tab)\" href=\"https:\/\/rcrcconference.org\/app\/uploads\/2019\/12\/33IC_12.3DR-Epidemic_Pandemic-draft-resolution-Rev-12-Dec-morning-CLEAN-ES.pdf\" target=\"_blank\">El momento de actuar: juntos en el empe\u00f1o de prevenci\u00f3n de epidemias y pandemias y de intervenci\u00f3n a ra\u00edz de estas<\/a>  (33IC\/19\/12.3DR rev1) <br> o <a rel=\"noreferrer noopener\" href=\"https:\/\/rcrcconference.org\/app\/uploads\/2019\/10\/33IC_12.3-Epidemic_Pandemic-background-doc-FINAL-ES.pdf\" target=\"_blank\">Documento de antecedente <\/a> (33IC\/19\/12.3) <br><br>&#8211; <a rel=\"noreferrer noopener\" href=\"https:\/\/rcrcconference.org\/app\/uploads\/2019\/10\/33IC-DR-on-Women-leadership_ES.pdf\" target=\"_blank\">Mujeres y liderazgo en la acci\u00f3n humanitaria del Movimiento Internacional de la Cruz Roja y de la Media Luna Roja  <\/a>(33\/19\/12.6DR) <br><br>&#8211; <a rel=\"noreferrer noopener\" href=\"https:\/\/rcrcconference.org\/app\/uploads\/2019\/12\/33IC-DR7-Act-today-shape-tomorrow_ES.pdf\" target=\"_blank\">Act\u00faa hoy, forja el ma\u00f1ana<\/a>  (33IC\/19\/7DR )  <br><br>&#8211;<a rel=\"noreferrer noopener\" href=\"https:\/\/rcrcconference.org\/app\/uploads\/2019\/12\/33IC-DR12.7-on-MoU_ES.pdf\" target=\"_blank\">Aplicaci\u00f3n del Memorando de entendimiento y del Acuerdo de<br> disposiciones operativas suscritos el 28 de noviembre de 2005<br> entre el Magen David Adom en Israel y la Sociedad de la Media Luna Roja Palestina<\/a>  (33IC\/19\/12.7DR  )   <\/strong> \t\t\t\t\t<\/div>\n\t\t\t\t<\/li>\n\t\t\t\t\t<\/ul>\n\t<\/section>\n\n\n\n<div style=\"height:48px\" aria-hidden=\"true\" class=\"wp-block-spacer\"><\/div>\n\n\n<div class=\"anchor__menu-title\" role=\"presentation\">\n\t<div class=\"container\">\t\t\t<h2 class=\"anchor__menu-h2\">Seguimiento de la XXXII Conferencia Internacional de la Cruz Roja y de la Media Luna Roja y otros informes<\/h2>\n\t\t<\/div><\/div>\n\n\n<section class=\"accordion-block\" style=\"background-color: #ffffff; color: #4D4D4D\" role=\"region\" aria-label=\"Pedges accordion block\">\n\t\t\t\t<ul class=\"accordion\">\n\t\t\t\t\t\t\t<li class=\"accordion__item\">\n\t\t\t\t\t<div class=\"accordion__title\" role=\"button\" aria-expanded=\"false\" aria-label=\"Fortalecimiento del derecho internacional humanitario que protege a las personas privadas de libertad \">\n\t\t\t\t\t\t<h3 class=\"accordion__title-h4\">Fortalecimiento del derecho internacional humanitario que protege a las personas privadas de libertad <\/h3>\n\t\t\t\t\t<\/div>\n\t\t\t\t\t<div class=\"accordion__content\" role=\"region\" hidden>\n\t\t\t\t\t\t<a rel=\"noreferrer noopener\" aria-label=\" Informe sobre los progresos alcanzados (opens in a new tab)\" href=\"https:\/\/rcrcconference.org\/app\/uploads\/2019\/10\/33IC-Deprived-of-liberty_ES.pdf\" target=\"_blank\"><strong> Informe sobre los progresos alcanzados<\/strong><\/a>  (33IC\/19\/9.1)\t\t\t\t\t<\/div>\n\t\t\t\t<\/li>\n\t\t\t\t\t\t\t<li class=\"accordion__item\">\n\t\t\t\t\t<div class=\"accordion__title\" role=\"button\" aria-expanded=\"false\" aria-label=\"Aplicaci\u00f3n del Memorando de entendimiento y del Acuerdo de disposiciones operativas suscritos el 28 de noviembre de 2005 entre el Magen David Adom en Israel y la Media Luna Roja Palestina \">\n\t\t\t\t\t\t<h3 class=\"accordion__title-h4\">Aplicaci\u00f3n del Memorando de entendimiento y del Acuerdo de disposiciones operativas suscritos el 28 de noviembre de 2005 entre el Magen David Adom en Israel y la Media Luna Roja Palestina <\/h3>\n\t\t\t\t\t<\/div>\n\t\t\t\t\t<div class=\"accordion__content\" role=\"region\" hidden>\n\t\t\t\t\t\t<a rel=\"noreferrer noopener\" aria-label=\" Informe sobre los progresos alcanzados   (opens in a new tab)\" href=\"https:\/\/rcrcconference.org\/app\/uploads\/2019\/10\/33IC-MoU-Report_ES.pdf\" target=\"_blank\"><strong> Informe sobre los progresos alcanzados<\/strong>  <\/a>(CD\/19\/13 &#8211; 33IC\/19.9.5)<br><a rel=\"noreferrer noopener\" aria-label=\"Memorando de entendimiento entre el Magen David Adom de Israel y la Media Luna Roja Palestina\n (opens in a new tab)\" href=\"https:\/\/rcrcconference.org\/app\/uploads\/2019\/11\/MoU-MDA-PRCS-2005_sp.pdf\" target=\"_blank\"><strong>Memorando de entendimiento entre el Magen David Adom de Israel y la Media Luna Roja Palestina (2005)<br><\/strong><\/a><strong><a rel=\"noreferrer noopener\" aria-label=\"Acuerdo de disposiciones operativas entre el Magen David Adom de Israel y la Media Luna Roja Palestina  (opens in a new tab)\" href=\"https:\/\/rcrcconference.org\/app\/uploads\/2019\/11\/MDA-PRCS-OpAgreement-sp.pdf\" target=\"_blank\">Acuerdo de disposiciones operativas entre el Magen David Adom de Israel y la Media Luna Roja Palestina <\/a><\/strong>(2005)\t\t\t\t\t<\/div>\n\t\t\t\t<\/li>\n\t\t\t\t\t\t\t<li class=\"accordion__item\">\n\t\t\t\t\t<div class=\"accordion__title\" role=\"button\" aria-expanded=\"false\" aria-label=\"Violencia sexual y por motivos de g\u00e9nero: acci\u00f3n conjunta sobre la prevenci\u00f3n y la intervenci\u00f3n \">\n\t\t\t\t\t\t<h3 class=\"accordion__title-h4\">Violencia sexual y por motivos de g\u00e9nero: acci\u00f3n conjunta sobre la prevenci\u00f3n y la intervenci\u00f3n <\/h3>\n\t\t\t\t\t<\/div>\n\t\t\t\t\t<div class=\"accordion__content\" role=\"region\" hidden>\n\t\t\t\t\t\t<a rel=\"noreferrer noopener\" aria-label=\" Informe sobre los progresos alcanzados  (opens in a new tab)\" href=\"https:\/\/rcrcconference.org\/app\/uploads\/2019\/10\/33IC-SGBV-progress-report_ES.pdf\" target=\"_blank\"><strong> Informe sobre los progresos alcanzados<\/strong> <\/a>(33IC\/19\/9.3)\t\t\t\t\t<\/div>\n\t\t\t\t<\/li>\n\t\t\t\t\t\t\t<li class=\"accordion__item\">\n\t\t\t\t\t<div class=\"accordion__title\" role=\"button\" aria-expanded=\"false\" aria-label=\"Informe detallado sobre las actividades realizadas en el marco del proceso intergubernamental de fortalecimiento del respeto del DIH \">\n\t\t\t\t\t\t<h3 class=\"accordion__title-h4\">Informe detallado sobre las actividades realizadas en el marco del proceso intergubernamental de fortalecimiento del respeto del DIH <\/h3>\n\t\t\t\t\t<\/div>\n\t\t\t\t\t<div class=\"accordion__content\" role=\"region\" hidden>\n\t\t\t\t\t\t <a rel=\"noreferrer noopener\" aria-label=\" Informe sobre los progresos alcanzados  (opens in a new tab)\" href=\"https:\/\/rcrcconference.org\/app\/uploads\/2019\/10\/33IC-IHL-Compliance-factual-report_ES.pdf\" target=\"_blank\"> <strong>Informe sobre los progresos alcanzados<\/strong> <\/a><a rel=\"noreferrer noopener\" href=\"https:\/\/rcrcconference.org\/app\/uploads\/2019\/10\/33IC-MoU-Report_ES.pdf\" target=\"_blank\"> <\/a> (33IC\/19\/9.2)\t\t\t\t\t<\/div>\n\t\t\t\t<\/li>\n\t\t\t\t\t\t\t<li class=\"accordion__item\">\n\t\t\t\t\t<div class=\"accordion__title\" role=\"button\" aria-expanded=\"false\" aria-label=\"Aplicaci\u00f3n de la resoluci\u00f3n 5 aprobada por la XXXII Conferencia Internacional: \u201cLa protecci\u00f3n y la seguridad de los voluntarios humanitarios\u201d\">\n\t\t\t\t\t\t<h3 class=\"accordion__title-h4\">Aplicaci\u00f3n de la resoluci\u00f3n 5 aprobada por la XXXII Conferencia Internacional: \u201cLa protecci\u00f3n y la seguridad de los voluntarios humanitarios\u201d<\/h3>\n\t\t\t\t\t<\/div>\n\t\t\t\t\t<div class=\"accordion__content\" role=\"region\" hidden>\n\t\t\t\t\t\t <a rel=\"noreferrer noopener\" href=\"https:\/\/rcrcconference.org\/app\/uploads\/2019\/10\/33IC-IHL-Compliance-factual-report_ES.pdf\" target=\"_blank\"> <\/a><a rel=\"noreferrer noopener\" aria-label=\"Informe sobre los progresos alcanzados  (opens in a new tab)\" href=\"https:\/\/rcrcconference.org\/app\/uploads\/2019\/10\/33IC_9.4-Safety-security-volunteers-progress-report-FINAL-ES.pdf\" target=\"_blank\"><strong>Informe sobre los progresos alcanzados <\/strong><\/a>  (33IC\/19\/9.4)\t\t\t\t\t<\/div>\n\t\t\t\t<\/li>\n\t\t\t\t\t\t\t<li class=\"accordion__item\">\n\t\t\t\t\t<div class=\"accordion__title\" role=\"button\" aria-expanded=\"false\" aria-label=\"El derecho internacional humanitario y los desaf\u00edos de los conflictos armados contempor\u00e1neos. Reafirmar el compromiso con la protecci\u00f3n en los conflictos armados en el 70.\u00ba aniversario de los Convenios de Ginebra \">\n\t\t\t\t\t\t<h3 class=\"accordion__title-h4\">El derecho internacional humanitario y los desaf\u00edos de los conflictos armados contempor\u00e1neos. Reafirmar el compromiso con la protecci\u00f3n en los conflictos armados en el 70.\u00ba aniversario de los Convenios de Ginebra <\/h3>\n\t\t\t\t\t<\/div>\n\t\t\t\t\t<div class=\"accordion__content\" role=\"region\" hidden>\n\t\t\t\t\t\t<a rel=\"noreferrer noopener\" aria-label=\" Informe  (opens in a new tab)\" href=\"https:\/\/rcrcconference.org\/app\/uploads\/2019\/10\/33IC-IHL-Challenges-report_ES.pdf\" target=\"_blank\"> <strong>Informe <\/strong><\/a>(33IC\/19\/9.7)\t\t\t\t\t<\/div>\n\t\t\t\t<\/li>\n\t\t\t\t\t\t\t<li class=\"accordion__item\">\n\t\t\t\t\t<div class=\"accordion__title\" role=\"button\" aria-expanded=\"false\" aria-label=\"Informe general de la XXXII Conferencia Internacional de la Cruz Roja y de la Media Luna Roja\">\n\t\t\t\t\t\t<h3 class=\"accordion__title-h4\">Informe general de la XXXII Conferencia Internacional de la Cruz Roja y de la Media Luna Roja<\/h3>\n\t\t\t\t\t<\/div>\n\t\t\t\t\t<div class=\"accordion__content\" role=\"region\" hidden>\n\t\t\t\t\t\t<a href=\"https:\/\/rcrcconference.org\/app\/uploads\/2019\/12\/4_overview-report_SPANISH_FINAL.pdf\" target=\"_blank\" rel=\"noreferrer noopener\" aria-label=\"Informe general (opens in a new tab)\"><strong>Informe general<\/strong><\/a>\t\t\t\t\t<\/div>\n\t\t\t\t<\/li>\n\t\t\t\t\t<\/ul>\n\t<\/section>\n\n\n\n<div style=\"height:100px\" aria-hidden=\"true\" class=\"wp-block-spacer\"><\/div>\n\n\n<section class=\"accordion-block\" style=\"background-color: #ffffff; color: #000000\" role=\"region\" aria-label=\"Pedges accordion block\">\n\t\t\t<div class=\"accordion-block__title\" role=\"heading\" aria-level=\"3\">\n\t\t\t<h3>Reuniones estatutarias previas \u2013 Documentos disponibles en l\u00ednea <\/h3>\n\t\t<\/div>\n\t\t\t\t<ul class=\"accordion\">\n\t\t\t\t\t\t\t<li class=\"accordion__item\">\n\t\t\t\t\t<div class=\"accordion__title\" role=\"button\" aria-expanded=\"false\" aria-label=\"Reuniones estatutarias previas \u2013 Documentos disponibles en l\u00ednea \">\n\t\t\t\t\t\t<h3 class=\"accordion__title-h4\">Reuniones estatutarias previas \u2013 Documentos disponibles en l\u00ednea <\/h3>\n\t\t\t\t\t<\/div>\n\t\t\t\t\t<div class=\"accordion__content\" role=\"region\" hidden>\n\t\t\t\t\t\tLas actas, los informes y las resoluciones de las Conferencias Internacionales y de los Consejos de Delegados celebrados desde 1863 est\u00e1n disponibles en <a rel=\"noreferrer noopener\" aria-label=\"www.icrc.org\/international-conferences (opens in a new tab)\" href=\"http:\/\/www.icrc.org\/international-conferences\" target=\"_blank\"><strong>www.icrc.org\/international-conferences<\/strong><\/a>. <br> Para m\u00e1s informaci\u00f3n sobre la importante contribuci\u00f3n de las reuniones estatutarias a la historia del Movimiento y a la acci\u00f3n humanitaria, <a href=\"https:\/\/cdn.knightlab.com\/libs\/timeline3\/latest\/embed\/index.html?source=1G3644RrKN4e6n9T2XWetSXYtFz2gGLiGKeJcANfP9Gw&amp;font=Default&amp;lang=en&amp;initial_zoom=2&amp;height=650\" target=\"_blank\" rel=\"noreferrer noopener\" aria-label=\"consulte esta cronolog\u00eda interactiva. (opens in a new tab)\"><strong>consulte esta cronolog\u00eda interactiva<\/strong>.<\/a> \t\t\t\t\t<\/div>\n\t\t\t\t<\/li>\n\t\t\t\t\t<\/ul>\n\t<\/section>\n","protected":false},"excerpt":{"rendered":"","protected":false},"author":1,"featured_media":1641,"parent":507,"menu_order":0,"comment_status":"closed","ping_status":"closed","template":"page-anchor-menu.php","meta":{"_acf_changed":false,"footnotes":""},"class_list":["post-4126","page","type-page","status-publish","has-post-thumbnail","hentry"],"acf":[],"_links":{"self":[{"href":"https:\/\/rcrcconference.org\/es\/wp-json\/wp\/v2\/pages\/4126"}],"collection":[{"href":"https:\/\/rcrcconference.org\/es\/wp-json\/wp\/v2\/pages"}],"about":[{"href":"https:\/\/rcrcconference.org\/es\/wp-json\/wp\/v2\/types\/page"}],"author":[{"embeddable":true,"href":"https:\/\/rcrcconference.org\/es\/wp-json\/wp\/v2\/users\/1"}],"replies":[{"embeddable":true,"href":"https:\/\/rcrcconference.org\/es\/wp-json\/wp\/v2\/comments?post=4126"}],"version-history":[{"count":90,"href":"https:\/\/rcrcconference.org\/es\/wp-json\/wp\/v2\/pages\/4126\/revisions"}],"predecessor-version":[{"id":28536,"href":"https:\/\/rcrcconference.org\/es\/wp-json\/wp\/v2\/pages\/4126\/revisions\/28536"}],"up":[{"embeddable":true,"href":"https:\/\/rcrcconference.org\/es\/wp-json\/wp\/v2\/pages\/507"}],"wp:featuredmedia":[{"embeddable":true,"href":"https:\/\/rcrcconference.org\/es\/wp-json\/wp\/v2\/media\/1641"}],"wp:attachment":[{"href":"https:\/\/rcrcconference.org\/es\/wp-json\/wp\/v2\/media?parent=4126"}],"curies":[{"name":"wp","href":"https:\/\/api.w.org\/{rel}","templated":true}]}}