{"id":3039,"date":"2019-05-23T05:39:06","date_gmt":"2019-05-23T05:39:06","guid":{"rendered":"https:\/\/rcrcconference.org\/council-of-delegates\/2017-council-of-delegates\/"},"modified":"2024-08-25T14:45:23","modified_gmt":"2024-08-25T14:45:23","slug":"2017-council-of-delegates","status":"publish","type":"page","link":"https:\/\/rcrcconference.org\/es\/about-2\/previous-council-of-delegates\/2017-council-of-delegates\/","title":{"rendered":"Consejo de Delegados 2017"},"content":{"rendered":"\n<div style=\"height:100px\" aria-hidden=\"true\" class=\"wp-block-spacer\"><\/div>\n\n\n<div class=\"anchor__menu-title\" role=\"presentation\">\n\t<div class=\"container\">\t\t\t<h2 class=\"anchor__menu-h2\">Resoluciones e informes<\/h2>\n\t\t<\/div><\/div>\n\n\n<section class=\"about\" style=\"background-color: #ffffff; color: #4D4D4D\">\n\t<div class=\"container\">\n\t\t<div class=\"about__inner\">\n\t\t\t\t\t\t\t<div class=\"about__title\">\n\t\t\t\t\t<h3><\/h3>\n\t\t\t\t<\/div>\n\t\t\t\t\t\t\t\t\t\t<ul class=\"accordion\">\n\t\t\t\t\t\t\t\t\t\t\t<li class=\"accordion__item\">\n\t\t\t\t\t\t\t<div class=\"accordion__title\">\n\t\t\t\t\t\t\t\t<h4>Resoluciones e informes<\/h4>\n\t\t\t\t\t\t\t<\/div>\n\t\t\t\t\t\t\t<div class=\"accordion__content\">\n\t\t\t\t\t\t\t\t<strong>Fortalecimiento de la coordinaci\u00f3n y la cooperaci\u00f3n en el Movimiento<\/strong><br><a rel=\"noreferrer noopener\" href=\"http:\/\/rcrcconference.org\/wp-content\/uploads\/2017\/08\/S_170922_007-CoD-2017-IP-05-DR-Movement-Cooperation_final_REV1_aprobada-SP.pdf\" target=\"_blank\">Resoluci\u00f3n aprobada<\/a>\u00a0(CD\/17\/R1)<br><a rel=\"noreferrer noopener\" href=\"http:\/\/rcrcconference.org\/wp-content\/uploads\/2017\/08\/CoD17_5-SMCC-Progress-Report-final-clean-with-annexes-ES.pdf\" target=\"_blank\">Informe\u00a0 de situaci\u00f3n<\/a>\u00a0(CD\/17\/5)<br><br><strong>Principios del Movimiento en materia de movilizaci\u00f3n de recursos<\/strong><br><a rel=\"noreferrer noopener\" href=\"http:\/\/rcrcconference.org\/wp-content\/uploads\/2017\/08\/171540_ICRC-CoD-2017-IP-06-DR-Resource-Mobilization_final_REV1_aprobada-SP.pdf\" target=\"_blank\">Resoluci\u00f3n aprobada<\/a>\u00a0(CD\/17\/R2)<br><a rel=\"noreferrer noopener\" href=\"http:\/\/rcrcconference.org\/wp-content\/uploads\/2017\/09\/CD-17-6-RM-Background-Report-final_ES.pdf\" target=\"_blank\">Informe de antecedentes<\/a>\u00a0(CD\/17\/6)<br><br><strong>Exhortaci\u00f3n a la acci\u00f3n por parte del Movimiento con respecto a la atenci\u00f3n de las necesidades humanitarias de los migrantes vulnerables<\/strong><br><a rel=\"noreferrer noopener\" href=\"http:\/\/rcrcconference.org\/wp-content\/uploads\/2017\/08\/171521_ICRC-CoD17-IP-07-DR-Migrants_final_REV1_aprobada-SP.pdf\" target=\"_blank\">Resoluci\u00f3n aprobada<\/a>\u00a0(CD\/17\/R3)<br><a rel=\"noreferrer noopener\" href=\"http:\/\/rcrcconference.org\/wp-content\/uploads\/2017\/08\/CoD17_07-migration-background-report-final-clean-ES.pdf\" target=\"_blank\">Informe de antecedentes\u00a0<\/a>\u00a0 (CD\/17\/7)<br><br><strong>Labor encaminada a la eliminaci\u00f3n de armas nucleares<\/strong><br><a rel=\"noreferrer noopener\" href=\"http:\/\/rcrcconference.org\/wp-content\/uploads\/2017\/08\/S_171108_016-CoD17-IP-08-DR-Nuclear-Weapons_final_REV3_SP_aprobada.pdf\" target=\"_blank\">Resoluci\u00f3n aprobada<\/a>\u00a0(CD\/17\/R4)<br><a rel=\"noreferrer noopener\" href=\"http:\/\/rcrcconference.org\/wp-content\/uploads\/2017\/09\/CD-17-8-NW-Background-Report_final_ES.pdf\" target=\"_blank\">Informe\u00a0de referencia<\/a>\u00a0(CD\/17\/8)<br><br><strong>Aplicaci\u00f3n del Memorando de entendimiento y del Acuerdo de disposiciones operativas, suscrito el 28 de noviembre de 2005, entre la Media Luna Roja Palestina y el Magen David Adom en Israel<\/strong><br><a rel=\"noreferrer noopener\" href=\"http:\/\/rcrcconference.org\/wp-content\/uploads\/2017\/08\/CoD-17-R5_MoU_Adopted_SP.pdf\" target=\"_blank\">Resoluci\u00f3n aprobada<\/a>\u00a0(CD\/17\/R5)<br><br><strong>Educaci\u00f3n: necesidades humanitarias conexas<\/strong><br><a rel=\"noreferrer noopener\" href=\"http:\/\/rcrcconference.org\/wp-content\/uploads\/2017\/08\/CoD-17-Resolution-6_SP.pdf\" target=\"_blank\">Resoluci\u00f3n aprobada<\/a>\u00a0(CD\/17\/R6)<br><a rel=\"noreferrer noopener\" href=\"http:\/\/rcrcconference.org\/wp-content\/uploads\/2017\/09\/CD-17-9-Education-Background-report-ES.pdf\" target=\"_blank\">Informe\u00a0de antecedentes\u00a0<\/a>(CD\/17\/9)<br><br><strong>Atenci\u00f3n en materia de salud mental y atenci\u00f3n psicosocial<\/strong><br><a rel=\"noreferrer noopener\" href=\"http:\/\/rcrcconference.org\/wp-content\/uploads\/2017\/08\/CoD-17-Resolution-7_SP.pdf\" target=\"_blank\">Resoluci\u00f3n aprobada<\/a>\u00a0(CD\/17\/R7)<br><a rel=\"noreferrer noopener\" href=\"http:\/\/rcrcconference.org\/wp-content\/uploads\/2017\/08\/CoD17_10.1-MHPSS-background-paper-FINAL-clean-ES1.pdf\" target=\"_blank\">Informe\u00a0de antecedentes\u00a0<\/a>(CD\/17\/10.1)<br><br><strong>Labor orientada a la determinaci\u00f3n de un enfoque del Movimiento Internacional de la Cruz Roja y de la Media Luna Roja ante epidemias y pandemias<\/strong><br><a rel=\"noreferrer noopener\" href=\"http:\/\/rcrcconference.org\/wp-content\/uploads\/2017\/08\/CoD-17-Resolution-8-Pandemics_SP.pdf\" target=\"_blank\">Resoluci\u00f3n aprobada<\/a>\u00a0(CD\/17\/R8)<br><a rel=\"noreferrer noopener\" href=\"http:\/\/rcrcconference.org\/wp-content\/uploads\/2017\/08\/CoD17_10.2-pandemics-report-FINAL-clean-ES.pdf\" target=\"_blank\">Informe de antecedentes<\/a>\u00a0(CD\/17\/10.2)<br><br><strong>Elaboraci\u00f3n de la estrategia para el restablecimiento del contacto entre familiares<\/strong><br><a rel=\"noreferrer noopener\" href=\"http:\/\/rcrcconference.org\/wp-content\/uploads\/2017\/08\/CoD17-RFL-R9_SP.pdf\" target=\"_blank\">Resoluci\u00f3n aprobada<\/a>\u00a0(CD\/17\/R9)<br><a rel=\"noreferrer noopener\" href=\"http:\/\/rcrcconference.org\/wp-content\/uploads\/2017\/09\/CD-17-11-RFL-Background-Report_ES.pdf\" target=\"_blank\">Informe\u00a0de antecedentes<\/a>\u00a0(CD\/17\/11)<br><br><strong>Derecho internacional humanitario<\/strong><br><a rel=\"noreferrer noopener\" href=\"http:\/\/rcrcconference.org\/wp-content\/uploads\/2017\/08\/CoD-17-Resolution-10-International-Humanitarian-Law_SP.pdf\" target=\"_blank\">Resoluci\u00f3n aprobada<\/a>\u00a0(CD\/17\/R10)<br><a rel=\"noreferrer noopener\" href=\"http:\/\/rcrcconference.org\/wp-content\/uploads\/2017\/09\/CD-17-12.1_IHL_Background-Report-Part-1_es1.pdf\" target=\"_blank\">Informe\u00a0 de antecedentes parte I<\/a>\u00a0(CD\/17\/12.1)<br><a rel=\"noreferrer noopener\" href=\"http:\/\/rcrcconference.org\/wp-content\/uploads\/2017\/09\/CD-17-12.2-_IHL-Background-Report_Part2_es.pdf\" target=\"_blank\">Informe de antecedentes parte II\u00a0<\/a>(CD\/17\/12.2)<br><br><strong>El Poder de Humanidad<\/strong><br><a rel=\"noreferrer noopener\" href=\"http:\/\/rcrcconference.org\/wp-content\/uploads\/2017\/11\/CoD-Omnibus-Resolution-11-Power-of-Humanity_SP.pdf\" target=\"_blank\">Resoluci\u00f3n aprobada<\/a>\u00a0(CD\/17\/R11)<br><br><strong>Fortalecimiento de la equidad de g\u00e9nero y la igualdad de oportunidades en los \u00f3rganos de direcci\u00f3n y en la labor del Movimiento Internacional de la Cruz Roja y de la Media Luna Roja<\/strong><br><a rel=\"noreferrer noopener\" href=\"http:\/\/rcrcconference.org\/wp-content\/uploads\/2017\/11\/S_171110_011-CoD17-Resolution-12-Gender_REV3_SP_ADOPTED_13_11_2017.pdf\" target=\"_blank\">Resoluci\u00f3n aprobada<\/a>\u00a0(CD\/17\/R12) \t\t\t\t\t\t\t<\/div>\n\t\t\t\t\t\t<\/li>\n\t\t\t\t\t\t\t\t\t\t\t<li class=\"accordion__item\">\n\t\t\t\t\t\t\t<div class=\"accordion__title\">\n\t\t\t\t\t\t\t\t<h4>Actas resumidas<\/h4>\n\t\t\t\t\t\t\t<\/div>\n\t\t\t\t\t\t\t<div class=\"accordion__content\">\n\t\t\t\t\t\t\t\t<a href=\"https:\/\/rcrcconference.org\/app\/uploads\/2021\/03\/Council-of-Delegates-2017-summary-record-FINAL-ES.pdf\" target=\"_blank\" rel=\"noreferrer noopener\" aria-label=\"Actas resumidas (opens in a new tab)\">Actas resumidas<\/a>\t\t\t\t\t\t\t<\/div>\n\t\t\t\t\t\t<\/li>\n\t\t\t\t\t\t\t\t\t<\/ul>\n\t\t\t\t\t<\/div>\n\t<\/div>\n<\/section>\n","protected":false},"excerpt":{"rendered":"","protected":false},"author":1,"featured_media":1867,"parent":2503,"menu_order":0,"comment_status":"closed","ping_status":"closed","template":"page-anchor-menu.php","meta":{"_acf_changed":false,"footnotes":""},"class_list":["post-3039","page","type-page","status-publish","has-post-thumbnail","hentry"],"acf":[],"_links":{"self":[{"href":"https:\/\/rcrcconference.org\/es\/wp-json\/wp\/v2\/pages\/3039"}],"collection":[{"href":"https:\/\/rcrcconference.org\/es\/wp-json\/wp\/v2\/pages"}],"about":[{"href":"https:\/\/rcrcconference.org\/es\/wp-json\/wp\/v2\/types\/page"}],"author":[{"embeddable":true,"href":"https:\/\/rcrcconference.org\/es\/wp-json\/wp\/v2\/users\/1"}],"replies":[{"embeddable":true,"href":"https:\/\/rcrcconference.org\/es\/wp-json\/wp\/v2\/comments?post=3039"}],"version-history":[{"count":6,"href":"https:\/\/rcrcconference.org\/es\/wp-json\/wp\/v2\/pages\/3039\/revisions"}],"predecessor-version":[{"id":28225,"href":"https:\/\/rcrcconference.org\/es\/wp-json\/wp\/v2\/pages\/3039\/revisions\/28225"}],"up":[{"embeddable":true,"href":"https:\/\/rcrcconference.org\/es\/wp-json\/wp\/v2\/pages\/2503"}],"wp:featuredmedia":[{"embeddable":true,"href":"https:\/\/rcrcconference.org\/es\/wp-json\/wp\/v2\/media\/1867"}],"wp:attachment":[{"href":"https:\/\/rcrcconference.org\/es\/wp-json\/wp\/v2\/media?parent=3039"}],"curies":[{"name":"wp","href":"https:\/\/api.w.org\/{rel}","templated":true}]}}