{"id":19134,"date":"2021-10-19T15:41:08","date_gmt":"2021-10-19T15:41:08","guid":{"rendered":"https:\/\/rcrcconference.org\/workshops\/"},"modified":"2022-10-10T14:52:10","modified_gmt":"2022-10-10T14:52:10","slug":"workshops","status":"publish","type":"page","link":"https:\/\/rcrcconference.org\/es\/about-2\/2022-consejo-de-delegados\/workshops\/","title":{"rendered":"Reuni\u00f3n del Consejo de Delegados 2022 &#8211; Seminarios pr\u00e1cticos"},"content":{"rendered":"\n<section class=\"single-link\" style=\"background-color: #AE0F0A\" aria-label=\"Single link section\">\n\t<div class=\"container\">\n\t\t<div class=\"single-link__inner\">\n\t\t\t\t\t\t\t<div class=\"single-link__title\">\n\t\t\t\t\t<h2>\u201cEl sendero hacia el Consejo de Delegados\u201d<\/h2>\n\t\t\t\t<\/div>\n\t\t\t\t\t<\/div>\n\t<\/div>\n<\/section>\n\n\n<section class=\"about\">\n\t<div class=\"container\">\n\t\t\t\t<div class=\"about__inner\">\n\t\t\t\t\t\t\t<div class=\"about__title\">\n\t\t\t\t\t<h3>Entre enero y mayo de 2022, tuvieron lugar diversos seminarios en l\u00ednea con miras a la reuni\u00f3n del Consejo de Delegados &#8211; 2022 <\/h3>\n\t\t\t\t<\/div>\n\t\t\t\t\t\t\t\t\t\t<div class=\"about__content\">\n\t\t\t\t\tLos seminarios pr\u00e1cticos estuvieron destinados a complementar el orden del d\u00eda del Consejo de Delegados mediante deliberaciones de car\u00e1cter oficioso y exploratorio sobre importantes temas humanitarios de actualidad. Brindaron la oportunidad de di\u00e1logo entre los componentes del Movimiento y permitieron plantear enfoques ilustrativos que permitieron abordar con \u00e9xito cuestiones humanitarias y que pueden ser fuente de mutua inspiraci\u00f3n y aprendizaje. Una s\u00edntesis de los principales elementos y resultados de los seminarios pr\u00e1cticos se dio a conocer en la sesi\u00f3n plenaria del Consejo de Delegados y constar\u00e1 reflejada en las actas resumidas. \t\t\t\t<\/div>\n\t\t\t\t\t<\/div>\n\t<\/div>\n<\/section>\n\n\n\n<figure class=\"wp-block-embed-youtube aligncenter wp-block-embed is-type-video is-provider-youtube wp-embed-aspect-16-9 wp-has-aspect-ratio\"><div class=\"wp-block-embed__wrapper\">\n<iframe loading=\"lazy\" title=\"Council of Delegates 2022 - Outcomes of the online workshops\" width=\"500\" height=\"281\" src=\"https:\/\/www.youtube.com\/embed\/DXeb2yQzcKM?feature=oembed\" frameborder=\"0\" allow=\"accelerometer; autoplay; clipboard-write; encrypted-media; gyroscope; picture-in-picture; web-share\" referrerpolicy=\"strict-origin-when-cross-origin\" allowfullscreen><\/iframe>\n<\/div><\/figure>\n\n\n\n<div class=\"wp-block-image\"><figure class=\"aligncenter size-large\"><img loading=\"lazy\" decoding=\"async\" width=\"1024\" height=\"768\" src=\"https:\/\/rcrcconference.org\/app\/uploads\/2021\/12\/CoD22-Workshops-schedule-25Nov21-ES-1024x768.jpg\" alt=\"\" class=\"wp-image-19591\" srcset=\"https:\/\/rcrcconference.org\/app\/uploads\/2021\/12\/CoD22-Workshops-schedule-25Nov21-ES-1024x768.jpg 1024w, https:\/\/rcrcconference.org\/app\/uploads\/2021\/12\/CoD22-Workshops-schedule-25Nov21-ES-300x225.jpg 300w, https:\/\/rcrcconference.org\/app\/uploads\/2021\/12\/CoD22-Workshops-schedule-25Nov21-ES-768x576.jpg 768w, https:\/\/rcrcconference.org\/app\/uploads\/2021\/12\/CoD22-Workshops-schedule-25Nov21-ES.jpg 1344w\" sizes=\"(max-width: 1024px) 100vw, 1024px\" \/><\/figure><\/div>\n\n\n\n<section class=\"wp-block-red-cross-block-red-cross-text-block about\"><div class=\"container\"><div class=\"about__inner\"><div class=\"about__title\"><h3>Programa<\/h3><\/div><div class=\"about__content\">&#8211; <a rel=\"noreferrer noopener\" aria-label=\"Programa de seminarios pr\u00e1cticos en l\u00ednea  (opens in a new tab)\" href=\"https:\/\/rcrcconference.org\/app\/uploads\/2022\/01\/CoD2022-Workshops-Programme_Final_rev-ES.pdf\" target=\"_blank\">Programa de seminarios pr\u00e1cticos en l\u00ednea <\/a><br\/><a rel=\"noreferrer noopener\" aria-label=\"- Horario de seminarios pr\u00e1cticos en formato pdf  (opens in a new tab)\" href=\"https:\/\/rcrcconference.org\/app\/uploads\/2021\/12\/CoD22-Workshops-schedule-25Nov21-ES.pdf\" target=\"_blank\">&#8211; Horario de seminarios pr\u00e1cticos en formato pdf <\/a><br\/><a rel=\"noreferrer noopener\" href=\"https:\/\/rcrcconference.org\/app\/uploads\/2021\/12\/Standing-Commission-workshop-invitation-ES.pdf\" target=\"_blank\">&#8211; Invitaci\u00f3n oficial de la Comisi\u00f3n Permanente <\/a><\/div><\/div><\/div><\/section>\n\n\n\t<div class=\"container\">\n\t\t<div class=\"accordion-block__title-over\">\n\t\t\t<h2>Lista de seminarios pr\u00e1cticos<\/h2>\n\t\t<\/div>\n\t<\/div>\n<section class=\"about\" style=\"background-color: #A0A0A0; color: #000000\">\n\t<div class=\"container\">\n\t\t<div class=\"about__inner\">\n\t\t\t\t\t\t\t<div class=\"about__title\">\n\t\t\t\t\t<h3>QU\u00c9 HACEMOS: atender necesidades y vulnerabilidades a nivel mundial y local<\/h3>\n\t\t\t\t<\/div>\n\t\t\t\t\t\t\t\t\t\t<ul class=\"accordion\">\n\t\t\t\t\t\t\t\t\t\t\t<li class=\"accordion__item\">\n\t\t\t\t\t\t\t<div class=\"accordion__title\">\n\t\t\t\t\t\t\t\t<h4>Medidas y reg\u00edmenes de sanciones contra el terrorismo: sus efectos para la acci\u00f3n humanitaria basada en principios <\/h4>\n\t\t\t\t\t\t\t<\/div>\n\t\t\t\t\t\t\t<div class=\"accordion__content\">\n\t\t\t\t\t\t\t\t<strong>Jueves 20 de enero de 2022<br><\/strong><a rel=\"noreferrer noopener\" aria-label=\"- S\u00edntesis  \n (opens in a new tab)\" href=\"https:\/\/rcrcconference.org\/app\/uploads\/2021\/11\/CoD22-WS-Outline-Counterterrorism-and-Sanctions-ES.pdf\" target=\"_blank\"><strong>&#8211; S\u00edntesis<\/strong> <\/a><br><strong>&#8211; <a href=\"https:\/\/rcrcconference.org\/app\/uploads\/2022\/10\/CoD22-WS1-Counterterrorism-Report-ES.pdf\" target=\"_blank\" rel=\"noreferrer noopener\" aria-label=\"Informe de s\u00edntesis    (opens in a new tab)\">Informe de s\u00edntesis   <\/a><\/strong>\t\t\t\t\t\t\t<\/div>\n\t\t\t\t\t\t<\/li>\n\t\t\t\t\t\t\t\t\t\t\t<li class=\"accordion__item\">\n\t\t\t\t\t\t\t<div class=\"accordion__title\">\n\t\t\t\t\t\t\t\t<h4>Hacia una posici\u00f3n del Movimiento sobre sistemas de armas aut\u00f3nomos <\/h4>\n\t\t\t\t\t\t\t<\/div>\n\t\t\t\t\t\t\t<div class=\"accordion__content\">\n\t\t\t\t\t\t\t\t<strong>Jueves 3 de febrero de 2022<br><\/strong><a rel=\"noreferrer noopener\" aria-label=\"- S\u00edntesis    (opens in a new tab)\" href=\"https:\/\/rcrcconference.org\/app\/uploads\/2021\/11\/CoD22-WS-Outline-Autonomous-Weapons_ES.pdf\" target=\"_blank\"><strong>&#8211; S\u00edntesis<\/strong>   <\/a><br><strong>&#8211; <a rel=\"noreferrer noopener\" aria-label=\"Informe de s\u00edntesis (opens in a new tab)\" href=\"https:\/\/rcrcconference.org\/app\/uploads\/2022\/10\/CoD22-WS2-Autonomous-Weapon-Systems-report_ES.pdf\" target=\"_blank\">Informe de s\u00edntesis<\/a>   <\/strong> \t\t\t\t\t\t\t<\/div>\n\t\t\t\t\t\t<\/li>\n\t\t\t\t\t\t\t\t\t\t\t<li class=\"accordion__item\">\n\t\t\t\t\t\t\t<div class=\"accordion__title\">\n\t\t\t\t\t\t\t\t<h4>La Protecci\u00f3n en el Movimiento<\/h4>\n\t\t\t\t\t\t\t<\/div>\n\t\t\t\t\t\t\t<div class=\"accordion__content\">\n\t\t\t\t\t\t\t\t<strong>Martes 12 de abril de 2022<\/strong><br><a rel=\"noreferrer noopener\" aria-label=\"-  S\u00edntesis  (opens in a new tab)\" href=\"https:\/\/rcrcconference.org\/app\/uploads\/2021\/11\/CoD22-WS-Outline-Protection-in-the-Movement_ES.pdf\" target=\"_blank\">&#8211;  <strong>S\u00edntesis<\/strong> <\/a><br> <strong>&#8211; <a rel=\"noreferrer noopener\" aria-label=\"Informe de s\u00edntesis  (opens in a new tab)\" href=\"https:\/\/rcrcconference.org\/app\/uploads\/2022\/10\/CoD22-WS5-Protection-in-the-Movement-report_ES.pdf\" target=\"_blank\">Informe de s\u00edntesis <\/a>  <\/strong> \t\t\t\t\t\t\t<\/div>\n\t\t\t\t\t\t<\/li>\n\t\t\t\t\t\t\t\t\t\t\t<li class=\"accordion__item\">\n\t\t\t\t\t\t\t<div class=\"accordion__title\">\n\t\t\t\t\t\t\t\t<h4>Enfoque del Movimiento en materia de educaci\u00f3n <\/h4>\n\t\t\t\t\t\t\t<\/div>\n\t\t\t\t\t\t\t<div class=\"accordion__content\">\n\t\t\t\t\t\t\t\t <strong>Jueves 5 de mayo de 2022<\/strong><br>&#8211;  <strong><a rel=\"noreferrer noopener\" aria-label=\"S\u00edntesis (opens in a new tab)\" href=\"https:\/\/rcrcconference.org\/app\/uploads\/2022\/01\/CoD22-WS-outline-Humanitarian-Education-ES.pdf\" target=\"_blank\">S\u00edntesis<\/a><\/strong><br> <strong>&#8211; <\/strong><a rel=\"noreferrer noopener\" aria-label=\"Informe de s\u00edntesis     (opens in a new tab)\" href=\"https:\/\/rcrcconference.org\/app\/uploads\/2022\/10\/CoD22-WS7-Movement-approach-to-education-report_ES.pdf\" target=\"_blank\"><strong>Informe de s\u00edntesis   <\/strong> <\/a>\t\t\t\t\t\t\t<\/div>\n\t\t\t\t\t\t<\/li>\n\t\t\t\t\t\t\t\t\t<\/ul>\n\t\t\t\t\t<\/div>\n\t<\/div>\n<\/section>\n\n\n<section class=\"about\" style=\"background-color: #A0A0A0; color: #000000\">\n\t<div class=\"container\">\n\t\t<div class=\"about__inner\">\n\t\t\t\t\t\t\t<div class=\"about__title\">\n\t\t\t\t\t<h3>C\u00d3MO TRABAJAMOS: rendici\u00f3n de cuentas, transparencia, unidad y sostenibilidad del Movimiento<\/h3>\n\t\t\t\t<\/div>\n\t\t\t\t\t\t\t\t\t\t<ul class=\"accordion\">\n\t\t\t\t\t\t\t\t\t\t\t<li class=\"accordion__item\">\n\t\t\t\t\t\t\t<div class=\"accordion__title\">\n\t\t\t\t\t\t\t\t<h4>Centro de Obtenci\u00f3n de Fondos Virtual 2.0: compromiso con el crecimiento <\/h4>\n\t\t\t\t\t\t\t<\/div>\n\t\t\t\t\t\t\t<div class=\"accordion__content\">\n\t\t\t\t\t\t\t\t<strong>Jueves 3 de marzo de 2022<br>&#8211; <\/strong><a rel=\"noreferrer noopener\" aria-label=\"S\u00edntesis  (opens in a new tab)\" href=\"https:\/\/rcrcconference.org\/app\/uploads\/2021\/11\/CoD22-WS-Outline-Resource-Mobilization_ES.pdf\" target=\"_blank\"><strong>S\u00edntesis<\/strong> <\/a><br> <strong>&#8211; <a rel=\"noreferrer noopener\" aria-label=\"Informe de s\u00edntesis (opens in a new tab)\" href=\"https:\/\/rcrcconference.org\/app\/uploads\/2022\/10\/CoD22-WS3-Virtual-Fundraising-Hub-report_ES.pdf\" target=\"_blank\">Informe de s\u00edntesis<\/a>   <\/strong> \t\t\t\t\t\t\t<\/div>\n\t\t\t\t\t\t<\/li>\n\t\t\t\t\t\t\t\t\t\t\t<li class=\"accordion__item\">\n\t\t\t\t\t\t\t<div class=\"accordion__title\">\n\t\t\t\t\t\t\t\t<h4>Medios para la edificaci\u00f3n de un Movimiento Internacional de la Cruz Roja y de la Media Luna Roja exento de racismo, xenofobia y discriminaci\u00f3n.<\/h4>\n\t\t\t\t\t\t\t<\/div>\n\t\t\t\t\t\t\t<div class=\"accordion__content\">\n\t\t\t\t\t\t\t\t<strong>Jueves 31 de marzo de 2022<\/strong><br>&#8211;  <a rel=\"noreferrer noopener\" aria-label=\" (opens in a new tab)\" href=\"https:\/\/rcrcconference.org\/app\/uploads\/2021\/11\/CoD22-WS-Outline-Diversity-ES.pdf\" target=\"_blank\"><strong>S\u00edntesis<\/strong> <\/a> <br> <strong>&#8211; <a rel=\"noreferrer noopener\" aria-label=\"Informe de s\u00edntesis (opens in a new tab)\" href=\"https:\/\/rcrcconference.org\/app\/uploads\/2022\/10\/CoD22-WS4-discrimation-report-ES.pdf\" target=\"_blank\">Informe de s\u00edntesis<\/a>   <\/strong> \t\t\t\t\t\t\t<\/div>\n\t\t\t\t\t\t<\/li>\n\t\t\t\t\t\t\t\t\t\t\t<li class=\"accordion__item\">\n\t\t\t\t\t\t\t<div class=\"accordion__title\">\n\t\t\t\t\t\t\t\t<h4>Intensificaci\u00f3n de la acci\u00f3n local: Inversi\u00f3n en Sociedades Nacionales sostenibles y s\u00f3lidas <\/h4>\n\t\t\t\t\t\t\t<\/div>\n\t\t\t\t\t\t\t<div class=\"accordion__content\">\n\t\t\t\t\t\t\t\t<strong>Jueves 28 de abril de 2022<\/strong><br>&#8211;  <strong><a rel=\"noreferrer noopener\" aria-label=\"S\u00edntesis (opens in a new tab)\" href=\"https:\/\/rcrcconference.org\/app\/uploads\/2022\/02\/CoD22-WS-Outline-Investing-in-NSs_ES.pdf\" target=\"_blank\">S\u00edntesis<\/a><\/strong><a rel=\"noreferrer noopener\" href=\"https:\/\/rcrcconference.org\/app\/uploads\/2021\/11\/CoD22-WS-Outline-Diversity-ES.pdf\" target=\"_blank\"> <\/a> <br> <strong>&#8211; <a rel=\"noreferrer noopener\" aria-label=\"Informe de s\u00edntesis (opens in a new tab)\" href=\"https:\/\/rcrcconference.org\/app\/uploads\/2022\/10\/CoD22-WS6-Local-Action-Report-ES.pdf\" target=\"_blank\">Informe de s\u00edntesis<\/a>   <\/strong> \t\t\t\t\t\t\t<\/div>\n\t\t\t\t\t\t<\/li>\n\t\t\t\t\t\t\t\t\t\t\t<li class=\"accordion__item\">\n\t\t\t\t\t\t\t<div class=\"accordion__title\">\n\t\t\t\t\t\t\t\t<h4>Fortalecer la integridad en el seno del Movimiento<\/h4>\n\t\t\t\t\t\t\t<\/div>\n\t\t\t\t\t\t\t<div class=\"accordion__content\">\n\t\t\t\t\t\t\t\t<strong>Martes<\/strong> <strong> 10 de mayo de 2022<\/strong><br>&#8211;  <a rel=\"noreferrer noopener\" aria-label=\"S\u00edntesis  (opens in a new tab)\" href=\"https:\/\/rcrcconference.org\/app\/uploads\/2022\/01\/CoD22-WS-outline-Integrity-ES.pdf\" target=\"_blank\"><strong>S\u00edntesis<\/strong> <\/a><br> <strong>&#8211; <a rel=\"noreferrer noopener\" aria-label=\"Informe de s\u00edntesis (opens in a new tab)\" href=\"https:\/\/rcrcconference.org\/app\/uploads\/2022\/10\/CoD22-WS8-Integrity-report-ES.pdf\" target=\"_blank\">Informe de s\u00edntesis<\/a>   <\/strong> \t\t\t\t\t\t\t<\/div>\n\t\t\t\t\t\t<\/li>\n\t\t\t\t\t\t\t\t\t\t\t<li class=\"accordion__item\">\n\t\t\t\t\t\t\t<div class=\"accordion__title\">\n\t\t\t\t\t\t\t\t<h4>Inversi\u00f3n en la comunicaci\u00f3n: ning\u00fan riesgo, con grandes beneficios.<\/h4>\n\t\t\t\t\t\t\t<\/div>\n\t\t\t\t\t\t\t<div class=\"accordion__content\">\n\t\t\t\t\t\t\t\t<strong>Jueves 19 de mayo de 2022<\/strong> <br><a rel=\"noreferrer noopener\" aria-label=\"-  S\u00edntesis  (opens in a new tab)\" href=\"https:\/\/rcrcconference.org\/app\/uploads\/2021\/11\/CoD22-WS-outline-Communication-ES.pdf\" target=\"_blank\">&#8211;  <strong>S\u00edntesis<\/strong> <\/a><br> <strong>&#8211; <a rel=\"noreferrer noopener\" aria-label=\"Informe de s\u00edntesis (opens in a new tab)\" href=\"https:\/\/rcrcconference.org\/app\/uploads\/2022\/10\/CoD22-WS9-investing-in-communication-report-ES.pdf\" target=\"_blank\">Informe de s\u00edntesis<\/a>   <\/strong> \t\t\t\t\t\t\t<\/div>\n\t\t\t\t\t\t<\/li>\n\t\t\t\t\t\t\t\t\t<\/ul>\n\t\t\t\t\t<\/div>\n\t<\/div>\n<\/section>\n","protected":false},"excerpt":{"rendered":"","protected":false},"author":408,"featured_media":19113,"parent":17165,"menu_order":0,"comment_status":"closed","ping_status":"closed","template":"","meta":{"_acf_changed":false,"footnotes":""},"class_list":["post-19134","page","type-page","status-publish","has-post-thumbnail","hentry"],"acf":[],"_links":{"self":[{"href":"https:\/\/rcrcconference.org\/es\/wp-json\/wp\/v2\/pages\/19134"}],"collection":[{"href":"https:\/\/rcrcconference.org\/es\/wp-json\/wp\/v2\/pages"}],"about":[{"href":"https:\/\/rcrcconference.org\/es\/wp-json\/wp\/v2\/types\/page"}],"author":[{"embeddable":true,"href":"https:\/\/rcrcconference.org\/es\/wp-json\/wp\/v2\/users\/408"}],"replies":[{"embeddable":true,"href":"https:\/\/rcrcconference.org\/es\/wp-json\/wp\/v2\/comments?post=19134"}],"version-history":[{"count":26,"href":"https:\/\/rcrcconference.org\/es\/wp-json\/wp\/v2\/pages\/19134\/revisions"}],"predecessor-version":[{"id":23160,"href":"https:\/\/rcrcconference.org\/es\/wp-json\/wp\/v2\/pages\/19134\/revisions\/23160"}],"up":[{"embeddable":true,"href":"https:\/\/rcrcconference.org\/es\/wp-json\/wp\/v2\/pages\/17165"}],"wp:featuredmedia":[{"embeddable":true,"href":"https:\/\/rcrcconference.org\/es\/wp-json\/wp\/v2\/media\/19113"}],"wp:attachment":[{"href":"https:\/\/rcrcconference.org\/es\/wp-json\/wp\/v2\/media?parent=19134"}],"curies":[{"name":"wp","href":"https:\/\/api.w.org\/{rel}","templated":true}]}}