{"id":11131,"date":"2019-11-07T19:38:34","date_gmt":"2019-11-07T19:38:34","guid":{"rendered":"https:\/\/rcrcconference.org\/shifting-vulnerabilities\/"},"modified":"2020-10-08T14:23:53","modified_gmt":"2020-10-08T14:23:53","slug":"evolucion-de-las-vulnerabilidades","status":"publish","type":"page","link":"https:\/\/rcrcconference.org\/es\/about\/33rd-international-conference\/evolucion-de-las-vulnerabilidades\/","title":{"rendered":"Evoluci\u00f3n de las vulnerabilidades"},"content":{"rendered":"\n<section class=\"wp-block-red-cross-block-red-cross-text-block about\"><div class=\"container\"><div class=\"about__inner\"><div class=\"about__title\"><h3><\/h3><\/div><div class=\"about__content\">El segundo d\u00eda de la Conferencia Internacional, se analizaron los cambios \u2014en cuanto a la tecnolog\u00eda, el clima, la demograf\u00eda, as\u00ed como la distribuci\u00f3n y los movimientos poblacionales\u2014 que redefinen el mundo en el que vivimos. Estos cambios son complejos, se relacionan entre s\u00ed y afectan a millones de personas. Ofrecen nuevas oportunidades y, a la vez, generan nuevos riesgos y desaf\u00edos. <\/div><\/div><\/div><\/section>\n\n\n\n<figure class=\"wp-block-embed-youtube aligncenter wp-block-embed is-type-video is-provider-youtube wp-embed-aspect-16-9 wp-has-aspect-ratio\"><div class=\"wp-block-embed__wrapper\">\n<iframe loading=\"lazy\" title=\"Vulnerabilidades cambiantes en la 33\u00aa Conferencia Internacional de la RCRC\" width=\"500\" height=\"281\" src=\"https:\/\/www.youtube.com\/embed\/GrEjMnhBoKk?feature=oembed\" frameborder=\"0\" allow=\"accelerometer; autoplay; clipboard-write; encrypted-media; gyroscope; picture-in-picture; web-share\" referrerpolicy=\"strict-origin-when-cross-origin\" allowfullscreen><\/iframe>\n<\/div><\/figure>\n\n\n<section class=\"accordion-block\" style=\"background-color: #8C8C8C; color: #ffffff\" role=\"region\" aria-label=\"Pedges accordion block\">\n\t\t\t<div class=\"accordion-block__title\" role=\"heading\" aria-level=\"3\">\n\t\t\t<h3>Esta comisi\u00f3n ofreci\u00f3 sesiones plenarias de apertura y cierre, as\u00ed como las siguientes seis sesiones especiales, denominadas \u00abEn el candelero\u00bb.<\/h3>\n\t\t<\/div>\n\t\t\t\t<ul class=\"accordion\">\n\t\t\t\t\t\t\t<li class=\"accordion__item\">\n\t\t\t\t\t<div class=\"accordion__title\" role=\"button\" aria-expanded=\"false\" aria-label=\"1.\tEl papel de los voluntarios en la salud comunitaria\">\n\t\t\t\t\t\t<h3 class=\"accordion__title-h4\">1.\tEl papel de los voluntarios en la salud comunitaria<\/h3>\n\t\t\t\t\t<\/div>\n\t\t\t\t\t<div class=\"accordion__content\" role=\"region\" hidden>\n\t\t\t\t\t\t Esta sesi\u00f3n gir\u00f3 en torno de los cambios en el papel de los voluntarios en la salud comunitaria. Se analiz\u00f3 su funci\u00f3n esencial en la atenci\u00f3n de las necesidades emergentes de salud, incluida la detecci\u00f3n de epidemias y pandemias, as\u00ed como la respuesta a ellas. Se abog\u00f3 por un mayor apoyo y un cambio de enfoque con m\u00e1s \u00e9nfasis en los sistemas de salud comunitaria frente a los sistemas oficiales de salud. Se subray\u00f3 la importancia \u2014para la labor de prevenci\u00f3n, preparaci\u00f3n, respuesta y recuperaci\u00f3n\u2014 de hacer part\u00edcipes a las comunidades y los actores locales, y de que esa participaci\u00f3n sea a largo plazo, coordinada, coherente y sostenida.<br> Documentos relacionados:<br> \u00b7\u00a0\u00a0\u00a0\u00a0\u00a0\u00a0 Resoluci\u00f3n 3,<strong> \u00ab<\/strong><a rel=\"noreferrer noopener\" href=\"https:\/\/rcrcconference.org\/app\/uploads\/2019\/12\/33IC_R3-Epidemic_Pandemic-resolution-adopted-final-ES.pdf\" target=\"_blank\"><strong>El momento de actuar:<\/strong><\/a><strong> <\/strong><a rel=\"noreferrer noopener\" href=\"https:\/\/rcrcconference.org\/app\/uploads\/2019\/12\/33IC_R3-Epidemic_Pandemic-resolution-adopted-final-ES.pdf\" target=\"_blank\"><strong>juntos en la lucha ante epidemias y pandemias<\/strong><\/a>\u00bb (33IC\/19\/R3) y su documento de antecedentes (33IC\/19\/12.3).<br> \u00b7\u00a0\u00a0\u00a0\u00a0\u00a0\u00a0 Promesa tipo: \u00abJuntos en la lucha ante epidemias y pandemias\u00bb.<br> \u00b7\u00a0\u00a0\u00a0\u00a0\u00a0\u00a0 <a rel=\"noreferrer noopener\" href=\"https:\/\/media.ifrc.org\/ifrc\/wp-content\/uploads\/sites\/5\/2019\/07\/20190705-DRC_EbolaResponse-MarketingHandOut.pdf\" target=\"_blank\"><em>Responding to the second deadliest Ebola outbreak in history<\/em><\/a> (disponible \u00fanicamente en ingl\u00e9s).<br> \u00b7\u00a0\u00a0\u00a0\u00a0\u00a0\u00a0 <a rel=\"noreferrer noopener\" href=\"http:\/\/apps.who.int\/gpmb\/assets\/thematic_papers\/tr-5.pdf\" target=\"_blank\"><em>From words to action: Towards a community-centred approach to preparedness and response in health emergencies<\/em><\/a> (disponible \u00fanicamente en ingl\u00e9s). \t\t\t\t\t<\/div>\n\t\t\t\t<\/li>\n\t\t\t\t\t\t\t<li class=\"accordion__item\">\n\t\t\t\t\t<div class=\"accordion__title\" role=\"button\" aria-expanded=\"false\" aria-label=\"2.\tLas consecuencias humanitarias de la crisis clim\u00e1tica\n\">\n\t\t\t\t\t\t<h3 class=\"accordion__title-h4\">2.\tLas consecuencias humanitarias de la crisis clim\u00e1tica\n<\/h3>\n\t\t\t\t\t<\/div>\n\t\t\t\t\t<div class=\"accordion__content\" role=\"region\" hidden>\n\t\t\t\t\t\tLos efectos del cambio clim\u00e1tico pueden sentirse aqu\u00ed y ahora: todos somos testigos del aumento en la frecuencia, la intensidad y la imprevisibilidad de los fen\u00f3menos meteorol\u00f3gicos extremos. El clima no es un tema del futuro, sino una cuesti\u00f3n que concierne hoy a todo el Movimiento Internacional de la Cruz Roja y de la Media Luna Roja. En esta sesi\u00f3n, se analizaron los efectos del cambio clim\u00e1tico desde el punto de vista humanitario, as\u00ed como los principales retos y las oportunidades que genera. Tambi\u00e9n se identificaron medidas que cabe adoptar hoy para la intensificaci\u00f3n de actividades conjuntas y el fomento del compromiso a fin de atender la situaci\u00f3n, por ejemplo, mediante asociaciones.<br><br> Documentos relacionados: <br> \u00b7\u00a0\u00a0\u00a0\u00a0\u00a0\u00a0 Resoluci\u00f3n 7, \u00ab<a rel=\"noreferrer noopener\" href=\"https:\/\/rcrcconference.org\/app\/uploads\/2019\/12\/33IC_R7-Disaster-Law-resolution-adopted-final-ES.pdf\" target=\"_blank\">Normas jur\u00eddicas y pol\u00edticas aplicables en casos de desastre que contemplan factores clim\u00e1ticos, sin dejar a nadie rezagado<\/a><strong>\u00ab<\/strong>(33IC\/19\/R7) <a rel=\"noreferrer noopener\" href=\"https:\/\/rcrcconference.org\/app\/uploads\/2019\/10\/33IC_12.5-Disaster-Law-background-doc-final-ES.pdf\" target=\"_blank\"><strong>y su documento de antecedentes <\/strong><\/a>(33IC\/19\/12.5).<br> \u00b7\u00a0\u00a0\u00a0\u00a0\u00a0\u00a0 Promesa tipo: \u00abFortalecimiento de la gesti\u00f3n del riesgo de desastres que contemple factores clim\u00e1ticos, e incremento de la acci\u00f3n clim\u00e1tica\u00bb.<br> \u00b7\u00a0\u00a0\u00a0\u00a0\u00a0\u00a0 <em>Framework for C<\/em><a rel=\"noreferrer noopener\" href=\"http:\/\/www.climatecentre.org\/downloads\/files\/CLIMATE%20FRAMEWORK%20FULL.pdf\" target=\"_blank\"><em>limate Action: Towards 2020<\/em><\/a>, Federaci\u00f3n Internacional (documento completo disponible \u00fanicamente en ingl\u00e9s).<br> \u00b7\u00a0\u00a0\u00a0\u00a0\u00a0\u00a0 <a rel=\"noreferrer noopener\" href=\"https:\/\/media.ifrc.org\/ifrc\/wp-content\/uploads\/sites\/5\/2019\/09\/2019-IFRC-CODN-EN.pdf\" target=\"_blank\"><em>The Cost of Doing Nothing<\/em><\/a>, Federaci\u00f3n Internacional, 2019 (disponible \u00fanicamente en ingl\u00e9s).<br> \u00b7\u00a0\u00a0\u00a0\u00a0\u00a0\u00a0 <a rel=\"noreferrer noopener\" href=\"https:\/\/media.ifrc.org\/ifrc\/wp-content\/uploads\/sites\/5\/2019\/10\/IFRC-contribution-to-the-climate-action-summit.pdf\" target=\"_blank\"><em>The IFRC Commitments for the Climate Summit<\/em><\/a>, Federaci\u00f3n Internacional, 2019 (disponible \u00fanicamente en ingl\u00e9s). \t\t\t\t\t<\/div>\n\t\t\t\t<\/li>\n\t\t\t\t\t\t\t<li class=\"accordion__item\">\n\t\t\t\t\t<div class=\"accordion__title\" role=\"button\" aria-expanded=\"false\" aria-label=\"3.\tEdificaci\u00f3n de comunidades urbanas seguras e inclusivas mediante la acci\u00f3n humanitaria en contextos urbanos\n\">\n\t\t\t\t\t\t<h3 class=\"accordion__title-h4\">3.\tEdificaci\u00f3n de comunidades urbanas seguras e inclusivas mediante la acci\u00f3n humanitaria en contextos urbanos\n<\/h3>\n\t\t\t\t\t<\/div>\n\t\t\t\t\t<div class=\"accordion__content\" role=\"region\" hidden>\n\t\t\t\t\t\tLa urbanizaci\u00f3n est\u00e1 definiendo el futuro. Cada vez m\u00e1s personas \u2014muchas de ellas, en situaciones extremas\u2014 viven en ciudades. A ra\u00edz de la pobreza, la marginaci\u00f3n y la desigualdad, se les hace m\u00e1s dif\u00edcil satisfacer sus necesidades. Sumado a ello, como en las ciudades se sienten cada vez m\u00e1s los efectos del cambio clim\u00e1tico, la insuficiencia de los servicios b\u00e1sicos, la saturaci\u00f3n de las capacidades, la guerra y la violencia, el golpe es m\u00e1s duro para los pobres en centros urbanos, ya que son quienes menos capacidad de protegerse tienen. Los habitantes de zonas urbanas tienen diversas necesidades sin atender, tanto de \u00edndole humanitaria como en materia de desarrollo. Este tipo de urbanizaci\u00f3n en pa\u00edses en desarrollo y el ritmo acelerado al que se produce determinan el contexto operacional para todo el Movimiento Internacional de la Cruz Roja y de la Media Luna Roja.<br><br> En esta sesi\u00f3n, se analizaron las consecuencias, en el \u00e1mbito humanitario, de la urbanizaci\u00f3n acelerada, desde una perspectiva mundial hasta una visi\u00f3n comunitaria, as\u00ed como sus repercusiones para la acci\u00f3n humanitaria del Movimiento.<br><br>Documentos relacionados:<br>  \u2022  Promesa tipo: \u00abReducci\u00f3n de vulnerabilidades en comunidades urbanas y contribuci\u00f3n al fomento de ciudades seguras e inclusivas mediante la acci\u00f3n humanitaria sustentada en principios\u00bb. <br> \u2022    <a aria-label=\"Building Urban Resilience Guide, Federaci\u00f3n Internacional de Sociedades de la Cruz Roja y de la Media Luna Roja, 2017  (opens in a new tab)\" rel=\"noreferrer noopener\" href=\"https:\/\/media.ifrc.org\/ifrc\/document\/building-urban-resilience-guide-red-cross-red-crescent-engagement-contribution\/\" target=\"_blank\"><strong>Building Urban Resilience Guide, Federaci\u00f3n Internacional de Sociedades de la Cruz Roja y de la Media Luna Roja, 2017 <\/strong><\/a>(disponible en ingl\u00e9s).<br> \u2022    <a aria-label=\"Coalition Building in Cities, Global Disaster Preparedness Center (opens in a new tab)\" rel=\"noreferrer noopener\" href=\"https:\/\/www.nab.vu\/sites\/default\/files\/documents\/Coalition%20Building%20in%20Coastal%20Cities_global%20briefer_final070716%20v2.pdf\" target=\"_blank\"><strong>Coalition Building in Cities, Global Disaster Preparedness Center<\/strong><\/a> (disponible en ingl\u00e9s).<br> \u2022    <a aria-label=\"Urban Services during Protracted Armed Conflict: a call for a better approach to assisting affected people, CICR, 2015 (opens in a new tab)\" rel=\"noreferrer noopener\" href=\"https:\/\/shop.icrc.org\/urban-services-during-protracted-armed-conflict.html?___store=default&amp;_ga=2.77649364.1735548468.1571907357-1275748521.1560854271\" target=\"_blank\"><strong>Urban Services during Protracted Armed Conflict: a call for a better approach to assisting affected people, CICR, 2015<\/strong><\/a> (disponible en ingl\u00e9s).\t\t\t\t\t<\/div>\n\t\t\t\t<\/li>\n\t\t\t\t\t\t\t<li class=\"accordion__item\">\n\t\t\t\t\t<div class=\"accordion__title\" role=\"button\" aria-expanded=\"false\" aria-label=\"4.\tIntensificaci\u00f3n de la atenci\u00f3n de salud mental y del apoyo psicosocial en las poblaciones afectadas por situaciones de emergencia\">\n\t\t\t\t\t\t<h3 class=\"accordion__title-h4\">4.\tIntensificaci\u00f3n de la atenci\u00f3n de salud mental y del apoyo psicosocial en las poblaciones afectadas por situaciones de emergencia<\/h3>\n\t\t\t\t\t<\/div>\n\t\t\t\t\t<div class=\"accordion__content\" role=\"region\" hidden>\n\t\t\t\t\t\tEsta sesi\u00f3n est\u00e1 destinada a intensificar la sensaci\u00f3n colectiva de urgencia a fin de que los Estados y las Sociedades Nacionales se sientan motivados a redoblar esfuerzos respecto de este tema. Se dejar\u00e1 patentes las consecuencias de la estigmatizaci\u00f3n (discriminaci\u00f3n y exclusi\u00f3n) y se identificar\u00e1 cauces para fortalecer la salud mental y el bienestar psicosocial de quienes trabajan para atender a las necesidades humanitarias.<br> <br> Documentos relacionados:<br> \u00b7\u00a0\u00a0\u00a0\u00a0\u00a0\u00a0 Resoluci\u00f3n 2, \u00abAtenci\u00f3n a las necesidades psicosociales y de salud mental de las personas afectadas por conflictos armados, cat\u00e1strofes naturales y otras emergencias\u00bb (33IC\/19\/R2) y su documento de antecedentes (33IC\/19\/12.2).<br> \u00b7\u00a0\u00a0\u00a0\u00a0\u00a0\u00a0 Promesa tipo: \u00abNecesidades psicosociales y en salud mental: integrar la salud mental y el apoyo psicosocial en la acci\u00f3n humanitaria\u00bb.<br> \u00b7\u00a0\u00a0\u00a0\u00a0\u00a0\u00a0 Promesa tipo: \u00abNecesidades psicosociales y en salud mental: bienestar del personal y de los voluntarios\u00bb.<br> \u00b7\u00a0\u00a0\u00a0\u00a0\u00a0\u00a0 Promesa tipo: \u00abNecesidades psicosociales y en salud mental: fortalecer la capacidad del personal que presta asistencia en salud mental y apoyo psicosocial\u00bb.<br> \u00b7\u00a0\u00a0\u00a0\u00a0\u00a0\u00a0 Promesa tipo: \u00abNecesidades psicosociales y en salud mental: fortalecer la recopilaci\u00f3n de datos, la investigaci\u00f3n, la pr\u00e1ctica basada en la evidencia y el aprendizaje relacionados con la salud mental y el apoyo psicosocial\u00bb.<br> \u00b7\u00a0\u00a0\u00a0\u00a0\u00a0\u00a0 <a rel=\"noreferrer noopener\" href=\"https:\/\/www.who.int\/es\/news-room\/fact-sheets\/detail\/mental-health-in-emergencies\" target=\"_blank\"><strong><em>Salud mental en las emergencias<\/em><\/strong><\/a>, nota descriptiva, OMS, 2019.<br> \u00b7\u00a0\u00a0\u00a0\u00a0\u00a0\u00a0 <a rel=\"noreferrer noopener\" href=\"http:\/\/pscentre.org\/?resource=a-guide-to-psychological-first-aid-for-red-cross-red-crescent-societies\" target=\"_blank\"><strong><em>A Guide to Psychological First Aid<\/em><\/strong><\/a>, Federaci\u00f3n Internacional, 2018 (disponible en ingl\u00e9s, franc\u00e9s y \u00e1rabe).<br> \u00b7\u00a0\u00a0\u00a0\u00a0\u00a0\u00a0 <a rel=\"noreferrer noopener\" href=\"https:\/\/www.icrc.org\/es\/publication\/guia-de-salud-mental-y-apoyo-psicosocial\" target=\"_blank\"><strong><em>Gu\u00eda de salud mental y apoyo psicosocial<\/em><\/strong><\/a>, CICR, 2018. \t\t\t\t\t<\/div>\n\t\t\t\t<\/li>\n\t\t\t\t\t\t\t<li class=\"accordion__item\">\n\t\t\t\t\t<div class=\"accordion__title\" role=\"button\" aria-expanded=\"false\" aria-label=\"5.\tLa acci\u00f3n humanitaria en la era digital\">\n\t\t\t\t\t\t<h3 class=\"accordion__title-h4\">5.\tLa acci\u00f3n humanitaria en la era digital<\/h3>\n\t\t\t\t\t<\/div>\n\t\t\t\t\t<div class=\"accordion__content\" role=\"region\" hidden>\n\t\t\t\t\t\t <br>En esta sesi\u00f3n, se explicaron la importancia y los efectos de la transformaci\u00f3n digital y del uso de las nuevas tecnolog\u00edas en el contexto de la acci\u00f3n humanitaria. Se analiz\u00f3 la manera en la cual el Movimiento, los Estados y otros actores pueden adoptar y mantener un enfoque basado en principios en la era digital, haciendo hincapi\u00e9 en cuestiones relativas a la responsabilidad, la inclusi\u00f3n y la alfabetizaci\u00f3n digitales.<br> Documentos relacionados<br> \u00b7\u00a0\u00a0\u00a0\u00a0\u00a0\u00a0 Resoluci\u00f3n 4, \u00abRestablecimiento del contacto entre familiares en un marco de respeto de la privacidad, incluso en materia de protecci\u00f3n de los datos personales\u00bb (33IC\/19\/R4) y su documento de antecedentes (33IC\/19\/12.4).<br> \u00b7\u00a0\u00a0\u00a0\u00a0\u00a0\u00a0 Promesa tipo: \u00abFortalecimiento de los servicios de Restablecimiento del Contacto entre Familiares (RCF) en el Movimiento de la Cruz Roja y de la Media Luna Roja y la cooperaci\u00f3n entre los componentes del Movimiento y los Estados\u00bb.<br> \u00b7\u00a0\u00a0\u00a0\u00a0\u00a0\u00a0 Promesa tipo: \u00abMarcos nacionales relativos a la privacidad, en materia de protecci\u00f3n de los datos personales\u00bb.<br> \u00b7\u00a0\u00a0\u00a0\u00a0\u00a0\u00a0 <a rel=\"noreferrer noopener\" href=\"https:\/\/www.preparecenter.org\/toolkit\/data-playbook-toolkit\" target=\"_blank\"><strong>Data Playbook<\/strong><\/a> (disponible \u00fanicamente en ingl\u00e9s). <br> <a rel=\"noreferrer noopener\" href=\"https:\/\/shop.icrc.org\/handbook-on-data-protection-in-humanitarian-action.html?___store=default&amp;_ga=2.31230143.1060643702.1570010929-307572606.1551094706\" target=\"_blank\"><strong><em>Handbook on Data Protection in Humanitarian Action<\/em><\/strong><\/a>, CICR, 2017 (disponible \u00fanicamente en ingl\u00e9s). \t\t\t\t\t<\/div>\n\t\t\t\t<\/li>\n\t\t\t\t\t\t\t<li class=\"accordion__item\">\n\t\t\t\t\t<div class=\"accordion__title\" role=\"button\" aria-expanded=\"false\" aria-label=\"6.\tPreservaci\u00f3n de la humanidad en contextos de migraci\u00f3n y desplazamiento interno\">\n\t\t\t\t\t\t<h3 class=\"accordion__title-h4\">6.\tPreservaci\u00f3n de la humanidad en contextos de migraci\u00f3n y desplazamiento interno<\/h3>\n\t\t\t\t\t<\/div>\n\t\t\t\t\t<div class=\"accordion__content\" role=\"region\" hidden>\n\t\t\t\t\t\tEn esta sesi\u00f3n, se procur\u00f3 llamar la atenci\u00f3n acerca de las necesidades humanitarias y los desaf\u00edos relativos a la migraci\u00f3n y al desplazamiento interno. Asimismo, se analiz\u00f3 la funci\u00f3n del Movimiento y las responsabilidades de los Estados ante esas necesidades, con la intenci\u00f3n de promover un mayor sentido de compromiso y la adopci\u00f3n de medidas para la protecci\u00f3n y la asistencia a los desplazados internos y a los migrantes, as\u00ed como el acceso de estos a los servicios b\u00e1sicos y la preservaci\u00f3n del espacio humanitario.<br> \u00a0<br> Documentos relacionados<br> \u00b7\u00a0\u00a0\u00a0\u00a0\u00a0\u00a0\u00a0 Resoluci\u00f3n 3 de la XXXI Conferencia Internacional, \u00abMigraci\u00f3n: acceso, dignidad, respeto por la diversidad e inclusi\u00f3n social\u00bb.<br> <strong>\u00b7\u00a0\u00a0\u00a0\u00a0\u00a0\u00a0\u00a0 <\/strong>Resoluci\u00f3n 8 del Consejo de Delegados celebrado en 2019, \u201cAprobaci\u00f3n de una declaraci\u00f3n del Movimiento sobre los migrantes y el sentido de humanidad compartido\u201d (<a rel=\"noreferrer noopener\" href=\"https:\/\/rcrcconference.org\/app\/uploads\/2019\/12\/190032_es-CD19_R8-Adopted-Migration-Statement_SP_08_12_2019.pdf\" target=\"_blank\">CD\/19 Rea\/R8<\/a><strong>).<\/strong><br> \u00b7\u00a0\u00a0\u00a0\u00a0\u00a0\u00a0\u00a0 Promesa tipo: \u00abFortalecimiento de la intervenci\u00f3n ante el desplazamiento interno\u00bb.<br> \u00b7\u00a0\u00a0\u00a0\u00a0\u00a0\u00a0 Promesa tipo: \u00abReafirmaci\u00f3n del compromiso relativo a la migraci\u00f3n y a nuestra humanidad com\u00fan\u00bb.<br> \u00b7\u00a0\u00a0\u00a0\u00a0\u00a0\u00a0 <a rel=\"noreferrer noopener\" href=\"https:\/\/media.ifrc.org\/ifrc\/wp-content\/uploads\/sites\/5\/2018\/01\/IFRC_StrategyOnMigration_ES_20180116_LR.pdf\" target=\"_blank\"><em>Estrategia mundial de la Federaci\u00f3n Internacional sobre migraci\u00f3n 2018-2022<\/em><\/a><em>.<\/em><br> \u00b7\u00a0\u00a0\u00a0\u00a0\u00a0\u00a0 <a rel=\"noreferrer noopener\" href=\"https:\/\/www.icrc.org\/es\/publication\/personas-desplazadas-en-ciudades-vivir-la-experiencia\" target=\"_blank\"><em>Personas desplazadas en ciudades<\/em><\/a><em>: <\/em><a rel=\"noreferrer noopener\" href=\"https:\/\/www.icrc.org\/es\/publication\/personas-desplazadas-en-ciudades-vivir-la-experiencia\" target=\"_blank\"><em>vivir la experiencia del desplazamiento interno urbano fuera de los campamentos y elaborar una respuesta<\/em><\/a>, CICR, 2018. <br>  \u00b7\u00a0\u00a0\u00a0\u00a0<a rel=\"noreferrer noopener\" href=\"https:\/\/www.icrc.org\/en\/document\/internal-displacement-our-approach-and-strategy-2016-2019\" target=\"_blank\"><em>Internal Displacement Strategy for 2016-2019<\/em><\/a>, CICR (disponible \u00fanicamente en ingl\u00e9s). <br>\t\t\t\t\t<\/div>\n\t\t\t\t<\/li>\n\t\t\t\t\t<\/ul>\n\t<\/section>\n","protected":false},"excerpt":{"rendered":"","protected":false},"author":1,"featured_media":11081,"parent":507,"menu_order":0,"comment_status":"closed","ping_status":"closed","template":"","meta":{"_acf_changed":false,"footnotes":""},"class_list":["post-11131","page","type-page","status-publish","has-post-thumbnail","hentry"],"acf":[],"_links":{"self":[{"href":"https:\/\/rcrcconference.org\/es\/wp-json\/wp\/v2\/pages\/11131"}],"collection":[{"href":"https:\/\/rcrcconference.org\/es\/wp-json\/wp\/v2\/pages"}],"about":[{"href":"https:\/\/rcrcconference.org\/es\/wp-json\/wp\/v2\/types\/page"}],"author":[{"embeddable":true,"href":"https:\/\/rcrcconference.org\/es\/wp-json\/wp\/v2\/users\/1"}],"replies":[{"embeddable":true,"href":"https:\/\/rcrcconference.org\/es\/wp-json\/wp\/v2\/comments?post=11131"}],"version-history":[{"count":8,"href":"https:\/\/rcrcconference.org\/es\/wp-json\/wp\/v2\/pages\/11131\/revisions"}],"predecessor-version":[{"id":16506,"href":"https:\/\/rcrcconference.org\/es\/wp-json\/wp\/v2\/pages\/11131\/revisions\/16506"}],"up":[{"embeddable":true,"href":"https:\/\/rcrcconference.org\/es\/wp-json\/wp\/v2\/pages\/507"}],"wp:featuredmedia":[{"embeddable":true,"href":"https:\/\/rcrcconference.org\/es\/wp-json\/wp\/v2\/media\/11081"}],"wp:attachment":[{"href":"https:\/\/rcrcconference.org\/es\/wp-json\/wp\/v2\/media?parent=11131"}],"curies":[{"name":"wp","href":"https:\/\/api.w.org\/{rel}","templated":true}]}}